{"id":10062,"date":"2020-01-29T10:55:47","date_gmt":"2020-01-29T15:55:47","guid":{"rendered":"https:\/\/nouveau.maisonmallet.com\/?post_type=event&#038;p=10062"},"modified":"2020-03-18T11:20:57","modified_gmt":"2020-03-18T15:20:57","slug":"bellefleur-paul","status":"publish","type":"event","link":"https:\/\/nouveau.maisonmallet.com\/back05_01\/?event=bellefleur-paul","title":{"rendered":"BELLEFLEUR, Paul"},"content":{"rendered":"<p>1944 \u2013 2020<\/p>\n<p>BELLEFLEUR, Paul<\/p>\n<p>&nbsp;<\/p>\n<p>\u00c0 Les chalets du ruisseau \u00e0 Collard (Aguanish), le 29 janvier 2020, est d\u00e9c\u00e9d\u00e9 l\u2019\u00e2ge de 75 ans, monsieur Paul Bellefleur fils de feu Joseph Bellefleur et de feue Marie Mestokosho domicili\u00e9 \u00e0 Natashquan.<\/p>\n<p>Les fun\u00e9railles de monsieur Paul Bellefleur auront lieu \u00e0 une date ult\u00e9rieure.<\/p>\n<p>Selon ses volont\u00e9s il a \u00e9t\u00e9 confi\u00e9 au cr\u00e9matorium de la maison L.J.G. Mallet pour cr\u00e9mation.<\/p>\n<p>La famille recevra parents et amis au Complexe Thanatologique Mallet &amp; fils du 585, boul. Laure Sept-\u00celes \u00e0 une date ult\u00e9rieur.<\/p>\n<p>Il laisse dans le deuil ses filles\u00a0: Solange, Pauline (Remy Bastien) et Nadia, ses petits-fils\u00a0: Bastien (Myriam Coutu-Bacon), Carlo et Tshenapeu (Roxanne Canap\u00e9), ses petites-filles\u00a0: Marie-Christine et Mani-Uapukuan, son arri\u00e8re-petite-fille Dalyanna, ses arri\u00e8re-petits-fils\u00a0: Lennox, Lewis et Kayden ainsi que Roland R\u00e9gis (Jos\u00e9e Gr\u00e9goire), ses s\u0153urs\u00a0: Marie-Agathe, Marie-Ad\u00e8le et Elizabeth (Alain Maloin), ses neveux, ses ni\u00e8ces, ses cousins, ses cousines et de nombreux amis.<\/p>\n<p>La famille a confi\u00e9 les fun\u00e9railles aux services professionnels de la Maison L.J.G. Mallet du 1429, rue du Canot \u00e0 Havre-St-Pierre, maintenant reconnue Distinction et membre de la Corporation des Thanatologues du Qu\u00e9bec.<\/p>\n<p>Vous pouvez consulter cet avis de d\u00e9c\u00e8s, sur le <a href=\"https:\/\/nouveau.maisonmallet.com\/back05_01\">www.maisonmallet.com<\/a><\/p>\n<p>Ceux et celles qui le d\u00e9sirent, peuvent y envoyer des messages de sympathie.<\/p>\n<p>&nbsp;<\/p>\n<hr \/>\n<p>Envoyer vos condol\u00e9ances<\/p>\n<p>[contact-form to=\u00a0\u00bbpauline_bellefleur@hotmail.com\u00a0\u00bb subject=\u00a0\u00bbCondol\u00e9ances Paul Bellefleur\u00a0\u00bb][contact-field label=\u00a0\u00bbVotre nom\u00a0\u00bb type=\u00a0\u00bbname\u00a0\u00bb required=\u00a0\u00bb1&Prime;][contact-field label=\u00a0\u00bbVotre courriel\u00a0\u00bb type=\u00a0\u00bbemail\u00a0\u00bb required=\u00a0\u00bb1&Prime;][contact-field label=\u00a0\u00bbCondol\u00e9ances\u00a0\u00bb type=\u00a0\u00bbtextarea\u00a0\u00bb][\/contact-form]<\/p>\n","protected":false},"featured_media":10069,"template":"","event_cat":[7],"class_list":["post-10062","event","type-event","status-publish","has-post-thumbnail","hentry","event_cat-maison-l-j-g-mallet-inc"],"_links":{"self":[{"href":"https:\/\/nouveau.maisonmallet.com\/back05_01\/index.php?rest_route=\/wp\/v2\/event\/10062","targetHints":{"allow":["GET"]}}],"collection":[{"href":"https:\/\/nouveau.maisonmallet.com\/back05_01\/index.php?rest_route=\/wp\/v2\/event"}],"about":[{"href":"https:\/\/nouveau.maisonmallet.com\/back05_01\/index.php?rest_route=\/wp\/v2\/types\/event"}],"wp:featuredmedia":[{"embeddable":true,"href":"https:\/\/nouveau.maisonmallet.com\/back05_01\/index.php?rest_route=\/wp\/v2\/media\/10069"}],"wp:attachment":[{"href":"https:\/\/nouveau.maisonmallet.com\/back05_01\/index.php?rest_route=%2Fwp%2Fv2%2Fmedia&parent=10062"}],"wp:term":[{"taxonomy":"event_cat","embeddable":true,"href":"https:\/\/nouveau.maisonmallet.com\/back05_01\/index.php?rest_route=%2Fwp%2Fv2%2Fevent_cat&post=10062"}],"curies":[{"name":"wp","href":"https:\/\/api.w.org\/{rel}","templated":true}]}}