{"id":10448,"date":"2020-04-12T09:39:09","date_gmt":"2020-04-12T13:39:09","guid":{"rendered":"https:\/\/nouveau.maisonmallet.com\/?post_type=event&#038;p=10448"},"modified":"2020-04-14T16:38:04","modified_gmt":"2020-04-14T20:38:04","slug":"lalo-julien","status":"publish","type":"event","link":"https:\/\/nouveau.maisonmallet.com\/back05_01\/?event=lalo-julien","title":{"rendered":"LALO, Julien"},"content":{"rendered":"<p>1970 &#8211; 2020<\/p>\n<p>LALO, Julien<\/p>\n<p>&nbsp;<\/p>\n<p>\u00c0 Sept-\u00celes, le 12 avril 2020, est d\u00e9c\u00e9d\u00e9 l\u2019\u00e2ge de 49 ans, monsieur Julien Lalo fils de monsieur Sylvestre Lalo et de madame Philom\u00e8ne Lalo domicili\u00e9 \u00e0 La Romaine.<\/p>\n<p><strong><u>\u00c9tant donn\u00e9e la situation de crise entourant le COVID-19 et par souci de se conformer aux recommandations gouvernementales en mati\u00e8re de rassemblements int\u00e9rieurs et des mesures d\u2019hygi\u00e8ne strictes pour les visiteurs, les rituels fun\u00e9raires de monsieur Julien Lalo auront lieu dans la plus stricte intimit\u00e9 et sur invitation seulement.<\/u><\/strong><\/p>\n<p>Il laisse dans le deuil ses enfants\u00a0: Stanley (Johanne Wapistan), Shania et Shannon, sa petite-fille Agnes, son p\u00e8re monsieur Sylvestre Lalo, sa m\u00e8re madame Philom\u00e8ne Lalo, ses fr\u00e8res\u00a0: Alain (Mariette Mark) et Daniel (Mireille Ishpatao) ainsi que ses s\u0153urs\u00a0: Suzanne, Isabelle (Raymond Bellefleur), Vivette (G\u00e9rard Labb\u00e9), Marie-Claude (Albert Bellefleur) et H\u00e9l\u00e9na, ses neveux, ses ni\u00e8ces, ses oncles, ses tantes, ses cousins, ses cousines et de nombreux ami(e)s.<\/p>\n<p>La famille a confi\u00e9 les arrangements aux services professionnels de la Maison Mallet &amp; fils du 585, boul. Laure \u00e0 Sept-\u00celes, maintenant reconnue Distinction et membre de la Corporation des Thanatologues du Qu\u00e9bec.<\/p>\n<p>Vous pouvez consulter cet avis de d\u00e9c\u00e8s, sur le <a href=\"https:\/\/nouveau.maisonmallet.com\/back05_01\">www.maisonmallet.com<\/a><\/p>\n<p>Ceux et celles qui le d\u00e9sirent, peuvent y envoyer des messages de sympathie.<\/p>\n<p>&nbsp;<\/p>\n<hr \/>\n<p>Envoyer vos condol\u00e9ances<\/p>\n<p>[contact-form to=\u00a0\u00bbisabelle-lalo@hotmail.fr\u00a0\u00bb subject=\u00a0\u00bbCondol\u00e9ances Julien Lalo\u00a0\u00bb][contact-field label=\u00a0\u00bbVotre nom\u00a0\u00bb type=\u00a0\u00bbname\u00a0\u00bb required=\u00a0\u00bb1&Prime;][contact-field label=\u00a0\u00bbVotre courriel\u00a0\u00bb type=\u00a0\u00bbemail\u00a0\u00bb required=\u00a0\u00bb1&Prime;][contact-field label=\u00a0\u00bbCondol\u00e9ances\u00a0\u00bb type=\u00a0\u00bbtextarea\u00a0\u00bb][\/contact-form]<\/p>\n","protected":false},"featured_media":10451,"template":"","event_cat":[6],"class_list":["post-10448","event","type-event","status-publish","has-post-thumbnail","hentry","event_cat-maison-mallet-et-fils-inc"],"_links":{"self":[{"href":"https:\/\/nouveau.maisonmallet.com\/back05_01\/index.php?rest_route=\/wp\/v2\/event\/10448","targetHints":{"allow":["GET"]}}],"collection":[{"href":"https:\/\/nouveau.maisonmallet.com\/back05_01\/index.php?rest_route=\/wp\/v2\/event"}],"about":[{"href":"https:\/\/nouveau.maisonmallet.com\/back05_01\/index.php?rest_route=\/wp\/v2\/types\/event"}],"wp:featuredmedia":[{"embeddable":true,"href":"https:\/\/nouveau.maisonmallet.com\/back05_01\/index.php?rest_route=\/wp\/v2\/media\/10451"}],"wp:attachment":[{"href":"https:\/\/nouveau.maisonmallet.com\/back05_01\/index.php?rest_route=%2Fwp%2Fv2%2Fmedia&parent=10448"}],"wp:term":[{"taxonomy":"event_cat","embeddable":true,"href":"https:\/\/nouveau.maisonmallet.com\/back05_01\/index.php?rest_route=%2Fwp%2Fv2%2Fevent_cat&post=10448"}],"curies":[{"name":"wp","href":"https:\/\/api.w.org\/{rel}","templated":true}]}}