{"id":10932,"date":"2020-05-10T11:29:17","date_gmt":"2020-05-10T15:29:17","guid":{"rendered":"https:\/\/nouveau.maisonmallet.com\/?post_type=event&#038;p=10932"},"modified":"2020-05-10T12:41:05","modified_gmt":"2020-05-10T16:41:05","slug":"modele-nom-prenom-9","status":"publish","type":"event","link":"https:\/\/nouveau.maisonmallet.com\/back05_01\/?event=modele-nom-prenom-9","title":{"rendered":"BELLEFLEUR, Em\u00e9rance"},"content":{"rendered":"<p>1966 &#8211; 2020<\/p>\n<p>BELLEFLEUR, Em\u00e9rance<\/p>\n<p>&nbsp;<\/p>\n<p>\u00c0 Sept-\u00celes, le 2 mai 2020, est d\u00e9c\u00e9d\u00e9e \u00e0 l\u2019\u00e2ge de 53 ans, madame Em\u00e9rance Bellefleur fille de monsieur Jos\u00e9phis Bellefleur et de madame Anastasia Bellefleur domicili\u00e9e \u00e0 Sept-\u00celes.<\/p>\n<p><strong><u>\u00c9tant donn\u00e9e la situation de crise entourant le COVID-19 et par souci de se conformer aux recommandations gouvernementales en mati\u00e8re de rassemblements int\u00e9rieurs et des mesures d\u2019hygi\u00e8ne strictes pour les visiteurs, les rituels fun\u00e9raires de madame Em\u00e9rance Bellefleur auront lieu dans la plus stricte intimit\u00e9 et sur invitation seulement.<\/u><\/strong><\/p>\n<p>Elle laisse dans le deuil son p\u00e8re monsieur Jos\u00e9phis Bellefleur, sa m\u00e8re madame Anastasi Bellefleur, ses fr\u00e8res\u00a0: Guy (Raquel Vall\u00e9e), Henri-Paul et Yannick, sa s\u0153ur Marie-Desanges ainsi que ses neveux, ses ni\u00e8ces, ses oncles, ses tantes, ses cousins, ses cousines et de nombreux ami(e)s.<\/p>\n<p>La famille a confi\u00e9 les arrangements aux services professionnels de la Maison Mallet &amp; fils du 585, boul. Laure \u00e0 Sept-\u00celes, maintenant reconnue Distinction et membre de la Corporation des Thanatologues du Qu\u00e9bec.<\/p>\n<p>Vous pouvez consulter cet avis de d\u00e9c\u00e8s, sur le <a href=\"https:\/\/nouveau.maisonmallet.com\/back05_01\">www.maisonmallet.com<\/a><\/p>\n<p>Ceux et celles qui le d\u00e9sirent, peuvent y envoyer des messages de sympathie.<\/p>\n<p>&nbsp;<\/p>\n<hr \/>\n<p>Envoyer vos condol\u00e9ances<\/p>\n<p>[contact-form to=\u00a0\u00bbmd.bellefleur@csssus.ca\u00a0\u00bb subject=\u00a0\u00bbCondol\u00e9ances Emerance Bellefleur\u00a0\u00bb][contact-field label=\u00a0\u00bbVotre nom\u00a0\u00bb type=\u00a0\u00bbname\u00a0\u00bb required=\u00a0\u00bb1&Prime;][contact-field label=\u00a0\u00bbVotre courriel\u00a0\u00bb type=\u00a0\u00bbemail\u00a0\u00bb required=\u00a0\u00bb1&Prime;][contact-field label=\u00a0\u00bbCondol\u00e9ances\u00a0\u00bb type=\u00a0\u00bbtextarea\u00a0\u00bb][\/contact-form]<\/p>\n","protected":false},"featured_media":10934,"template":"","event_cat":[6],"class_list":["post-10932","event","type-event","status-publish","has-post-thumbnail","hentry","event_cat-maison-mallet-et-fils-inc"],"_links":{"self":[{"href":"https:\/\/nouveau.maisonmallet.com\/back05_01\/index.php?rest_route=\/wp\/v2\/event\/10932","targetHints":{"allow":["GET"]}}],"collection":[{"href":"https:\/\/nouveau.maisonmallet.com\/back05_01\/index.php?rest_route=\/wp\/v2\/event"}],"about":[{"href":"https:\/\/nouveau.maisonmallet.com\/back05_01\/index.php?rest_route=\/wp\/v2\/types\/event"}],"wp:featuredmedia":[{"embeddable":true,"href":"https:\/\/nouveau.maisonmallet.com\/back05_01\/index.php?rest_route=\/wp\/v2\/media\/10934"}],"wp:attachment":[{"href":"https:\/\/nouveau.maisonmallet.com\/back05_01\/index.php?rest_route=%2Fwp%2Fv2%2Fmedia&parent=10932"}],"wp:term":[{"taxonomy":"event_cat","embeddable":true,"href":"https:\/\/nouveau.maisonmallet.com\/back05_01\/index.php?rest_route=%2Fwp%2Fv2%2Fevent_cat&post=10932"}],"curies":[{"name":"wp","href":"https:\/\/api.w.org\/{rel}","templated":true}]}}