{"id":10960,"date":"2020-05-12T15:59:49","date_gmt":"2020-05-12T19:59:49","guid":{"rendered":"https:\/\/nouveau.maisonmallet.com\/?post_type=event&#038;p=10960"},"modified":"2020-05-13T16:05:34","modified_gmt":"2020-05-13T20:05:34","slug":"mestokosho-georges-sr","status":"publish","type":"event","link":"https:\/\/nouveau.maisonmallet.com\/back05_01\/?event=mestokosho-georges-sr","title":{"rendered":"MESTOKOSHO, Georges Sr"},"content":{"rendered":"<p>1943-2020<\/p>\n<p>\u00c0 la Rivi\u00e8re du Milieu, le 5 mai 2020, est d\u00e9c\u00e9d\u00e9 \u00e0 l\u2019\u00e2ge de 76 ans et 8 mois, monsieur Georges Sr Mestokosho \u00e9poux de feue Madeleine Kaltush et domicili\u00e9 \u00e0 Natashquan.<\/p>\n<p><strong><u>\u00c9tant donn\u00e9e la situation de crise entourant la COVID-19 et par souci de se conformer aux recommandations gouvernementales en mati\u00e8re de rassemblements int\u00e9rieurs et des mesures d\u2019hygi\u00e8ne strictes pour les visiteurs, les rituels fun\u00e9raires de monsieur Georges Sr Mestokosho auront lieu dans la plus stricte intimit\u00e9 et sur invitation seulement.<\/u><\/strong><\/p>\n<p>Il laisse dans le deuil ses filles\u00a0: Sabine (Jean-Luc Bellefleur), Lucette (Jean-Ren\u00e9 Bellefleur) et Kateri, ses fils\u00a0: Serge (Gilberte MarK) et Pascal (Gilberte Bellefleur), ses dix-neuf petits-enfants, ses neuf arri\u00e8re-petits-enfants, ses fr\u00e8res\u00a0: Athanas et Charles, sa s\u0153ur Judith, \u00a0ses belles-s\u0153urs, ses neveux, ses ni\u00e8ces et de nombreux ami(e)s.<\/p>\n<p>La famille a confi\u00e9 la direction des fun\u00e9railles aux services professionnels de la Maison L.J.G. Mallet du 1429, rue du Canot \u00e0 Havre-Saint-Pierre, maintenant reconnue Distinction et membre de la Corporation des thanatologues du Qu\u00e9bec.<\/p>\n<p>Vous pouvez consulter cet avis de d\u00e9c\u00e8s sur le <u>www.maisonmallet.com<\/u><\/p>\n<p>Ceux et celles qui le d\u00e9sirent, peuvent y envoyer des messages de sympathie.<\/p>\n<p>&nbsp;<\/p>\n<p>&nbsp;<\/p>\n<hr \/>\n<p>Envoyer vos condol\u00e9ances<\/p>\n<p>[contact-form to=\u00a0\u00bbmestokoshos@gmail.com\u00a0\u00bb subject=\u00a0\u00bbCondol\u00e9ances Georges Sr Mestokosho\u00a0\u00bb][contact-field label=\u00a0\u00bbVotre nom\u00a0\u00bb type=\u00a0\u00bbname\u00a0\u00bb required=\u00a0\u00bb1&Prime;][contact-field label=\u00a0\u00bbVotre courriel\u00a0\u00bb type=\u00a0\u00bbemail\u00a0\u00bb required=\u00a0\u00bb1&Prime;][contact-field label=\u00a0\u00bbCondol\u00e9ances\u00a0\u00bb type=\u00a0\u00bbtextarea\u00a0\u00bb][\/contact-form]<\/p>\n","protected":false},"featured_media":10979,"template":"","event_cat":[7],"class_list":["post-10960","event","type-event","status-publish","has-post-thumbnail","hentry","event_cat-maison-l-j-g-mallet-inc"],"_links":{"self":[{"href":"https:\/\/nouveau.maisonmallet.com\/back05_01\/index.php?rest_route=\/wp\/v2\/event\/10960","targetHints":{"allow":["GET"]}}],"collection":[{"href":"https:\/\/nouveau.maisonmallet.com\/back05_01\/index.php?rest_route=\/wp\/v2\/event"}],"about":[{"href":"https:\/\/nouveau.maisonmallet.com\/back05_01\/index.php?rest_route=\/wp\/v2\/types\/event"}],"wp:featuredmedia":[{"embeddable":true,"href":"https:\/\/nouveau.maisonmallet.com\/back05_01\/index.php?rest_route=\/wp\/v2\/media\/10979"}],"wp:attachment":[{"href":"https:\/\/nouveau.maisonmallet.com\/back05_01\/index.php?rest_route=%2Fwp%2Fv2%2Fmedia&parent=10960"}],"wp:term":[{"taxonomy":"event_cat","embeddable":true,"href":"https:\/\/nouveau.maisonmallet.com\/back05_01\/index.php?rest_route=%2Fwp%2Fv2%2Fevent_cat&post=10960"}],"curies":[{"name":"wp","href":"https:\/\/api.w.org\/{rel}","templated":true}]}}