{"id":10978,"date":"2020-05-10T15:18:57","date_gmt":"2020-05-10T19:18:57","guid":{"rendered":"https:\/\/nouveau.maisonmallet.com\/?post_type=event&#038;p=10978"},"modified":"2020-05-15T15:26:08","modified_gmt":"2020-05-15T19:26:08","slug":"lelievre-diane","status":"publish","type":"event","link":"https:\/\/nouveau.maisonmallet.com\/back05_01\/?event=lelievre-diane","title":{"rendered":"LELI\u00c8VRE, Diane"},"content":{"rendered":"<p>1961 \u2013 2020<\/p>\n<p>LELI\u00c8VRE, Diane<\/p>\n<p>&nbsp;<\/p>\n<p>\u00c0 Sept-\u00celes (maison \u00c9lyme des sables), le 10 mai 2020, est d\u00e9c\u00e9d\u00e9e \u00e0 l\u2019\u00e2ge de 58 ans, madame Diane Leli\u00e8vre fille de feu Aim\u00e9 Leli\u00e8vre et de madame Edwidge Poulin domicili\u00e9e \u00e0 Sept-\u00celes.<\/p>\n<p>Selon ses volont\u00e9s, elle a \u00e9t\u00e9 confi\u00e9e au cr\u00e9matorium de la Maison Mallet &amp; fils pour cr\u00e9mation.<\/p>\n<p><strong><u>En raison des circonstances, les rituels fun\u00e9raires de madame Diane Leli\u00e8vre se tiendront \u00e0 une date ult\u00e9rieure.<\/u><\/strong><\/p>\n<p>Elle laisse dans le deuil son fils Jack (Isabelle Brassard), sa fille Michelle (Jean-Fran\u00e7ois Charest), ses petits-enfants : Gabrielle, Raphael et Benjamin, sa m\u00e8re madame Edwidge Poulin, ses fr\u00e8res : Roger et Guy ainsi que ses s\u0153urs : Suzanne, Luce, Sonia et Ga\u00e9tane, ses beaux-fr\u00e8res, ses belles-s\u0153urs, ses neveux, ses ni\u00e8ces, ses oncles, ses tantes, ses cousins, ses cousines, et de nombreux ami(e)s.<\/p>\n<p>Vos marques de sympathie peuvent se traduire par un don \u00e0 l\u2019\u00c9lyme des sables <a href=\"http:\/\/www.elymedessables.com\">www.elymedessables.com<\/a><\/p>\n<p>La famille a confi\u00e9 les arrangements aux services professionnels de la Maison Mallet &amp; fils du 585 Boul. Laure \u00e0 Sept-\u00celes, maintenant reconnue Distinction et membre de la Corporation des Thanatologues du Qu\u00e9bec.<\/p>\n<p>Vous pouvez consulter cet avis de d\u00e9c\u00e8s sur le\u00a0: <a href=\"https:\/\/nouveau.maisonmallet.com\/back05_01\">www.maisonmallet.com<\/a><\/p>\n<p>Ceux et celles qui le d\u00e9sirent, peuvent y envoyer des messages de sympathie.<\/p>\n<p>&nbsp;<\/p>\n<p>&nbsp;<\/p>\n<p>&nbsp;<\/p>\n<hr \/>\n<p>Envoyer vos condol\u00e9ances<\/p>\n<p>[contact-form to=\u00a0\u00bbjack_rabbits@hotmail.com\u00a0\u00bb subject=\u00a0\u00bbCondol\u00e9ances Diane Leli\u00e8vre\u00a0\u00bb][contact-field label=\u00a0\u00bbVotre nom\u00a0\u00bb type=\u00a0\u00bbname\u00a0\u00bb required=\u00a0\u00bb1&Prime;][contact-field label=\u00a0\u00bbVotre courriel\u00a0\u00bb type=\u00a0\u00bbemail\u00a0\u00bb required=\u00a0\u00bb1&Prime;][contact-field label=\u00a0\u00bbCondol\u00e9ances\u00a0\u00bb type=\u00a0\u00bbtextarea\u00a0\u00bb][\/contact-form]<\/p>\n","protected":false},"featured_media":11012,"template":"","event_cat":[6],"class_list":["post-10978","event","type-event","status-publish","has-post-thumbnail","hentry","event_cat-maison-mallet-et-fils-inc"],"_links":{"self":[{"href":"https:\/\/nouveau.maisonmallet.com\/back05_01\/index.php?rest_route=\/wp\/v2\/event\/10978","targetHints":{"allow":["GET"]}}],"collection":[{"href":"https:\/\/nouveau.maisonmallet.com\/back05_01\/index.php?rest_route=\/wp\/v2\/event"}],"about":[{"href":"https:\/\/nouveau.maisonmallet.com\/back05_01\/index.php?rest_route=\/wp\/v2\/types\/event"}],"wp:featuredmedia":[{"embeddable":true,"href":"https:\/\/nouveau.maisonmallet.com\/back05_01\/index.php?rest_route=\/wp\/v2\/media\/11012"}],"wp:attachment":[{"href":"https:\/\/nouveau.maisonmallet.com\/back05_01\/index.php?rest_route=%2Fwp%2Fv2%2Fmedia&parent=10978"}],"wp:term":[{"taxonomy":"event_cat","embeddable":true,"href":"https:\/\/nouveau.maisonmallet.com\/back05_01\/index.php?rest_route=%2Fwp%2Fv2%2Fevent_cat&post=10978"}],"curies":[{"name":"wp","href":"https:\/\/api.w.org\/{rel}","templated":true}]}}