{"id":11186,"date":"2020-05-26T21:53:59","date_gmt":"2020-05-27T01:53:59","guid":{"rendered":"https:\/\/nouveau.maisonmallet.com\/?post_type=event&#038;p=11186"},"modified":"2020-05-26T21:53:59","modified_gmt":"2020-05-27T01:53:59","slug":"laforest-raymond","status":"publish","type":"event","link":"https:\/\/nouveau.maisonmallet.com\/back05_01\/?event=laforest-raymond","title":{"rendered":"LAFOREST, Raymond"},"content":{"rendered":"<p>1939 \u2013 2019<\/p>\n<p>LAFOREST, Raymond<\/p>\n<p>&nbsp;<\/p>\n<p>\u00c0 Sept-\u00celes (maison \u00c9lyme des sables), le 14 d\u00e9cembre 2019, est d\u00e9c\u00e9d\u00e9 \u00e0 l\u2019\u00e2ge de 79 ans, monsieur Raymond Laforest conjoint de feue Aurore Lapierre et domicili\u00e9 \u00e0 Jonqui\u00e8re autre fois de Sept-\u00celes<\/p>\n<p>Selon ses volont\u00e9s, il a \u00e9t\u00e9 confi\u00e9 au cr\u00e9matorium de la Maison Mallet &amp; fils pour cr\u00e9mation.<\/p>\n<p><strong><u>\u00c9tant donn\u00e9e la situation de crise entourant le COVID-19 et par souci de se conformer aux recommandations gouvernementales en mati\u00e8re de rassemblements int\u00e9rieurs et des mesures d\u2019hygi\u00e8ne strictes pour les visiteurs, les rituels fun\u00e9raires de monsieur Raymond Laforest auront lieu dans la plus stricte intimit\u00e9 et sur invitation seulement.<\/u><\/strong><\/p>\n<p>Il laisse dans le deuil outre ses beaux-fils\u00a0: Gilbert (Line Francoeur) et R\u00e9jean (Marie-Berthe Mallet), sa belle-fille Nathalie (\u00c9lide Mailloux), ses dix petits-enfants, ses sept arri\u00e8re-petit-enfants, sa conjointe des derni\u00e8res ann\u00e9es madame Paulette Tremblay ainsi que ses fr\u00e8res, sa s\u0153ur, ses beaux-fr\u00e8res, ses belles-s\u0153urs, ses neveux, ses ni\u00e8ces, ses cousins, ses cousines, et de nombreux ami(e)s.<\/p>\n<p>Il \u00e9tait le beau-p\u00e8re de feu Steve Bradley.<\/p>\n<p>Vos marques de sympathie peuvent se traduire par un don \u00e0 l\u2019\u00c9lyme des sables <a href=\"http:\/\/www.elymedessables.com\">www.elymedessables.com<\/a><\/p>\n<p>La famille a confi\u00e9 les arrangements aux services professionnels de la Maison Mallet &amp; fils du 585 Boul. Laure \u00e0 Sept-\u00celes, maintenant reconnue Distinction et membre de la Corporation des Thanatologues du Qu\u00e9bec.<\/p>\n<p>Vous pouvez consulter cet avis de d\u00e9c\u00e8s sur le\u00a0: <a href=\"https:\/\/nouveau.maisonmallet.com\/back05_01\">www.maisonmallet.com<\/a><\/p>\n<p>Ceux et celles qui le d\u00e9sirent, peuvent y envoyer des messages de sympathie.<\/p>\n<p>&nbsp;<\/p>\n<hr \/>\n<p>Envoyer vos condol\u00e9ances<\/p>\n<p>[contact-form to=\u00a0\u00bbnatsim1986@gmail.com\u00a0\u00bb subject=\u00a0\u00bbCondol\u00e9ances Raymond Laforest\u00a0\u00bb][contact-field label=\u00a0\u00bbVotre nom\u00a0\u00bb type=\u00a0\u00bbname\u00a0\u00bb required=\u00a0\u00bb1&Prime;][contact-field label=\u00a0\u00bbVotre courriel\u00a0\u00bb type=\u00a0\u00bbemail\u00a0\u00bb required=\u00a0\u00bb1&Prime;][contact-field label=\u00a0\u00bbCondol\u00e9ances\u00a0\u00bb type=\u00a0\u00bbtextarea\u00a0\u00bb][\/contact-form]<\/p>\n","protected":false},"featured_media":0,"template":"","event_cat":[6],"class_list":["post-11186","event","type-event","status-publish","hentry","event_cat-maison-mallet-et-fils-inc"],"_links":{"self":[{"href":"https:\/\/nouveau.maisonmallet.com\/back05_01\/index.php?rest_route=\/wp\/v2\/event\/11186","targetHints":{"allow":["GET"]}}],"collection":[{"href":"https:\/\/nouveau.maisonmallet.com\/back05_01\/index.php?rest_route=\/wp\/v2\/event"}],"about":[{"href":"https:\/\/nouveau.maisonmallet.com\/back05_01\/index.php?rest_route=\/wp\/v2\/types\/event"}],"wp:attachment":[{"href":"https:\/\/nouveau.maisonmallet.com\/back05_01\/index.php?rest_route=%2Fwp%2Fv2%2Fmedia&parent=11186"}],"wp:term":[{"taxonomy":"event_cat","embeddable":true,"href":"https:\/\/nouveau.maisonmallet.com\/back05_01\/index.php?rest_route=%2Fwp%2Fv2%2Fevent_cat&post=11186"}],"curies":[{"name":"wp","href":"https:\/\/api.w.org\/{rel}","templated":true}]}}