{"id":11245,"date":"2020-06-01T12:01:39","date_gmt":"2020-06-01T16:01:39","guid":{"rendered":"https:\/\/nouveau.maisonmallet.com\/?post_type=event&#038;p=11245"},"modified":"2020-06-01T16:51:40","modified_gmt":"2020-06-01T20:51:40","slug":"modele-nom-prenom-10","status":"publish","type":"event","link":"https:\/\/nouveau.maisonmallet.com\/back05_01\/?event=modele-nom-prenom-10","title":{"rendered":"AMBROISE, Marjolaine (Jourdain)"},"content":{"rendered":"<p>1958 \u2013 2020<\/p>\n<p>AMBROISE, Marjolaine (Jourdain)<\/p>\n<p>&nbsp;<\/p>\n<p>\u00c0 Uashat, le 30 mai 2020, est d\u00e9c\u00e9d\u00e9e \u00e0 l\u2019\u00e2ge de 62 ans, madame Marjolaine Ambroise \u00e9pouse de monsieur Raymond Jourdain et domicili\u00e9e \u00e0 Uashat.<\/p>\n<p><strong><u>\u00c9tant donn\u00e9e la situation de crise entourant le COVID-19 et par souci de se conformer aux recommandations gouvernementales en mati\u00e8re de rassemblements int\u00e9rieurs et des mesures d\u2019hygi\u00e8ne strictes pour les visiteurs, les rituels fun\u00e9raires de madame Marjolaine Ambroise Jourdain auront lieu dans la plus stricte intimit\u00e9 et sur invitation seulement.<\/u><\/strong><\/p>\n<p>Elle laisse dans le deuil outre son \u00e9poux monsieur Raymond Jourdain, ses enfants\u00a0: Alexandra (Raphael Bacon), Carl (Nishapet Bacon St-Onge) et Vincent (Kim Jourdain), ses petits-enfants\u00a0: Alexandre, Alex, Alexcya, Lo\u00efck, Leeann et Carly, ses arri\u00e8re-petits-enfants\u00a0: \u00c9mma, Alexe\u00ef et Carey, ses s\u0153urs\u00a0: Marie-Louisa, Marie-Gertrude (Carmin Martel), Lucienne, Rita (Richard Thomas), Jeanne-Mance (Lucien Rapha\u00ebl) et No\u00eblla, ses fr\u00e8res\u00a0: Emile et Normand (Christine Vall\u00e9e), ses belles-s\u0153urs\u00a0: Nicole (Jean-Yves Riverin) et Francine, ses beaux-fr\u00e8res\u00a0: Antoine (Eleonard Picard) et Sylvio (Ren\u00e9e Cr\u00e9peau), son oncle Jean-Louis Ambroise ainsi que ses tantes\u00a0: Marie-Line Ambroise et Anne-Marie Ambroise, \u00a0ses neveux, ses ni\u00e8ces, ses cousins, ses cousines et de nombreux ami(e)s.<\/p>\n<p>Vos marques de sympathie peuvent se traduire par un don \u00e0 l\u2019\u00c9lyme des sables <a href=\"http:\/\/www.elymedessables.com\">www.elymedessables.com<\/a><\/p>\n<p>La famille tient \u00e0 vous remercier pour votre soutien et votre compr\u00e9hension dans le contexte actuel et a confi\u00e9 les arrangements fun\u00e9raires aux services professionnels de la Maison Mallet &amp; fils du 585 boul. Laure \u00e0 Sept-\u00celes, maintenant reconnue Distinction et membre de la Corporation des Thanatologues du Qu\u00e9bec.<\/p>\n<p>Vous pouvez consulter cet avis de d\u00e9c\u00e8s sur le <a href=\"https:\/\/nouveau.maisonmallet.com\/back05_01\/\">www.maisonmallet.com<\/a><\/p>\n<p>Ceux et celles qui le d\u00e9sirent, peuvent y envoyer des messages de sympathie.<\/p>\n<p>&nbsp;<\/p>\n<hr \/>\n<p>Envoyer vos condol\u00e9ances<\/p>\n<p>[contact-form to=\u00a0\u00bbalexcya.bacon@outlook.fr\u00a0\u00bb subject=\u00a0\u00bbCondol\u00e9ances Marjolaine Ambroise\u00a0\u00bb][contact-field label=\u00a0\u00bbVotre nom\u00a0\u00bb type=\u00a0\u00bbname\u00a0\u00bb required=\u00a0\u00bb1&Prime;][contact-field label=\u00a0\u00bbVotre courriel\u00a0\u00bb type=\u00a0\u00bbemail\u00a0\u00bb required=\u00a0\u00bb1&Prime;][contact-field label=\u00a0\u00bbCondol\u00e9ances\u00a0\u00bb type=\u00a0\u00bbtextarea\u00a0\u00bb][\/contact-form]<\/p>\n","protected":false},"featured_media":11253,"template":"","event_cat":[6],"class_list":["post-11245","event","type-event","status-publish","has-post-thumbnail","hentry","event_cat-maison-mallet-et-fils-inc"],"_links":{"self":[{"href":"https:\/\/nouveau.maisonmallet.com\/back05_01\/index.php?rest_route=\/wp\/v2\/event\/11245","targetHints":{"allow":["GET"]}}],"collection":[{"href":"https:\/\/nouveau.maisonmallet.com\/back05_01\/index.php?rest_route=\/wp\/v2\/event"}],"about":[{"href":"https:\/\/nouveau.maisonmallet.com\/back05_01\/index.php?rest_route=\/wp\/v2\/types\/event"}],"wp:featuredmedia":[{"embeddable":true,"href":"https:\/\/nouveau.maisonmallet.com\/back05_01\/index.php?rest_route=\/wp\/v2\/media\/11253"}],"wp:attachment":[{"href":"https:\/\/nouveau.maisonmallet.com\/back05_01\/index.php?rest_route=%2Fwp%2Fv2%2Fmedia&parent=11245"}],"wp:term":[{"taxonomy":"event_cat","embeddable":true,"href":"https:\/\/nouveau.maisonmallet.com\/back05_01\/index.php?rest_route=%2Fwp%2Fv2%2Fevent_cat&post=11245"}],"curies":[{"name":"wp","href":"https:\/\/api.w.org\/{rel}","templated":true}]}}