{"id":11304,"date":"2020-06-08T15:05:41","date_gmt":"2020-06-08T19:05:41","guid":{"rendered":"https:\/\/nouveau.maisonmallet.com\/?post_type=event&#038;p=11304"},"modified":"2020-06-09T15:13:31","modified_gmt":"2020-06-09T19:13:31","slug":"dugas-jean-charles","status":"publish","type":"event","link":"https:\/\/nouveau.maisonmallet.com\/back05_01\/?event=dugas-jean-charles","title":{"rendered":"DUGAS, Jean-Charles"},"content":{"rendered":"<p>1931-2020<\/p>\n<p>DUGAS, Jean-Charles<\/p>\n<p>&nbsp;<\/p>\n<p>\u00c0 Sept-\u00celes (maison \u00c9lyme des sables), le 8 juin 2020, est d\u00e9c\u00e9d\u00e9 \u00e0 l\u2019\u00e2ge de 89 ans, monsieur Jean-Charles Dugas \u00e9poux de madame Gis\u00e8le St-Laurent et domicili\u00e9 \u00e0 Sept-\u00celes.<\/p>\n<p>La c\u00e9r\u00e9monie comm\u00e9morative de monsieur Jean-Charles Dugas aura lieu le dimanche 14 juin 2020 \u00e0 14 h \u00e0 la chapelle du Complexe Thanatologique Mallet &amp; fils.<\/p>\n<p>Selon ses volont\u00e9s, il a \u00e9t\u00e9 confi\u00e9 au cr\u00e9matorium de la Maison Mallet &amp; fils pour cr\u00e9mation.<\/p>\n<p><strong>D\u00fb aux circonstances reli\u00e9es \u00e0 la pand\u00e9mie, vous pouvez venir pr\u00e9senter vos condol\u00e9ances en respectant la distanciation sociale.<\/strong><\/p>\n<p>La famille re\u00e7oit parents et amis le dimanche 14 juin 2020 jour de la c\u00e9r\u00e9monie de 13 h \u00e0 15 h au Complexe Thanatologique Mallet &amp; fils du 585, boul. Laure \u00e0 Sept-\u00celes.<\/p>\n<p>Il laisse dans le deuil outre son \u00e9pouse madame Gis\u00e8le St-Laurent ses enfants\u00a0: Nicole, Sylvie, Sylvain (Ghislain Berthelot), Charline (Dennis Pelletier), Francis, Christian et Gino (Anne Leblanc), ses petits-enfants\u00a0: Vicky, \u00c9milie, David, Maxim, Marianne, M\u00e9lissa, Yannick, Guillaume et\u00a0 Kassandra, ses arri\u00e8re-petits-enfants\u00a0: Samie, Jessie, Kaviel, Jean-Samuel et Mayson ainsi que son fr\u00e8re, sa s\u0153ur, ses beaux-fr\u00e8res, ses belles-s\u0153urs, ses neveux, ses ni\u00e8ces, ses cousins, ses cousines et de nombreux ami(e)s.<\/p>\n<p>Vos marques de sympathie peuvent se traduire par un don \u00e0 l\u2019\u00c9lyme des sables <a href=\"http:\/\/www.elymedessables.com\">www.elymedessables.com<\/a><\/p>\n<p>La famille a confi\u00e9 les arrangements aux services professionnels de la Maison Mallet &amp; fils du 585, boul. Laure \u00e0 Sept-\u00celes, maintenant reconnue Distinction et membre de la Corporation des Thanatologues du Qu\u00e9bec.<\/p>\n<p>Vous pouvez consulter cet avis de d\u00e9c\u00e8s, sur le <a href=\"https:\/\/nouveau.maisonmallet.com\/back05_01\">www.maisonmallet.com<\/a><\/p>\n<p>Ceux et celles qui le d\u00e9sirent peuvent y envoyer des messages de sympathie.<\/p>\n<p>&nbsp;<\/p>\n<hr \/>\n<p>Envoyer vos condol\u00e9ances<\/p>\n<p>[contact-form to=\u00a0\u00bbzenkutsu-1986@hotmail.com\u00a0\u00bb subject=\u00a0\u00bbCondol\u00e9ances Jean-Charles Dugas\u00a0\u00bb][contact-field label=\u00a0\u00bbVotre nom\u00a0\u00bb type=\u00a0\u00bbname\u00a0\u00bb required=\u00a0\u00bb1&Prime;][contact-field label=\u00a0\u00bbVotre courriel\u00a0\u00bb type=\u00a0\u00bbemail\u00a0\u00bb required=\u00a0\u00bb1&Prime;][contact-field label=\u00a0\u00bbCondol\u00e9ances\u00a0\u00bb type=\u00a0\u00bbtextarea\u00a0\u00bb][\/contact-form]<\/p>\n","protected":false},"featured_media":11346,"template":"","event_cat":[6],"class_list":["post-11304","event","type-event","status-publish","has-post-thumbnail","hentry","event_cat-maison-mallet-et-fils-inc"],"_links":{"self":[{"href":"https:\/\/nouveau.maisonmallet.com\/back05_01\/index.php?rest_route=\/wp\/v2\/event\/11304","targetHints":{"allow":["GET"]}}],"collection":[{"href":"https:\/\/nouveau.maisonmallet.com\/back05_01\/index.php?rest_route=\/wp\/v2\/event"}],"about":[{"href":"https:\/\/nouveau.maisonmallet.com\/back05_01\/index.php?rest_route=\/wp\/v2\/types\/event"}],"wp:featuredmedia":[{"embeddable":true,"href":"https:\/\/nouveau.maisonmallet.com\/back05_01\/index.php?rest_route=\/wp\/v2\/media\/11346"}],"wp:attachment":[{"href":"https:\/\/nouveau.maisonmallet.com\/back05_01\/index.php?rest_route=%2Fwp%2Fv2%2Fmedia&parent=11304"}],"wp:term":[{"taxonomy":"event_cat","embeddable":true,"href":"https:\/\/nouveau.maisonmallet.com\/back05_01\/index.php?rest_route=%2Fwp%2Fv2%2Fevent_cat&post=11304"}],"curies":[{"name":"wp","href":"https:\/\/api.w.org\/{rel}","templated":true}]}}