{"id":11613,"date":"2020-06-18T11:48:15","date_gmt":"2020-06-18T15:48:15","guid":{"rendered":"https:\/\/nouveau.maisonmallet.com\/?post_type=event&#038;p=11613"},"modified":"2020-06-20T11:55:12","modified_gmt":"2020-06-20T15:55:12","slug":"berube-lise","status":"publish","type":"event","link":"https:\/\/nouveau.maisonmallet.com\/back05_01\/?event=berube-lise","title":{"rendered":"B\u00c9RUB\u00c9, Lise"},"content":{"rendered":"<p>1954 &#8211; 2020<\/p>\n<p>B\u00c9RUB\u00c9, Lise<\/p>\n<p>&nbsp;<\/p>\n<p>\u00c0 Port-Cartier, le 18 juin 2020, est d\u00e9c\u00e9d\u00e9e \u00e0 l\u2019\u00e2ge de 66 ans, madame Lise B\u00e9rub\u00e9 fille de feu Fernand B\u00e9rub\u00e9 et de feue Gislaine Lebel domicili\u00e9e \u00e0 Port-Cartier.<\/p>\n<p>Selon ses volont\u00e9s, elle a \u00e9t\u00e9 confi\u00e9e au cr\u00e9matorium de la Maison Mallet &amp; fils pour cr\u00e9mation.<\/p>\n<p>Elle laisse dans le deuil ses enfants\u00a0: Cathy (Luc Leli\u00e8vre), Karl (Michaella Perra) et S\u00e9bastien (Cathy Gagnon sa fille Maude), ses petits-enfants\u00a0:\u00a0 Marie-Christine (Jonathan Veilleux), \u00c9rick Jr. Maxim, Simon, \u00c9lise, Thomas et Emy, ses arri\u00e8res petit enfants\u00a0: Koralie, Mavrik, Willem et \u00c9loik, ses fr\u00e8res\u00a0: Yves, Jocelyn (Fran\u00e7oise Croussette), Bruno, R\u00e9jean (Karen De Gresley) et St\u00e9phane (Karine Th\u00e9rriault) ainsi que ses s\u0153urs\u00a0: Mona (Normand Desch\u00eanes) et Nicole, ses neveux,\u00a0ses ni\u00e8ces,\u00a0ses oncles, ses tantes, ses cousins, ses cousines et de nombreux ami(e)s.<\/p>\n<p>La famille a confi\u00e9 les arrangements aux services professionnels de la Maison Mallet &amp; fils du 585 Boul. Laure \u00e0 Sept-\u00celes, maintenant reconnue Distinction membre de la Corporation des thanatologues du Qu\u00e9bec.<\/p>\n<p>Vous pouvez consulter cet avis de d\u00e9c\u00e8s sur le\u00a0: <a href=\"https:\/\/nouveau.maisonmallet.com\/back05_01\">www.maisonmallet.com<\/a><\/p>\n<p>Ceux et celles qui le d\u00e9sirent, peuvent y envoyer des messages de sympathie.<\/p>\n<p>&nbsp;<\/p>\n<p>&nbsp;<\/p>\n<hr \/>\n<p>Envoyer vos condol\u00e9ances<\/p>\n<p>[contact-form to=\u00a0\u00bbsebastien_deschenes@hotmail.com\u00a0\u00bb subject=\u00a0\u00bbCondol\u00e9ances Lise B\u00e9rub\u00e9\u00a0\u00bb][contact-field label=\u00a0\u00bbVotre nom\u00a0\u00bb type=\u00a0\u00bbname\u00a0\u00bb required=\u00a0\u00bb1&Prime;][contact-field label=\u00a0\u00bbVotre courriel\u00a0\u00bb type=\u00a0\u00bbemail\u00a0\u00bb required=\u00a0\u00bb1&Prime;][contact-field label=\u00a0\u00bbCondol\u00e9ances\u00a0\u00bb type=\u00a0\u00bbtextarea\u00a0\u00bb][\/contact-form]<\/p>\n","protected":false},"featured_media":11651,"template":"","event_cat":[6],"class_list":["post-11613","event","type-event","status-publish","has-post-thumbnail","hentry","event_cat-maison-mallet-et-fils-inc"],"_links":{"self":[{"href":"https:\/\/nouveau.maisonmallet.com\/back05_01\/index.php?rest_route=\/wp\/v2\/event\/11613","targetHints":{"allow":["GET"]}}],"collection":[{"href":"https:\/\/nouveau.maisonmallet.com\/back05_01\/index.php?rest_route=\/wp\/v2\/event"}],"about":[{"href":"https:\/\/nouveau.maisonmallet.com\/back05_01\/index.php?rest_route=\/wp\/v2\/types\/event"}],"wp:featuredmedia":[{"embeddable":true,"href":"https:\/\/nouveau.maisonmallet.com\/back05_01\/index.php?rest_route=\/wp\/v2\/media\/11651"}],"wp:attachment":[{"href":"https:\/\/nouveau.maisonmallet.com\/back05_01\/index.php?rest_route=%2Fwp%2Fv2%2Fmedia&parent=11613"}],"wp:term":[{"taxonomy":"event_cat","embeddable":true,"href":"https:\/\/nouveau.maisonmallet.com\/back05_01\/index.php?rest_route=%2Fwp%2Fv2%2Fevent_cat&post=11613"}],"curies":[{"name":"wp","href":"https:\/\/api.w.org\/{rel}","templated":true}]}}