{"id":11722,"date":"2020-06-23T15:42:41","date_gmt":"2020-06-23T19:42:41","guid":{"rendered":"https:\/\/nouveau.maisonmallet.com\/?post_type=event&#038;p=11722"},"modified":"2020-06-23T15:44:24","modified_gmt":"2020-06-23T19:44:24","slug":"fournier-rachel-quessy","status":"publish","type":"event","link":"https:\/\/nouveau.maisonmallet.com\/back05_01\/?event=fournier-rachel-quessy","title":{"rendered":"FOURNIER, Rachel (Quessy)"},"content":{"rendered":"<p>1927 &#8211; 2020<\/p>\n<p>FOURNIER, Rachel (Quessy)<\/p>\n<p>&nbsp;<\/p>\n<p>\u00c0 Sept-\u00celes (r\u00e9sidence Gustave Gauvreau), le 15 juin 2020, est d\u00e9c\u00e9d\u00e9e \u00e0 l\u2019\u00e2ge de 92 ans, madame Rachel Fournier \u00e9pouse de feu Gilbert Quessy et domicili\u00e9e \u00e0 Sept-\u00celes.<\/p>\n<p>Selon ses volont\u00e9s, elle a \u00e9t\u00e9 confi\u00e9e au cr\u00e9matorium de la Maison Mallet &amp; fils pour cr\u00e9mation.<\/p>\n<p>Les rituels fun\u00e9raires de madame Rachel Fournier Quessy auront lieu en pr\u00e9sence de la famille en toute intimit\u00e9.<\/p>\n<p>Elle laisse dans le deuil ses enfants\u00a0: Diane (feu Jacques Therrien), Ga\u00e9tane (Louis Tremblay), feu Wilbrod, feu Denis (Marcelle Perreault), feu Denise (Jacques Francoeur), Line (Roger L\u00e9gar\u00e9), feu Gordon, L\u00e9na (G\u00e9rard Pelletier), Michel, H\u00e9l\u00e8ne (Gaston Pelletier) et Andr\u00e9 (Michelle Boudreau), ses seize petits-enfants, ses quatorze arri\u00e8re-petits-enfants, un arri\u00e8re-arri\u00e8re-petit-enfant, sa s\u0153ur \u00c9tiennette Fournier Ashton, ses beaux-fr\u00e8res, ses belles-s\u0153urs, ses neveux, ses ni\u00e8ces, ses cousins, ses cousines et de nombreux ami(e)s.<\/p>\n<p>Vos marques de sympathie peuvent se traduire par un don \u00e0 La fondation r\u00e9gionale h\u00f4pital Sept-\u00celes <a href=\"http:\/\/www.fondationsept-iles.qc.ca\">www.fondationsept-iles.qc.ca<\/a> et ou \u00e0 l\u2019\u00c9lyme des sables <a href=\"http:\/\/www.elymedessables.com\">www.elymedessables.com<\/a><\/p>\n<p>La famille a confi\u00e9 les arrangements fun\u00e9raires aux services professionnels de la Maison Mallet &amp; fils du 585 boul. Laure \u00e0 Sept-\u00celes, maintenant reconnue Distinction et membre de la Corporation des Thanatologues du Qu\u00e9bec.<\/p>\n<p>Vous pouvez consulter cet avis de d\u00e9c\u00e8s sur le <a href=\"https:\/\/nouveau.maisonmallet.com\/back05_01\">www.maisonmallet.com<\/a><\/p>\n<p>Ceux et celles qui le d\u00e9sirent, peuvent y envoyer des messages de sympathie.<\/p>\n<p>&nbsp;<\/p>\n<hr \/>\n<p>Envoyer vos condol\u00e9ances<\/p>\n<p>[contact-form to=\u00a0\u00bblquessy@globetrotter.net\u00a0\u00bb subject=\u00a0\u00bbCondol\u00e9ances Rachel Fournier\u00a0\u00bb][contact-field label=\u00a0\u00bbVotre nom\u00a0\u00bb type=\u00a0\u00bbname\u00a0\u00bb required=\u00a0\u00bb1&Prime;][contact-field label=\u00a0\u00bbVotre courriel\u00a0\u00bb type=\u00a0\u00bbemail\u00a0\u00bb required=\u00a0\u00bb1&Prime;][contact-field label=\u00a0\u00bbCondol\u00e9ances\u00a0\u00bb type=\u00a0\u00bbtextarea\u00a0\u00bb][\/contact-form]<\/p>\n","protected":false},"featured_media":11727,"template":"","event_cat":[6],"class_list":["post-11722","event","type-event","status-publish","has-post-thumbnail","hentry","event_cat-maison-mallet-et-fils-inc"],"_links":{"self":[{"href":"https:\/\/nouveau.maisonmallet.com\/back05_01\/index.php?rest_route=\/wp\/v2\/event\/11722","targetHints":{"allow":["GET"]}}],"collection":[{"href":"https:\/\/nouveau.maisonmallet.com\/back05_01\/index.php?rest_route=\/wp\/v2\/event"}],"about":[{"href":"https:\/\/nouveau.maisonmallet.com\/back05_01\/index.php?rest_route=\/wp\/v2\/types\/event"}],"wp:featuredmedia":[{"embeddable":true,"href":"https:\/\/nouveau.maisonmallet.com\/back05_01\/index.php?rest_route=\/wp\/v2\/media\/11727"}],"wp:attachment":[{"href":"https:\/\/nouveau.maisonmallet.com\/back05_01\/index.php?rest_route=%2Fwp%2Fv2%2Fmedia&parent=11722"}],"wp:term":[{"taxonomy":"event_cat","embeddable":true,"href":"https:\/\/nouveau.maisonmallet.com\/back05_01\/index.php?rest_route=%2Fwp%2Fv2%2Fevent_cat&post=11722"}],"curies":[{"name":"wp","href":"https:\/\/api.w.org\/{rel}","templated":true}]}}