{"id":13189,"date":"2020-08-20T15:59:15","date_gmt":"2020-08-20T19:59:15","guid":{"rendered":"https:\/\/nouveau.maisonmallet.com\/?post_type=event&#038;p=13189"},"modified":"2020-08-22T16:07:27","modified_gmt":"2020-08-22T20:07:27","slug":"levesque-emilien","status":"publish","type":"event","link":"https:\/\/nouveau.maisonmallet.com\/back05_01\/?event=levesque-emilien","title":{"rendered":"L\u00c9VESQUE, \u00c9milien"},"content":{"rendered":"<p>1942 &#8211; 2020<\/p>\n<p>L\u00c9VESQUE, \u00c9milien<\/p>\n<p>&nbsp;<\/p>\n<p>\u00c0 Sept-\u00celes (maison \u00c9lyme des sables), le 20 ao\u00fbt 2020, est d\u00e9c\u00e9d\u00e9 \u00e0 l\u2019\u00e2ge de 78 ans, monsieur \u00c9milien L\u00e9vesque fils de feu Herv\u00e9 L\u00e9vesque et de feu Lilianne Mailloux, domicili\u00e9 \u00e0 Sept-\u00celes.<\/p>\n<p>Les fun\u00e9railles de monsieur \u00c9milien L\u00e9vesque auront lieu le mardi 25 ao\u00fbt 2020 \u00e0 14 h en l\u2019\u00e9glise St-Joseph, situ\u00e9e au 535, ave. Brochu \u00e0 Sept-\u00celes et de l\u00e0 au cimeti\u00e8re Catholique de Sept-\u00celes.<\/p>\n<p>Selon ses volont\u00e9s, il a \u00e9t\u00e9 confi\u00e9 au cr\u00e9matorium de la Maison Mallet &amp; fils pour cr\u00e9mation.<\/p>\n<p>La famille re\u00e7oit parents et amis le lundi 24 ao\u00fbt 2020 de 19 h \u00e0 22 h. Le mardi 25 ao\u00fbt 2020 jour des fun\u00e9railles \u00e0 compter de 12 h 30 au Complexe Thanatologique Mallet &amp; fils du 585 Boul. Laure \u00e0 Sept-\u00celes.<\/p>\n<p><strong>D\u00fb aux circonstances reli\u00e9es \u00e0 la pand\u00e9mie, vous pouvez venir pr\u00e9senter vos condol\u00e9ances en respectant la distanciation sociale et le port du masque sera obligatoire.<\/strong><\/p>\n<p>Dans les deux situations,\u00a0les consignes de distanciation physique et le port du masque\u00a0seront\u00a0aussi obligatoires d\u00fb aux nouvelles indications du minist\u00e8re de la sant\u00e9 publique.<\/p>\n<p>Il laisse dans le deuil ses s\u0153urs\u00a0: Laur\u00e9anne, Rachel, Roselle (R\u00e9al Canuel) et Armande, son fr\u00e8re Bruno (Monique Landry), ses beaux-fr\u00e8res\u00a0: Jean-Louis L\u00e9vesque et Aldas M\u00e9nard, sa belle-s\u0153ur Jeanne L\u00e9vesque, son grand ami Johnson M\u00e9thot ainsi que plusieurs neveux, ni\u00e8ces et ami(e)s.<\/p>\n<p>Vos marques de sympathie peuvent se traduire par un don \u00e0 l\u2019\u00c9lyme des sables <a href=\"http:\/\/www.elymedessables.com\">www.elymedessables.com<\/a><\/p>\n<p>La famille tient \u00e0 remercier le personnel de L`\u00c9lyme des sables pour les bons soins apport\u00e9s.<\/p>\n<p>La famille a confi\u00e9 la direction des fun\u00e9railles aux services professionnels de la Maison Mallet &amp; fils du 585 boul. Laure \u00e0 Sept-\u00celes, maintenant reconnue Distinction et membre de la Corporation des Thanatologues du Qu\u00e9bec.<\/p>\n<p>Vous pouvez consulter cet avis de d\u00e9c\u00e8s sur le <a href=\"https:\/\/nouveau.maisonmallet.com\/back05_01\">www.maisonmallet.com<\/a><\/p>\n<p>Ceux et celles qui le d\u00e9sirent, peuvent y envoyer des messages de sympathie.<\/p>\n<p>&nbsp;<\/p>\n<p>&nbsp;<\/p>\n<p>&nbsp;<\/p>\n<hr \/>\n<p>Envoyer vos condol\u00e9ances<\/p>\n<p>[contact-form to=\u00a0\u00bbarmande2004@hotmail.com\u00a0\u00bb subject=\u00a0\u00bbCondol\u00e9ances \u00c9milien L\u00e9vesque\u00a0\u00bb][contact-field label=\u00a0\u00bbVotre nom\u00a0\u00bb type=\u00a0\u00bbname\u00a0\u00bb required=\u00a0\u00bb1&Prime;][contact-field label=\u00a0\u00bbVotre courriel\u00a0\u00bb type=\u00a0\u00bbemail\u00a0\u00bb required=\u00a0\u00bb1&Prime;][contact-field label=\u00a0\u00bbCondol\u00e9ances\u00a0\u00bb type=\u00a0\u00bbtextarea\u00a0\u00bb][\/contact-form]<\/p>\n","protected":false},"featured_media":13195,"template":"","event_cat":[6],"class_list":["post-13189","event","type-event","status-publish","has-post-thumbnail","hentry","event_cat-maison-mallet-et-fils-inc"],"_links":{"self":[{"href":"https:\/\/nouveau.maisonmallet.com\/back05_01\/index.php?rest_route=\/wp\/v2\/event\/13189","targetHints":{"allow":["GET"]}}],"collection":[{"href":"https:\/\/nouveau.maisonmallet.com\/back05_01\/index.php?rest_route=\/wp\/v2\/event"}],"about":[{"href":"https:\/\/nouveau.maisonmallet.com\/back05_01\/index.php?rest_route=\/wp\/v2\/types\/event"}],"wp:featuredmedia":[{"embeddable":true,"href":"https:\/\/nouveau.maisonmallet.com\/back05_01\/index.php?rest_route=\/wp\/v2\/media\/13195"}],"wp:attachment":[{"href":"https:\/\/nouveau.maisonmallet.com\/back05_01\/index.php?rest_route=%2Fwp%2Fv2%2Fmedia&parent=13189"}],"wp:term":[{"taxonomy":"event_cat","embeddable":true,"href":"https:\/\/nouveau.maisonmallet.com\/back05_01\/index.php?rest_route=%2Fwp%2Fv2%2Fevent_cat&post=13189"}],"curies":[{"name":"wp","href":"https:\/\/api.w.org\/{rel}","templated":true}]}}