{"id":13497,"date":"2020-09-01T19:53:31","date_gmt":"2020-09-01T23:53:31","guid":{"rendered":"https:\/\/nouveau.maisonmallet.com\/?post_type=event&#038;p=13497"},"modified":"2020-09-03T20:02:39","modified_gmt":"2020-09-04T00:02:39","slug":"cote-louise-masse","status":"publish","type":"event","link":"https:\/\/nouveau.maisonmallet.com\/back05_01\/?event=cote-louise-masse","title":{"rendered":"C\u00d4T\u00c9, Louise (Mass\u00e9)"},"content":{"rendered":"<p>1944 \u2013 2020<\/p>\n<p>C\u00d4T\u00c9, Louise (Mass\u00e9)<\/p>\n<p>&nbsp;<\/p>\n<p>\u00c0 Sept-\u00celes (r\u00e9sidence Gustave-Gauvreau), le 29 ao\u00fbt 2020, est d\u00e9c\u00e9d\u00e9e \u00e0 l\u2019\u00e2ge de 76 ans, madame Louise C\u00f4t\u00e9 \u00e9pouse de feu Michel Mass\u00e9 et domicili\u00e9e \u00e0 Sept-\u00celes.<\/p>\n<p>Selon ses volont\u00e9s, elle a \u00e9t\u00e9 confi\u00e9e au cr\u00e9matorium de le Maison Mallet &amp; fils pour cr\u00e9mation.<\/p>\n<p>Elle laisse dans le deuil son fils Steeve (Nancy Ross), ses petits-fils\u00a0: William et Keven, son fr\u00e8re Jacques (Gabrielle Brassard), sa s\u0153ur Johanne (Daniel Aubin) ainsi que ses belles-s\u0153urs\u00a0: Marcelle Mass\u00e9 , Nicole Mass\u00e9 (Andr\u00e9 William), Denise Mass\u00e9 (Gilles Sirois), Lise Mass\u00e9 (Yvon Girard), Diane Mass\u00e9, \u00c9velyne Chatigny et Diane C\u00f4t\u00e9, ses neveux, ses ni\u00e8ces, ses cousins, ses cousines et de nombreux ami(e)s.<\/p>\n<p>Vos marques de sympathie peuvent se traduire par un don \u00e0 l\u2019\u00c9lyme des sables <a href=\"http:\/\/www.elymedessables.com\">www.elymedessables.com<\/a><\/p>\n<p>La famille a confi\u00e9 la direction des fun\u00e9railles aux services professionnels de la Maison Mallet &amp; fils du 585 Boul. Laure \u00e0 Sept-\u00celes, maintenant reconnue Distinction et membre de la Corporation des Thanatologues du Qu\u00e9bec.<\/p>\n<p>Vous pouvez consulter cet avis de d\u00e9c\u00e8s sur le\u00a0: <a href=\"https:\/\/nouveau.maisonmallet.com\/back05_01\">www.maisonmallet.com<\/a><\/p>\n<p>Ceux et celles qui le d\u00e9sirent, peuvent y envoyer des messages de sympathie.<\/p>\n<p>&nbsp;<\/p>\n<hr \/>\n<p>Envoyer vos condol\u00e9ances<\/p>\n<p>[contact-form to=\u00a0\u00bbrossmasse@hotmail.com\u00a0\u00bb subject=\u00a0\u00bbCondol\u00e9ances Louise C\u00f4t\u00e9\u00a0\u00bb][contact-field label=\u00a0\u00bbVotre nom\u00a0\u00bb type=\u00a0\u00bbname\u00a0\u00bb required=\u00a0\u00bb1&Prime;][contact-field label=\u00a0\u00bbVotre courriel\u00a0\u00bb type=\u00a0\u00bbemail\u00a0\u00bb required=\u00a0\u00bb1&Prime;][contact-field label=\u00a0\u00bbCondol\u00e9ances\u00a0\u00bb type=\u00a0\u00bbtextarea\u00a0\u00bb][\/contact-form]<\/p>\n","protected":false},"featured_media":13506,"template":"","event_cat":[6],"class_list":["post-13497","event","type-event","status-publish","has-post-thumbnail","hentry","event_cat-maison-mallet-et-fils-inc"],"_links":{"self":[{"href":"https:\/\/nouveau.maisonmallet.com\/back05_01\/index.php?rest_route=\/wp\/v2\/event\/13497","targetHints":{"allow":["GET"]}}],"collection":[{"href":"https:\/\/nouveau.maisonmallet.com\/back05_01\/index.php?rest_route=\/wp\/v2\/event"}],"about":[{"href":"https:\/\/nouveau.maisonmallet.com\/back05_01\/index.php?rest_route=\/wp\/v2\/types\/event"}],"wp:featuredmedia":[{"embeddable":true,"href":"https:\/\/nouveau.maisonmallet.com\/back05_01\/index.php?rest_route=\/wp\/v2\/media\/13506"}],"wp:attachment":[{"href":"https:\/\/nouveau.maisonmallet.com\/back05_01\/index.php?rest_route=%2Fwp%2Fv2%2Fmedia&parent=13497"}],"wp:term":[{"taxonomy":"event_cat","embeddable":true,"href":"https:\/\/nouveau.maisonmallet.com\/back05_01\/index.php?rest_route=%2Fwp%2Fv2%2Fevent_cat&post=13497"}],"curies":[{"name":"wp","href":"https:\/\/api.w.org\/{rel}","templated":true}]}}