{"id":13982,"date":"2020-09-10T17:46:32","date_gmt":"2020-09-10T21:46:32","guid":{"rendered":"https:\/\/nouveau.maisonmallet.com\/?post_type=event&#038;p=13982"},"modified":"2020-09-17T12:12:32","modified_gmt":"2020-09-17T16:12:32","slug":"modele-nom-prenom-15","status":"publish","type":"event","link":"https:\/\/nouveau.maisonmallet.com\/back05_01\/?event=modele-nom-prenom-15","title":{"rendered":"GENDRON, Roland"},"content":{"rendered":"<p>1926 \u2013 2020<\/p>\n<p>GENDRON, Roland<\/p>\n<p>&nbsp;<\/p>\n<p>\u00c0 Sept-\u00celes (residence Gustave Gauvreau), le 9 septembre 2020, est d\u00e9c\u00e9d\u00e9 \u00e0 l\u2019\u00e2ge de 94 ans, monsieur Roland Gendron \u00e9poux de feu Madeleine Chamberland et domicili\u00e9 \u00e0 Sept-\u00celes.<\/p>\n<p>Les rituels fun\u00e9raires de monsieur Roland Gendron seront c\u00e9l\u00e9br\u00e9s en pr\u00e9sence de la famille, en toute intimit\u00e9.<\/p>\n<p>Selon ses volont\u00e9s, il a \u00e9t\u00e9 confi\u00e9 au cr\u00e9matorium de la Maison Mallet &amp; fils pour cr\u00e9mation.<\/p>\n<p>Il laisse dans le deuil ses enfants\u00a0: Bernard (Sherry Allen), Diane, Reine (Claude Maloney), Claude (Dani\u00e8le Ostiguy), Linda (Guy Girard), ses petits-enfants et arri\u00e8re-petits-enfants, ses ni\u00e8ces et ses neveux.<\/p>\n<p>Vos marques de sympathie peuvent se traduire par un don \u00e0 l\u2019\u00c9lyme des sables <a href=\"http:\/\/www.elymedessables.com\">www.elymedessables.com<\/a><\/p>\n<p>La famille remercie le Dre Ariane Gagnon-Trottier et le personnel de la r\u00e9sidence Gustave Gauvreau pour leur d\u00e9vouement et pour les bons soins prodigu\u00e9s \u00e0 notre p\u00e8re. Un remerciement sp\u00e9cial \u00e0 Mme Patricia Levesque Skelling qui s\u2019est jointe \u00e0 la famille pour prendre soin de notre p\u00e8re lorsqu\u2019il \u00e9tait \u00e0 la maison. Elle fut un ange pour nous tous.<\/p>\n<p>La famille a confi\u00e9 les arrangements aux services professionnels de la Maison Mallet &amp; fils du 585, Boul. Laure \u00e0 Sept-\u00celes, maintenant reconnue Distinction et membre de la Corporation des Thanatologues du Qu\u00e9bec.<\/p>\n<p>Vous pouvez consulter cet avis de d\u00e9c\u00e8s, sur le <a href=\"https:\/\/nouveau.maisonmallet.com\/back05_01\">www.maisonmallet.com<\/a><\/p>\n<p>Ceux et celles qui le d\u00e9sirent, peuvent y envoyer des messages de sympathie.<\/p>\n<p>&nbsp;<\/p>\n<hr \/>\n<p>Envoyer vos condol\u00e9ances<\/p>\n<p>[contact-form to=\u00a0\u00bbdiane_gendron@cgocable.ca\u00a0\u00bb subject=\u00a0\u00bbCondol\u00e9ances Roland Gendron\u00a0\u00bb][contact-field label=\u00a0\u00bbVotre nom\u00a0\u00bb type=\u00a0\u00bbname\u00a0\u00bb required=\u00a0\u00bb1&Prime;][contact-field label=\u00a0\u00bbVotre courriel\u00a0\u00bb type=\u00a0\u00bbemail\u00a0\u00bb required=\u00a0\u00bb1&Prime;][contact-field label=\u00a0\u00bbCondol\u00e9ances\u00a0\u00bb type=\u00a0\u00bbtextarea\u00a0\u00bb][\/contact-form]<\/p>\n","protected":false},"featured_media":14062,"template":"","event_cat":[6],"class_list":["post-13982","event","type-event","status-publish","has-post-thumbnail","hentry","event_cat-maison-mallet-et-fils-inc"],"_links":{"self":[{"href":"https:\/\/nouveau.maisonmallet.com\/back05_01\/index.php?rest_route=\/wp\/v2\/event\/13982","targetHints":{"allow":["GET"]}}],"collection":[{"href":"https:\/\/nouveau.maisonmallet.com\/back05_01\/index.php?rest_route=\/wp\/v2\/event"}],"about":[{"href":"https:\/\/nouveau.maisonmallet.com\/back05_01\/index.php?rest_route=\/wp\/v2\/types\/event"}],"wp:featuredmedia":[{"embeddable":true,"href":"https:\/\/nouveau.maisonmallet.com\/back05_01\/index.php?rest_route=\/wp\/v2\/media\/14062"}],"wp:attachment":[{"href":"https:\/\/nouveau.maisonmallet.com\/back05_01\/index.php?rest_route=%2Fwp%2Fv2%2Fmedia&parent=13982"}],"wp:term":[{"taxonomy":"event_cat","embeddable":true,"href":"https:\/\/nouveau.maisonmallet.com\/back05_01\/index.php?rest_route=%2Fwp%2Fv2%2Fevent_cat&post=13982"}],"curies":[{"name":"wp","href":"https:\/\/api.w.org\/{rel}","templated":true}]}}