{"id":14304,"date":"2020-09-19T09:42:05","date_gmt":"2020-09-19T13:42:05","guid":{"rendered":"https:\/\/nouveau.maisonmallet.com\/?post_type=event&#038;p=14304"},"modified":"2020-09-22T18:27:07","modified_gmt":"2020-09-22T22:27:07","slug":"modele-nom-prenom-19","status":"publish","type":"event","link":"https:\/\/nouveau.maisonmallet.com\/back05_01\/?event=modele-nom-prenom-19","title":{"rendered":"ANDR\u00c9, Thaddee"},"content":{"rendered":"<p>1945 \u2013 2020<\/p>\n<p>ANDR\u00c9, Thadd\u00e9e<\/p>\n<p>&nbsp;<\/p>\n<p>\u00c0 Ottawa, le 16 septembre 2020, est d\u00e9c\u00e9d\u00e9 \u00e0 l\u2019\u00e2ge de 74 ans, monsieur Thadd\u00e9e Andr\u00e9 conjoint de madame Arth\u00e9mise Fontaine et domicili\u00e9 \u00e0 Matimekush.<\/p>\n<p>Andr\u00e9 \u00e9tait un A\u00een\u00e9 respect\u00e9 et leader ayant lutt\u00e9 toute sa vie pour la dignit\u00e9 et l\u2019unit\u00e9 de son peuple. Le sort des enfants et la transmission de la culture, des savoirs traditionnels et de la langue \u00e9tait au c\u0153ur son combat. De plus, il a \u00e9t\u00e9 Utshemau (Chef) pour sa communaut\u00e9 Matimekush mak Lac-John et tntervenant en toxicomanie jusqu\u2019\u00e0 la fin de sa vie.<\/p>\n<p>Les fun\u00e9railles de monsieur Thadd\u00e9e Andr\u00e9 auront lieu le samedi 26 septembre 2020 \u00e0 14 h en l\u2019\u00e9glise Notre-Dame du Cap situ\u00e9e au 139, rue de l\u2019\u00c9glise \u00e0 Mani-Utenam et de l\u00e0 au cimeti\u00e8re de Mani-Utenam.<\/p>\n<p>La famille re\u00e7oit parents et amis le vendredi 25 septembre 2020 de 13 h \u00e0 16 h et de 19 h \u00e0 22 h. Le samedi 26 septembre 2020 jour des fun\u00e9railles \u00e0 compter de 12 h au Complexe Thanatologique Mallet &amp; fils du 585, Boul. Laure \u00e0 Sept-\u00celes.<\/p>\n<p>Il laisse dans le deuil outre sa conjointe madame Arth\u00e9mise Fontaine, son fils Pascal, sa fille Kathleen (Martial Fontaine), ses petits-enfants, ses arri\u00e8res petits-enfants, son fr\u00e8re Joseph-Paul\u00a0: \u00a0sa s\u0153ur Gis\u00e8le\u00a0: ainsi que ses beaux-fr\u00e8res, ses belles-s\u0153urs, ses neveux, ses ni\u00e8ces, ses cousins, ses cousines et de nombreux ami(e)s.<\/p>\n<p>La famille a confi\u00e9 la direction des fun\u00e9railles aux services professionnels de la Maison Mallet &amp; fils du 585, boul. Laure \u00e0 Sept-\u00celes, maintenant reconnue Distinction et membre de la Corporation des Thanatologues du Qu\u00e9bec.<\/p>\n<p>Vous pouvez consulter cet avis de d\u00e9c\u00e8s, sur le <a href=\"https:\/\/nouveau.maisonmallet.com\/back05_01\">www.maisonmallet.com<\/a><\/p>\n<p>Ceux et celles qui le d\u00e9sirent, peuvent y envoyer des messages de sympathie.<\/p>\n<p>&nbsp;<\/p>\n<p>&nbsp;<\/p>\n<hr \/>\n<p>Envoyer vos condol\u00e9ances<\/p>\n<p>[contact-form to=\u00a0\u00bbkanessamichel@gmail.com\u00a0\u00bb subject=\u00a0\u00bbCondol\u00e9ances Thaddee Andr\u00e9\u00a0\u00bb][contact-field label=\u00a0\u00bbVotre nom\u00a0\u00bb type=\u00a0\u00bbname\u00a0\u00bb required=\u00a0\u00bb1&Prime;][contact-field label=\u00a0\u00bbVotre courriel\u00a0\u00bb type=\u00a0\u00bbemail\u00a0\u00bb required=\u00a0\u00bb1&Prime;][contact-field label=\u00a0\u00bbCondol\u00e9ances\u00a0\u00bb type=\u00a0\u00bbtextarea\u00a0\u00bb][\/contact-form]<\/p>\n","protected":false},"featured_media":14364,"template":"","event_cat":[6],"class_list":["post-14304","event","type-event","status-publish","has-post-thumbnail","hentry","event_cat-maison-mallet-et-fils-inc"],"_links":{"self":[{"href":"https:\/\/nouveau.maisonmallet.com\/back05_01\/index.php?rest_route=\/wp\/v2\/event\/14304","targetHints":{"allow":["GET"]}}],"collection":[{"href":"https:\/\/nouveau.maisonmallet.com\/back05_01\/index.php?rest_route=\/wp\/v2\/event"}],"about":[{"href":"https:\/\/nouveau.maisonmallet.com\/back05_01\/index.php?rest_route=\/wp\/v2\/types\/event"}],"wp:featuredmedia":[{"embeddable":true,"href":"https:\/\/nouveau.maisonmallet.com\/back05_01\/index.php?rest_route=\/wp\/v2\/media\/14364"}],"wp:attachment":[{"href":"https:\/\/nouveau.maisonmallet.com\/back05_01\/index.php?rest_route=%2Fwp%2Fv2%2Fmedia&parent=14304"}],"wp:term":[{"taxonomy":"event_cat","embeddable":true,"href":"https:\/\/nouveau.maisonmallet.com\/back05_01\/index.php?rest_route=%2Fwp%2Fv2%2Fevent_cat&post=14304"}],"curies":[{"name":"wp","href":"https:\/\/api.w.org\/{rel}","templated":true}]}}