{"id":15554,"date":"2020-11-05T16:07:02","date_gmt":"2020-11-05T21:07:02","guid":{"rendered":"https:\/\/nouveau.maisonmallet.com\/?post_type=event&#038;p=15554"},"modified":"2020-11-07T10:10:29","modified_gmt":"2020-11-07T15:10:29","slug":"perreault-nicole-ross","status":"publish","type":"event","link":"https:\/\/nouveau.maisonmallet.com\/back05_01\/?event=perreault-nicole-ross","title":{"rendered":"PERREAULT, Nicole (Ross)"},"content":{"rendered":"<p>1943 &#8211; 2020<\/p>\n<p>PERREAULT, Nicole (ROSS)<\/p>\n<p>&nbsp;<\/p>\n<p>\u00c0 Sept-\u00celes (maison \u00c9lyme des sables), le 5 novembre 2020, est d\u00e9c\u00e9d\u00e9e \u00e0 l\u2019\u00e2ge de 77 ans, madame Nicole Perreault \u00e9pouse de monsieur Lazare Ross et domicili\u00e9e \u00e0 Sept-\u00celes.<\/p>\n<p>Les fun\u00e9railles de madame Nicole Perreault Ross auront lieu le mardi 10 novembre 2020 \u00e0 14 h en l\u2019\u00e9glise Marie-Immacul\u00e9e situ\u00e9e au 180, rue Papineau \u00e0 Sept-\u00celes.<\/p>\n<p>La famille re\u00e7oit parents et amis le lundi 9 novembre 2020 de 13 h \u00e0 16 h et de 19 h \u00e0 22 h. Le mardi 10 novembre 2020 jour des fun\u00e9railles \u00e0 compter de 12 h au Complexe Thanatologique Mallet &amp; fils du 585, boul. Laure \u00e0 Sept-\u00celes.<\/p>\n<p><strong><u>D\u00fb aux circonstances reli\u00e9es \u00e0 la pand\u00e9mie, vous pouvez venir pr\u00e9senter vos condol\u00e9ances en respectant la distanciation sociale et le port du masque sera obligatoire.<\/u><\/strong><\/p>\n<p>Elle laisse dans le deuil outre son \u00e9poux monsieur Lazare Ross, ses enfants\u00a0: Guy, Louise (Martin Simard), Michel (Jennifer Lavall\u00e9e) et H\u00e9l\u00e8ne (J\u00e9r\u00f4me Vigneault), ses petits-enfants\u00a0: Alexandra, Charlotte, Antoine, Maxence, Simon-Olivier, Victor et Juliette, ses s\u0153urs, ses beaux-fr\u00e8res, ses belles-s\u0153urs ainsi que ses neveux, ses ni\u00e8ces, ses cousins, ses cousines et de nombreux ami(e)s.<\/p>\n<p>Vos marques de sympathie peuvent se traduire par un don \u00e0 l\u2019\u00c9lyme des sables <a href=\"http:\/\/www.elymedessables.com\">www.elymedessables.com<\/a> et ou \u00e0 La fondation r\u00e9gionale h\u00f4pital Sept-\u00celes <a href=\"http:\/\/www.fondationsept-iles.qc.ca\">www.fondationsept-iles.qc.ca<\/a><\/p>\n<p>La famille a confi\u00e9 la direction des fun\u00e9railles aux services professionnels de la Maison Mallet &amp; fils du 585, boul. Laure \u00e0 Sept-\u00celes, maintenant reconnue Distinction et membre de la Corporation des Thanatologues du Qu\u00e9bec.<\/p>\n<p>Vous pouvez consulter cet avis de d\u00e9c\u00e8s sur le <a href=\"https:\/\/nouveau.maisonmallet.com\/back05_01\">www.maisonmallet.com<\/a><\/p>\n<p>Ceux et celles qui le d\u00e9sirent peuvent y envoyer des messages de sympathie.<\/p>\n<p>&nbsp;<\/p>\n<p>&nbsp;<\/p>\n<hr \/>\n<p>Envoyer vos condol\u00e9ances<\/p>\n<p>[contact-form to=\u00a0\u00bbhross24@hotmail.com\u00a0\u00bb subject=\u00a0\u00bbCondol\u00e9ances Nicole Perreault\u00a0\u00bb][contact-field label=\u00a0\u00bbVotre nom\u00a0\u00bb type=\u00a0\u00bbname\u00a0\u00bb required=\u00a0\u00bb1&Prime;][contact-field label=\u00a0\u00bbVotre courriel\u00a0\u00bb type=\u00a0\u00bbemail\u00a0\u00bb required=\u00a0\u00bb1&Prime;][contact-field label=\u00a0\u00bbCondol\u00e9ances\u00a0\u00bb type=\u00a0\u00bbtextarea\u00a0\u00bb][\/contact-form]<\/p>\n","protected":false},"featured_media":15668,"template":"","event_cat":[6],"class_list":["post-15554","event","type-event","status-publish","has-post-thumbnail","hentry","event_cat-maison-mallet-et-fils-inc"],"_links":{"self":[{"href":"https:\/\/nouveau.maisonmallet.com\/back05_01\/index.php?rest_route=\/wp\/v2\/event\/15554","targetHints":{"allow":["GET"]}}],"collection":[{"href":"https:\/\/nouveau.maisonmallet.com\/back05_01\/index.php?rest_route=\/wp\/v2\/event"}],"about":[{"href":"https:\/\/nouveau.maisonmallet.com\/back05_01\/index.php?rest_route=\/wp\/v2\/types\/event"}],"wp:featuredmedia":[{"embeddable":true,"href":"https:\/\/nouveau.maisonmallet.com\/back05_01\/index.php?rest_route=\/wp\/v2\/media\/15668"}],"wp:attachment":[{"href":"https:\/\/nouveau.maisonmallet.com\/back05_01\/index.php?rest_route=%2Fwp%2Fv2%2Fmedia&parent=15554"}],"wp:term":[{"taxonomy":"event_cat","embeddable":true,"href":"https:\/\/nouveau.maisonmallet.com\/back05_01\/index.php?rest_route=%2Fwp%2Fv2%2Fevent_cat&post=15554"}],"curies":[{"name":"wp","href":"https:\/\/api.w.org\/{rel}","templated":true}]}}