{"id":17692,"date":"2021-01-12T17:10:24","date_gmt":"2021-01-12T22:10:24","guid":{"rendered":"https:\/\/nouveau.maisonmallet.com\/?post_type=event&#038;p=17692"},"modified":"2021-01-13T19:35:21","modified_gmt":"2021-01-14T00:35:21","slug":"richard-monique-doucet","status":"publish","type":"event","link":"https:\/\/nouveau.maisonmallet.com\/back05_01\/?event=richard-monique-doucet","title":{"rendered":"RICHARD, Monique (Doucet)"},"content":{"rendered":"<p>1949 \u2013 2021<\/p>\n<p>RICHARD, Monique (Doucet)<\/p>\n<p>&nbsp;<\/p>\n<p>\u00c0 Sept-\u00celes (maison \u00c9lyme des sables), le 12 janvier 2021, est d\u00e9c\u00e9d\u00e9e \u00e0 l\u2019\u00e2ge de 71 ans, madame Monique Richard \u00e9pouse de monsieur Mauril Doucet et domicili\u00e9e \u00e0 Sept-\u00celes.<\/p>\n<p>&nbsp;<\/p>\n<p><strong><u>\u00c9tant donn\u00e9e la situation de crise entourant le COVID-19 et par souci de se conformer aux recommandations gouvernementales en mati\u00e8re de rassemblements int\u00e9rieurs et des mesures d\u2019hygi\u00e8ne strictes pour les visiteurs, les rituels fun\u00e9raires de madame Monique Richard Doucet auront lieu dans la plus stricte intimit\u00e9 et sur invitation seulement pour confirmer votre pr\u00e9sence veuillez communiquer avec madame Chantal Doucet au 438-580-5684.<\/u><\/strong><\/p>\n<p>&nbsp;<\/p>\n<p>Selon ses volont\u00e9s, elle a \u00e9t\u00e9 confi\u00e9e au cr\u00e9matorium de la Maison Mallet &amp; fils pour cr\u00e9mation.<\/p>\n<p>&nbsp;<\/p>\n<p>Elle laisse dans le deuil outre son \u00e9poux monsieur Mauril Doucet, ses fils\u00a0: Richard (Corinne Simard) et Sabin, ses filles Chantal (\u00c9ric Allen) et Annik (Patrick Houle), ses petits-enfants\u00a0: Marc-Antoine (\u00c9lodie), Aubrey, Marie-Maude (Marc-Antoine), Raphael, Philippe, Marie, Philippe, Rose, Samuel, \u00c9milie, \u00c9ve, William et Charles, ses arri\u00e8re-petits-enfants\u00a0: James et Gaby ainsi que ses fr\u00e8res, ses s\u0153urs, ses beaux-fr\u00e8res, ses belles-s\u0153urs, ses neveux, ses ni\u00e8ces, ses cousins, ses cousines, et de nombreux ami(e)s.<\/p>\n<p>&nbsp;<\/p>\n<p>Vos marques de sympathie peuvent se traduire par un don \u00e0 l\u2019\u00c9lyme des sables <a href=\"http:\/\/www.elymedessables.com\">www.elymedessables.com<\/a> et ou \u00e0 la soci\u00e9t\u00e9 Alzheimer Cote-Nord <a href=\"http:\/\/www.societealzheimercotenord.com\">www.societealzheimercotenord.com<\/a><\/p>\n<p>&nbsp;<\/p>\n<p>La famille a confi\u00e9 les arrangements aux services professionnels de la Maison Mallet &amp; fils du 585 Boul. Laure \u00e0 Sept-\u00celes, maintenant reconnue Distinction et membre de la Corporation des Thanatologues du Qu\u00e9bec.<\/p>\n<p>&nbsp;<\/p>\n<p>Vous pouvez consulter cet avis de d\u00e9c\u00e8s sur le\u00a0: <a href=\"https:\/\/nouveau.maisonmallet.com\/back05_01\">www.maisonmallet.com<\/a><\/p>\n<p>&nbsp;<\/p>\n<p>Ceux et celles qui le d\u00e9sirent, peuvent y envoyer des messages de sympathie.<\/p>\n<p>&nbsp;<\/p>\n<hr \/>\n<p>Envoyer vos condol\u00e9ances<\/p>\n<p>[contact-form to=\u00a0\u00bbmauril.doucet@cgocable.ca\u00a0\u00bb subject=\u00a0\u00bbCondol\u00e9ances Monique Richard\u00a0\u00bb][contact-field label=\u00a0\u00bbVotre nom\u00a0\u00bb type=\u00a0\u00bbname\u00a0\u00bb required=\u00a0\u00bb1&Prime;][contact-field label=\u00a0\u00bbVotre courriel\u00a0\u00bb type=\u00a0\u00bbemail\u00a0\u00bb required=\u00a0\u00bb1&Prime;][contact-field label=\u00a0\u00bbCondol\u00e9ances\u00a0\u00bb type=\u00a0\u00bbtextarea\u00a0\u00bb][\/contact-form]<\/p>\n","protected":false},"featured_media":17711,"template":"","event_cat":[6],"class_list":["post-17692","event","type-event","status-publish","has-post-thumbnail","hentry","event_cat-maison-mallet-et-fils-inc"],"_links":{"self":[{"href":"https:\/\/nouveau.maisonmallet.com\/back05_01\/index.php?rest_route=\/wp\/v2\/event\/17692","targetHints":{"allow":["GET"]}}],"collection":[{"href":"https:\/\/nouveau.maisonmallet.com\/back05_01\/index.php?rest_route=\/wp\/v2\/event"}],"about":[{"href":"https:\/\/nouveau.maisonmallet.com\/back05_01\/index.php?rest_route=\/wp\/v2\/types\/event"}],"wp:featuredmedia":[{"embeddable":true,"href":"https:\/\/nouveau.maisonmallet.com\/back05_01\/index.php?rest_route=\/wp\/v2\/media\/17711"}],"wp:attachment":[{"href":"https:\/\/nouveau.maisonmallet.com\/back05_01\/index.php?rest_route=%2Fwp%2Fv2%2Fmedia&parent=17692"}],"wp:term":[{"taxonomy":"event_cat","embeddable":true,"href":"https:\/\/nouveau.maisonmallet.com\/back05_01\/index.php?rest_route=%2Fwp%2Fv2%2Fevent_cat&post=17692"}],"curies":[{"name":"wp","href":"https:\/\/api.w.org\/{rel}","templated":true}]}}