{"id":18015,"date":"2021-01-25T08:27:41","date_gmt":"2021-01-25T13:27:41","guid":{"rendered":"https:\/\/nouveau.maisonmallet.com\/?post_type=event&#038;p=18015"},"modified":"2021-01-28T15:33:14","modified_gmt":"2021-01-28T20:33:14","slug":"andre-yvonne-vollant","status":"publish","type":"event","link":"https:\/\/nouveau.maisonmallet.com\/back05_01\/?event=andre-yvonne-vollant","title":{"rendered":"ANDR\u00c9, Yvonne (Vollant)"},"content":{"rendered":"<p>1935 &#8211; 2021<\/p>\n<p>ANDR\u00c9, Yvonne (Vollant)<\/p>\n<p>&nbsp;<\/p>\n<p>\u00c0 Uashat, le 24 janvier 2021, est d\u00e9c\u00e9d\u00e9e \u00e0 l\u2019\u00e2ge de 85 ans madame Yvonne Andr\u00e9 \u00e9pouse de feu Bernard Vollant et domicili\u00e9e \u00e0 Uashat.<\/p>\n<p>&nbsp;<\/p>\n<p><strong><u>\u00c9tant donn\u00e9e la situation de crise entourant le COVID-19 et par souci de se conformer aux recommandations gouvernementales en mati\u00e8re de rassemblements int\u00e9rieurs et des mesures d\u2019hygi\u00e8ne strictes pour les visiteurs, les rituels fun\u00e9raires de madame Yvonne Andr\u00e9 Vollant auront lieu dans la plus stricte intimit\u00e9 et sur invitation seulement.<\/u><\/strong><\/p>\n<p>&nbsp;<\/p>\n<p>Elle laisse dans le deuil ses fils\u00a0: Tommy, Serge (M\u00e9lissa Gr\u00e9goire), Mo\u00efse (Genevi\u00e8ve McKenzie), Gilbert (Nancy Desterres) et Zacharie, ses filles\u00a0: Th\u00e9r\u00e8se (feu Renaud Ringuette), Jenny, ses trente-six petits-enfants, ses quarante-trois arri\u00e8re-petits-enfants ainsi que ses fr\u00e8res\u00a0: Benoit et Luc, ses s\u0153urs\u00a0: Elizabeth, Marie-Louise (Georges Roy), Philom\u00e8ne, V\u00e9ronique (Albert Vollant), Agn\u00e8s, Marie (Doris Fontaine) et Brigitte (Richard Verreault), ses beaux-fr\u00e8res, ses belles-s\u0153urs, ses neveux, ses ni\u00e8ces, ses cousins, ses cousines et de nombreux ami(e)s.<\/p>\n<p>&nbsp;<\/p>\n<p>Elle \u00e9tait la m\u00e8re de feu Mario Vollant (Liette St-Onge).<\/p>\n<p>&nbsp;<\/p>\n<p>La famille a confi\u00e9 la direction des fun\u00e9railles aux services professionnels de la Maison Mallet &amp; fils du 585, boul. Laure \u00e0 Sept-\u00celes, maintenant reconnue Distinction et membre de la Corporation des Thanatologues du Qu\u00e9bec.<\/p>\n<p>&nbsp;<\/p>\n<p>Vous pouvez consulter cet avis de d\u00e9c\u00e8s, sur le <a href=\"https:\/\/nouveau.maisonmallet.com\/back05_01\">www.maisonmallet.com<\/a><\/p>\n<p>&nbsp;<\/p>\n<p>Ceux et celles qui le d\u00e9sirent, peuvent y envoyer des messages de sympathie.<\/p>\n<p>&nbsp;<\/p>\n<hr \/>\n<p>Envoyer vos condol\u00e9ances<\/p>\n<p>[contact-form to=\u00a0\u00bbtheresevollant@hotmail.com\u00a0\u00bb subject=\u00a0\u00bbCondol\u00e9ances Yvonne Andr\u00e9\u00a0\u00bb][contact-field label=\u00a0\u00bbVotre nom\u00a0\u00bb type=\u00a0\u00bbname\u00a0\u00bb required=\u00a0\u00bb1&Prime;][contact-field label=\u00a0\u00bbVotre courriel\u00a0\u00bb type=\u00a0\u00bbemail\u00a0\u00bb required=\u00a0\u00bb1&Prime;][contact-field label=\u00a0\u00bbCondol\u00e9ances\u00a0\u00bb type=\u00a0\u00bbtextarea\u00a0\u00bb][\/contact-form]<\/p>\n","protected":false},"featured_media":18095,"template":"","event_cat":[6],"class_list":["post-18015","event","type-event","status-publish","has-post-thumbnail","hentry","event_cat-maison-mallet-et-fils-inc"],"_links":{"self":[{"href":"https:\/\/nouveau.maisonmallet.com\/back05_01\/index.php?rest_route=\/wp\/v2\/event\/18015","targetHints":{"allow":["GET"]}}],"collection":[{"href":"https:\/\/nouveau.maisonmallet.com\/back05_01\/index.php?rest_route=\/wp\/v2\/event"}],"about":[{"href":"https:\/\/nouveau.maisonmallet.com\/back05_01\/index.php?rest_route=\/wp\/v2\/types\/event"}],"wp:featuredmedia":[{"embeddable":true,"href":"https:\/\/nouveau.maisonmallet.com\/back05_01\/index.php?rest_route=\/wp\/v2\/media\/18095"}],"wp:attachment":[{"href":"https:\/\/nouveau.maisonmallet.com\/back05_01\/index.php?rest_route=%2Fwp%2Fv2%2Fmedia&parent=18015"}],"wp:term":[{"taxonomy":"event_cat","embeddable":true,"href":"https:\/\/nouveau.maisonmallet.com\/back05_01\/index.php?rest_route=%2Fwp%2Fv2%2Fevent_cat&post=18015"}],"curies":[{"name":"wp","href":"https:\/\/api.w.org\/{rel}","templated":true}]}}