{"id":18089,"date":"2021-01-25T14:23:51","date_gmt":"2021-01-25T19:23:51","guid":{"rendered":"https:\/\/nouveau.maisonmallet.com\/?post_type=event&#038;p=18089"},"modified":"2021-01-28T14:29:24","modified_gmt":"2021-01-28T19:29:24","slug":"methot-fernand","status":"publish","type":"event","link":"https:\/\/nouveau.maisonmallet.com\/back05_01\/?event=methot-fernand","title":{"rendered":"M\u00c9THOT, Fernand"},"content":{"rendered":"<p>1951 \u2013 2021<\/p>\n<p>M\u00c9THOT, Fernand<\/p>\n<p>&nbsp;<\/p>\n<p>\u00c0 Sept-\u00celes (maison \u00c9lyme des sables), le 25 janvier 2021, est d\u00e9c\u00e9d\u00e9 \u00e0 l\u2019\u00e2ge de 69 ans, monsieur Fernand M\u00e9thot fils de feu Napol\u00e9on M\u00e9thot et de madame Laurette Landry domicili\u00e9 \u00e0 Longue-Pointe-de-Mingan.<\/p>\n<p>Les fun\u00e9railles de monsieur Fernand M\u00e9thot auront lieu \u00e0 une date ult\u00e9rieure.<\/p>\n<p>Selon ses volont\u00e9s, il a \u00e9t\u00e9 confi\u00e9 au cr\u00e9matorium de la maison Mallet &amp; fils pour cr\u00e9mation.<\/p>\n<p>Il laisse dans le deuil sa m\u00e8re madame Laurette Landry M\u00e9thot, sa s\u0153ur Delvina (Arcade Boudreau), ses fr\u00e8res\u00a0: Jean-Marie et Serge, sa belle-s\u0153ur Manon Cousineau ainsi que sa ni\u00e8ce V\u00e9ronique (Dany Gauvin), ses neveux\u00a0: Keven (Marie-Philippe Jourdain leur fille \u00c9liane M\u00e9thot) et Fran\u00e7ois, ses oncles, ses tantes, ses cousins, ses cousines et de nombreux ami(e)s.<\/p>\n<p>Il \u00e9tait le fr\u00e8re de feu Gabriel M\u00e9thot.<\/p>\n<p>La famille a confi\u00e9 les arrangements aux services professionnels de la Maison Mallet &amp; fils du 585 Boul. Laure \u00e0 Sept-\u00celes, maintenant reconnue Distinction et membre de la Corporation des Thanatologues du Qu\u00e9bec.<\/p>\n<p>Vous pouvez consulter cet avis de d\u00e9c\u00e8s sur le\u00a0: <a href=\"https:\/\/nouveau.maisonmallet.com\/back05_01\">www.maisonmallet.com<\/a><\/p>\n<p>Ceux et celles qui le d\u00e9sirent, peuvent y envoyer des messages de sympathie.<\/p>\n<p>&nbsp;<\/p>\n<hr \/>\n<p>Envoyer vos condol\u00e9ances<\/p>\n<p>[contact-form to=\u00a0\u00bbdelvi12@hotmail.fr\u00a0\u00bb subject=\u00a0\u00bbCondol\u00e9ances Fernand M\u00e9thot\u00a0\u00bb][contact-field label=\u00a0\u00bbVotre nom\u00a0\u00bb type=\u00a0\u00bbname\u00a0\u00bb required=\u00a0\u00bb1&Prime;][contact-field label=\u00a0\u00bbVotre courriel\u00a0\u00bb type=\u00a0\u00bbemail\u00a0\u00bb required=\u00a0\u00bb1&Prime;][contact-field label=\u00a0\u00bbCondol\u00e9ances\u00a0\u00bb type=\u00a0\u00bbtextarea\u00a0\u00bb][\/contact-form]<\/p>\n","protected":false},"featured_media":18092,"template":"","event_cat":[6],"class_list":["post-18089","event","type-event","status-publish","has-post-thumbnail","hentry","event_cat-maison-mallet-et-fils-inc"],"_links":{"self":[{"href":"https:\/\/nouveau.maisonmallet.com\/back05_01\/index.php?rest_route=\/wp\/v2\/event\/18089","targetHints":{"allow":["GET"]}}],"collection":[{"href":"https:\/\/nouveau.maisonmallet.com\/back05_01\/index.php?rest_route=\/wp\/v2\/event"}],"about":[{"href":"https:\/\/nouveau.maisonmallet.com\/back05_01\/index.php?rest_route=\/wp\/v2\/types\/event"}],"wp:featuredmedia":[{"embeddable":true,"href":"https:\/\/nouveau.maisonmallet.com\/back05_01\/index.php?rest_route=\/wp\/v2\/media\/18092"}],"wp:attachment":[{"href":"https:\/\/nouveau.maisonmallet.com\/back05_01\/index.php?rest_route=%2Fwp%2Fv2%2Fmedia&parent=18089"}],"wp:term":[{"taxonomy":"event_cat","embeddable":true,"href":"https:\/\/nouveau.maisonmallet.com\/back05_01\/index.php?rest_route=%2Fwp%2Fv2%2Fevent_cat&post=18089"}],"curies":[{"name":"wp","href":"https:\/\/api.w.org\/{rel}","templated":true}]}}