{"id":18633,"date":"2021-02-16T13:42:16","date_gmt":"2021-02-16T18:42:16","guid":{"rendered":"https:\/\/nouveau.maisonmallet.com\/?post_type=event&#038;p=18633"},"modified":"2021-02-19T13:52:08","modified_gmt":"2021-02-19T18:52:08","slug":"goupil-camille","status":"publish","type":"event","link":"https:\/\/nouveau.maisonmallet.com\/back05_01\/?event=goupil-camille","title":{"rendered":"GOUPIL, Camille"},"content":{"rendered":"<p>1935 &#8211; 2021<\/p>\n<p>GOUPIL, Camille<\/p>\n<p>&nbsp;<\/p>\n<p>&nbsp;<\/p>\n<p>\u00c0 Sept-\u00celes, le 16 f\u00e9vrier 2021, est d\u00e9c\u00e9d\u00e9 \u00e0 l\u2019\u00e2ge de 85 ans, monsieur Camille Goupil \u00e9poux de feue Annette Boudreau et domicili\u00e9 \u00e0 Sept-\u00celes.<\/p>\n<p><strong><u>\u00c9tant donn\u00e9e la situation de crise entourant le COVID-19 et par souci de se conformer aux recommandations gouvernementales en mati\u00e8re de rassemblements int\u00e9rieurs et des mesures d\u2019hygi\u00e8ne strictes pour les visiteurs, les rituels fun\u00e9raires de monsieur Camille Goupil auront lieu dans la plus stricte intimit\u00e9 et sur invitation seulement.<\/u><\/strong><\/p>\n<p>Selon ses volont\u00e9s, il a \u00e9t\u00e9 confi\u00e9 au cr\u00e9matorium de la maison Mallet &amp; fils pour cr\u00e9mation.<\/p>\n<p>Il laisse dans le deuil son fils Bruno (Pauline Boland), sa fille Doroth\u00e9e (\u00c9ric Dufour), sa petite-fille V\u00e9ronick (Sylvain Charron), ses petits-fils\u00a0: Billy, Jean-S\u00e9bastien, Jonathan, Mathieu (S\u00e9bastien Veilleux) et Justin, son arri\u00e8re petit-fils Math\u00e9o, son arri\u00e8re-petite-fille Mah\u00e9e-Jade ainsi que ses beaux-fr\u00e8res, ses belles-s\u0153urs, ses neveux, ses ni\u00e8ces, ses cousins, ses cousines et de nombreux ami(e)s.<\/p>\n<p>Vos marques de sympathie peuvent se traduire par un don \u00e0 l\u2019Association du cancer Est du Qu\u00e9bec <a href=\"http:\/\/www.aceq.org\">www.aceq.org<\/a><\/p>\n<p>La famille a confi\u00e9 les arrangements aux services professionnels de la Maison Mallet &amp; fils du 585 Boul. Laure \u00e0 Sept-\u00celes, maintenant reconnue Distinction et membre de la Corporation des Thanatologues du Qu\u00e9bec.<\/p>\n<p>Vous pouvez consulter cet avis de d\u00e9c\u00e8s sur le <a href=\"https:\/\/nouveau.maisonmallet.com\/back05_01\">www.maisonmallet.com<\/a><\/p>\n<p>Ceux et celles qui le d\u00e9sirent, peuvent y envoyer des messages de sympathie.<\/p>\n<p>&nbsp;<\/p>\n<p>&nbsp;<\/p>\n<hr \/>\n<p>Envoyer vos condol\u00e9ances<\/p>\n<p>[contact-form to=\u00a0\u00bbdorotheegoupil@hotmail.com\u00a0\u00bb subject=\u00a0\u00bbCondol\u00e9ances Camille Goupil\u00a0\u00bb][contact-field label=\u00a0\u00bbVotre nom\u00a0\u00bb type=\u00a0\u00bbname\u00a0\u00bb required=\u00a0\u00bb1&Prime;][contact-field label=\u00a0\u00bbVotre courriel\u00a0\u00bb type=\u00a0\u00bbemail\u00a0\u00bb required=\u00a0\u00bb1&Prime;][contact-field label=\u00a0\u00bbCondol\u00e9ances\u00a0\u00bb type=\u00a0\u00bbtextarea\u00a0\u00bb][\/contact-form]<\/p>\n","protected":false},"featured_media":18636,"template":"","event_cat":[6],"class_list":["post-18633","event","type-event","status-publish","has-post-thumbnail","hentry","event_cat-maison-mallet-et-fils-inc"],"_links":{"self":[{"href":"https:\/\/nouveau.maisonmallet.com\/back05_01\/index.php?rest_route=\/wp\/v2\/event\/18633","targetHints":{"allow":["GET"]}}],"collection":[{"href":"https:\/\/nouveau.maisonmallet.com\/back05_01\/index.php?rest_route=\/wp\/v2\/event"}],"about":[{"href":"https:\/\/nouveau.maisonmallet.com\/back05_01\/index.php?rest_route=\/wp\/v2\/types\/event"}],"wp:featuredmedia":[{"embeddable":true,"href":"https:\/\/nouveau.maisonmallet.com\/back05_01\/index.php?rest_route=\/wp\/v2\/media\/18636"}],"wp:attachment":[{"href":"https:\/\/nouveau.maisonmallet.com\/back05_01\/index.php?rest_route=%2Fwp%2Fv2%2Fmedia&parent=18633"}],"wp:term":[{"taxonomy":"event_cat","embeddable":true,"href":"https:\/\/nouveau.maisonmallet.com\/back05_01\/index.php?rest_route=%2Fwp%2Fv2%2Fevent_cat&post=18633"}],"curies":[{"name":"wp","href":"https:\/\/api.w.org\/{rel}","templated":true}]}}