{"id":19019,"date":"2021-02-24T09:07:57","date_gmt":"2021-02-24T14:07:57","guid":{"rendered":"https:\/\/nouveau.maisonmallet.com\/?post_type=event&#038;p=19019"},"modified":"2021-02-27T17:04:51","modified_gmt":"2021-02-27T22:04:51","slug":"levesque-fabienne","status":"publish","type":"event","link":"https:\/\/nouveau.maisonmallet.com\/back05_01\/?event=levesque-fabienne","title":{"rendered":"L\u00c9VESQUE, Fabienne"},"content":{"rendered":"<p>1927 \u2013 2021<\/p>\n<p>L\u00c9VESQUE, Fabienne<\/p>\n<p>&nbsp;<\/p>\n<p>\u00c0 Sept-\u00celes, le 24 f\u00e9vrier 2021, est d\u00e9c\u00e9d\u00e9e \u00e0 l\u2019\u00e2ge de 93 ans, madame Fabienne L\u00e9vesque \u00e9pouse de feu Bertrand Parent et domicili\u00e9e \u00e0 Sept-\u00celes.<\/p>\n<p>Les fun\u00e9railles de madame Fabienne L\u00e9vesque auront lieu le mercredi 3 mars 2021 \u00e0 14 h en l\u2019\u00e9glise St-Joseph situ\u00e9e au 535, ave. Brochu \u00e0 Sept-\u00celes.<\/p>\n<p><strong><u>D\u00fb aux circonstances actuelles reli\u00e9es \u00e0 la pand\u00e9mie, vous pouvez assister aux fun\u00e9railles de madame Fabienne L\u00e9vesque en respectant la distanciation physique et le port du masque. Cependant le nombre de personnes pr\u00e9sentes \u00e0 l&rsquo;int\u00e9rieur de l\u2019\u00e9glise St-Joseph ne pourra exc\u00e9der 25 personnes, les membres de la famille ayant la priorit\u00e9.\u00a0\u00a0<\/u><\/strong><\/p>\n<p>Selon ses volont\u00e9s, elle a \u00e9t\u00e9 confi\u00e9e au cr\u00e9matorium de la Maison Mallet &amp; fils pour cr\u00e9mation.<\/p>\n<p>Elle laisse dans le deuil son fils Marcel (Diane Presseault), ses filles Anne (Carol Martin), Marie-Chantale et Clodine (Sammy Sama\u00ef), ses petits-enfants, ses arri\u00e8re-petits-enfants, ainsi que ses beaux-fr\u00e8res, ses neveux, ses ni\u00e8ces, autres parents et ami(e)s.<\/p>\n<p>Elle \u00e9tait la m\u00e8re de feu Francis (Nicole Blanchette)<\/p>\n<p>La famille a confi\u00e9 la direction des fun\u00e9railles aux services professionnels de la Maison Mallet &amp; fils du 585 boul. Laure \u00e0 Sept-\u00celes, maintenant reconnue Distinction et membre de la Corporation des Thanatologues du Qu\u00e9bec.<\/p>\n<p>Vous pouvez consulter cet avis de d\u00e9c\u00e8s sur le <a href=\"https:\/\/nouveau.maisonmallet.com\/back05_01\">www.maisonmallet.com<\/a><\/p>\n<p>Ceux et celles qui le d\u00e9sirent, peuvent y envoyer des messages de sympathie.<\/p>\n<p>&nbsp;<\/p>\n<hr \/>\n<p>Envoyer vos condol\u00e9ances<\/p>\n<p>[contact-form to=\u00a0\u00bbanneparent1@hotmail.com\u00a0\u00bb subject=\u00a0\u00bbCondol\u00e9ances Fabienne L\u00e9vesque\u00a0\u00bb][contact-field label=\u00a0\u00bbVotre nom\u00a0\u00bb type=\u00a0\u00bbname\u00a0\u00bb required=\u00a0\u00bb1&Prime;][contact-field label=\u00a0\u00bbVotre courriel\u00a0\u00bb type=\u00a0\u00bbemail\u00a0\u00bb required=\u00a0\u00bb1&Prime;][contact-field label=\u00a0\u00bbCondol\u00e9ances\u00a0\u00bb type=\u00a0\u00bbtextarea\u00a0\u00bb][\/contact-form]<\/p>\n","protected":false},"featured_media":19173,"template":"","event_cat":[6],"class_list":["post-19019","event","type-event","status-publish","has-post-thumbnail","hentry","event_cat-maison-mallet-et-fils-inc"],"_links":{"self":[{"href":"https:\/\/nouveau.maisonmallet.com\/back05_01\/index.php?rest_route=\/wp\/v2\/event\/19019","targetHints":{"allow":["GET"]}}],"collection":[{"href":"https:\/\/nouveau.maisonmallet.com\/back05_01\/index.php?rest_route=\/wp\/v2\/event"}],"about":[{"href":"https:\/\/nouveau.maisonmallet.com\/back05_01\/index.php?rest_route=\/wp\/v2\/types\/event"}],"wp:featuredmedia":[{"embeddable":true,"href":"https:\/\/nouveau.maisonmallet.com\/back05_01\/index.php?rest_route=\/wp\/v2\/media\/19173"}],"wp:attachment":[{"href":"https:\/\/nouveau.maisonmallet.com\/back05_01\/index.php?rest_route=%2Fwp%2Fv2%2Fmedia&parent=19019"}],"wp:term":[{"taxonomy":"event_cat","embeddable":true,"href":"https:\/\/nouveau.maisonmallet.com\/back05_01\/index.php?rest_route=%2Fwp%2Fv2%2Fevent_cat&post=19019"}],"curies":[{"name":"wp","href":"https:\/\/api.w.org\/{rel}","templated":true}]}}