{"id":1992,"date":"2018-07-25T11:30:42","date_gmt":"2018-07-25T15:30:42","guid":{"rendered":"http:\/\/207.253.81.73\/?post_type=event&#038;p=1992"},"modified":"2018-07-25T11:30:42","modified_gmt":"2018-07-25T15:30:42","slug":"george-premier09-1928","status":"publish","type":"event","link":"https:\/\/nouveau.maisonmallet.com\/back05_01\/?event=george-premier09-1928","title":{"rendered":"George, Premier"},"content":{"rendered":"<p>19xx-20xx<\/p>\n<p>&nbsp;<\/p>\n<p>1- Placer la description ici (remplacer cette aide m\u00e9moire)<\/p>\n<p>2- Changer l&rsquo;image mise en avant (une image carr\u00e9 n\u00e9cessaire.\u00a0Taille de l&rsquo;image au moins 225 X 225 px)<\/p>\n<p>3- cocher la cat\u00e9gorie d&rsquo;\u00e9v\u00e9nement (l&rsquo;endroit du service : L.J.G mallet ou Maison mallet et Fils)<\/p>\n<p>4- Entrer les M\u00e9ta donn\u00e9es ci-bas et le \u00ab\u00a0R\u00e9sum\u00e9 personnalis\u00e9\u00a0\u00bb<br \/>\na- date de d\u00e9but e date de fin = date du d\u00e9but du service<br \/>\nb-\u00a0Horaire = une indication pour le visiteur des dates et heures de services<br \/>\nc-\u00a0Emplacement = le nom ou num\u00e9ro de la salle du service<br \/>\nd-\u00a0Lien vers plus d&rsquo;infos &amp;\u00a0Libell\u00e9 du lien = laisser vide<br \/>\ne-\u00a0R\u00e9sum\u00e9 personnalis\u00e9 : une courte description du service ex.: \u00c0 Sept-\u00celes, le 23 juin 2017 est d\u00e9c\u00e9d\u00e9e \u00e0 l\u2019\u00e2ge de 87 ans, monsieur Joe Dupuis et domicili\u00e9e \u00e0 Sept-\u00celes.<\/p>\n<p>5- En cliquant sur le cadre du formulaire \u00ab\u00a0Envoyer vos condol\u00e9ances\u00a0\u00bb, choisir le petit crayon (\u00e9diter) vous pourrez changer le courriel du recipiendaire des messages, si un membre de la famille veux les recevoir lui-m\u00eame, juste mettre son courriel et cliquer sur le bouton bleu \u00ab\u00a0mettre a jour le formulaire)<\/p>\n<p>6- IMPORTANT changer l&rsquo;identifiant de l&rsquo;avis de d\u00e9c\u00e8s pour le nom-prenom du\/de la d\u00e9funt(e) sans accent ni espace\u00a0 ex: dupuis-joe<\/p>\n<p>&nbsp;<\/p>\n<p>&nbsp;<\/p>\n<p><strong>Ceux et celles qui le d\u00e9sirent,\u00a0 peuvent y envoyer des messages de sympathie.<\/strong><\/p>\n<p>&nbsp;<\/p>\n<hr \/>\n<p>Envoyer vos condol\u00e9ances<\/p>\n<p>[contact-form to=\u00a0\u00bbmarc@maisonmallet.com\u00a0\u00bb subject=\u00a0\u00bbCondol\u00e9ances\u00a0\u00bb][contact-field label=\u00a0\u00bbVotre nom\u00a0\u00bb type=\u00a0\u00bbname\u00a0\u00bb required=\u00a0\u00bb1&Prime;][contact-field label=\u00a0\u00bbVotre courriel\u00a0\u00bb type=\u00a0\u00bbemail\u00a0\u00bb required=\u00a0\u00bb1&Prime;][contact-field label=\u00a0\u00bbCondol\u00e9ances\u00a0\u00bb type=\u00a0\u00bbtextarea\u00a0\u00bb][\/contact-form]<\/p>\n","protected":false},"featured_media":1986,"template":"","event_cat":[7],"class_list":["post-1992","event","type-event","status-publish","has-post-thumbnail","hentry","event_cat-maison-l-j-g-mallet-inc"],"_links":{"self":[{"href":"https:\/\/nouveau.maisonmallet.com\/back05_01\/index.php?rest_route=\/wp\/v2\/event\/1992","targetHints":{"allow":["GET"]}}],"collection":[{"href":"https:\/\/nouveau.maisonmallet.com\/back05_01\/index.php?rest_route=\/wp\/v2\/event"}],"about":[{"href":"https:\/\/nouveau.maisonmallet.com\/back05_01\/index.php?rest_route=\/wp\/v2\/types\/event"}],"wp:featuredmedia":[{"embeddable":true,"href":"https:\/\/nouveau.maisonmallet.com\/back05_01\/index.php?rest_route=\/wp\/v2\/media\/1986"}],"wp:attachment":[{"href":"https:\/\/nouveau.maisonmallet.com\/back05_01\/index.php?rest_route=%2Fwp%2Fv2%2Fmedia&parent=1992"}],"wp:term":[{"taxonomy":"event_cat","embeddable":true,"href":"https:\/\/nouveau.maisonmallet.com\/back05_01\/index.php?rest_route=%2Fwp%2Fv2%2Fevent_cat&post=1992"}],"curies":[{"name":"wp","href":"https:\/\/api.w.org\/{rel}","templated":true}]}}