{"id":20346,"date":"2021-04-01T13:23:04","date_gmt":"2021-04-01T17:23:04","guid":{"rendered":"https:\/\/nouveau.maisonmallet.com\/?post_type=event&#038;p=20346"},"modified":"2021-07-07T09:44:25","modified_gmt":"2021-07-07T13:44:25","slug":"bouchard-lucienne","status":"publish","type":"event","link":"https:\/\/nouveau.maisonmallet.com\/back05_01\/?event=bouchard-lucienne","title":{"rendered":"BOUCHARD, Lucienne"},"content":{"rendered":"<p>1939 &#8211; 2021<\/p>\n<p>BOUCHARD, Lucienne<\/p>\n<p>&nbsp;<\/p>\n<p>\u00c0 Sept-\u00celes, le 1<sup>er<\/sup> avril 2021, est d\u00e9c\u00e9d\u00e9e \u00e0 l\u2019\u00e2ge de 82 ans, madame Lucienne Bouchard conjointe de feu Bernadin Laplante et domicili\u00e9e \u00e0 Sept-\u00celes.<\/p>\n<p>Selon ses volont\u00e9s, elle a \u00e9t\u00e9 confi\u00e9e au cr\u00e9matorium de la Maison Mallet &amp; fils pour cr\u00e9mation.<\/p>\n<p>Elle laisse dans le deuil ses enfants : Nadia (Sandrine), Remen (Sonia) et Kalou, ses petit-enfants : John, Samuel, Gabriel, David, Vicky, C\u00e9drick, Carl, Alysan et Lily-Jade, ses arri\u00e8re-petits-enfants : James, Sophia, Philippe, Liam et Ma\u00efka ainsi que ses s\u0153urs : Armande (Edwin), Marguerite (H\u00e9liodore), Micheline (Edmond) et Denise, ses beaux-fr\u00e8res, ses belles-s\u0153urs, ses neveux, ses ni\u00e8ces, ses cousins, ses cousines et de nombreux ami(e)s.<\/p>\n<p>Elle \u00e9tait la m\u00e8re de feu Rock Henley et la belle-m\u00e8re de Manon L\u00e9vesque.<\/p>\n<p>Un merci sp\u00e9cial a l`\u00e9quipe Urgel Pelletier, RUPC et RUP ainsi qu`au Dre. Annie Lebel.<\/p>\n<p>Vos marques de sympathie peuvent se traduire par un don \u00e0 la soci\u00e9t\u00e9 Alzheimer Cote-Nord <a href=\"http:\/\/www.societealzheimercotenord.com\">www.societealzheimercotenord.com<\/a><\/p>\n<p>La famille a confi\u00e9 les arrangements aux services professionnels de la Maison Mallet &amp; fils du 585 Boul. Laure \u00e0 Sept-\u00celes, maintenant reconnue Distinction membre de la Corporation des thanatologues du Qu\u00e9bec.<\/p>\n<p>Vous pouvez consulter cet avis de d\u00e9c\u00e8s sur le\u00a0: <a href=\"https:\/\/nouveau.maisonmallet.com\/back05_01\">www.maisonmallet.com<\/a><\/p>\n<p>Ceux et celles qui le d\u00e9sirent, peuvent y envoyer des messages de sympathie.<\/p>\n<p>&nbsp;<\/p>\n<hr \/>\n<p>Envoyer vos condol\u00e9ances<\/p>\n<p>[contact-form to=\u00a0\u00bbnounoune20201@outlook.com\u00a0\u00bb subject=\u00a0\u00bbCondol\u00e9ances Lucienne Bouchard\u00a0\u00bb][contact-field label=\u00a0\u00bbVotre nom\u00a0\u00bb type=\u00a0\u00bbname\u00a0\u00bb required=\u00a0\u00bb1&Prime;][contact-field label=\u00a0\u00bbVotre courriel\u00a0\u00bb type=\u00a0\u00bbemail\u00a0\u00bb required=\u00a0\u00bb1&Prime;][contact-field label=\u00a0\u00bbCondol\u00e9ances\u00a0\u00bb type=\u00a0\u00bbtextarea\u00a0\u00bb][\/contact-form]<\/p>\n","protected":false},"featured_media":20367,"template":"","event_cat":[6],"class_list":["post-20346","event","type-event","status-publish","has-post-thumbnail","hentry","event_cat-maison-mallet-et-fils-inc"],"_links":{"self":[{"href":"https:\/\/nouveau.maisonmallet.com\/back05_01\/index.php?rest_route=\/wp\/v2\/event\/20346","targetHints":{"allow":["GET"]}}],"collection":[{"href":"https:\/\/nouveau.maisonmallet.com\/back05_01\/index.php?rest_route=\/wp\/v2\/event"}],"about":[{"href":"https:\/\/nouveau.maisonmallet.com\/back05_01\/index.php?rest_route=\/wp\/v2\/types\/event"}],"wp:featuredmedia":[{"embeddable":true,"href":"https:\/\/nouveau.maisonmallet.com\/back05_01\/index.php?rest_route=\/wp\/v2\/media\/20367"}],"wp:attachment":[{"href":"https:\/\/nouveau.maisonmallet.com\/back05_01\/index.php?rest_route=%2Fwp%2Fv2%2Fmedia&parent=20346"}],"wp:term":[{"taxonomy":"event_cat","embeddable":true,"href":"https:\/\/nouveau.maisonmallet.com\/back05_01\/index.php?rest_route=%2Fwp%2Fv2%2Fevent_cat&post=20346"}],"curies":[{"name":"wp","href":"https:\/\/api.w.org\/{rel}","templated":true}]}}