{"id":2052,"date":"2018-10-24T09:53:39","date_gmt":"2018-10-24T13:53:39","guid":{"rendered":"http:\/\/207.253.81.73\/?post_type=event&#038;p=2052"},"modified":"2018-12-01T21:43:34","modified_gmt":"2018-12-02T02:43:34","slug":"bilodeau-lyne10081944","status":"publish","type":"event","link":"https:\/\/nouveau.maisonmallet.com\/back05_01\/?event=bilodeau-lyne10081944","title":{"rendered":"BILODEAU, Lyne"},"content":{"rendered":"<p>1944-2018<\/p>\n<p>BILODEAU, Lyne<\/p>\n<p>&nbsp;<\/p>\n<p>\u00c0 Sept-\u00celes (maison \u00c9lyme des sables), le 24 octobre 2018, est d\u00e9c\u00e9d\u00e9e \u00e0 l\u2019\u00e2ge de 74 ans, madame Lyne Bilodeau fille de feu Philippe Bilodeau et de feue Alvine Girard domicili\u00e9e \u00e0 Sept-\u00celes.<\/p>\n<p>Les fun\u00e9railles de madame Lyne Bilodeau auront lieu le samedi 3 novembre 2018 \u00e0 14 h en l\u2019\u00e9glise Marie-Immacul\u00e9e situ\u00e9 au 180, rue Papineau \u00e0 Sept-\u00celes et de l\u00e0 au Cimeti\u00e8re Catholique de Sept-\u00celes.<\/p>\n<p>Selon ses volont\u00e9s, elle a \u00e9t\u00e9 confi\u00e9e au cr\u00e9matorium de la Maison Mallet &amp; fils pour cr\u00e9mation.<\/p>\n<p>La famille re\u00e7oit parents et amis le samedi 3 novembre 2018 jour des fun\u00e9railles \u00e0 compter de 12 h 30 au Complexe Thanatologique Mallet &amp; fils du 585 Boul. Laure \u00e0 Sept-\u00celes.<\/p>\n<p>Elle laisse dans le deuil son fr\u00e8re Sydney (Jocelyne L\u00e9vesque) et Georgette (feu \u00c9milien Charest) ainsi que sa belle-s\u0153ur Bibianne Marquis (feu Raoul Bilodeau), ses neveux\u00a0: R\u00e9gis, Luc, Yves, Steve, \u00c9ric et Guy, ses cousins, ses cousines et de nombreux ami(e)s.<\/p>\n<p>Vos marques de sympathie peuvent se traduire par un don \u00e0 l\u2019\u00c9lyme des sables\u00a0<a href=\"http:\/\/www.elymedessables.com\/\">www.elymedessables.com<\/a><\/p>\n<p>&nbsp;<\/p>\n<p>&nbsp;<\/p>\n<hr \/>\n<p>Envoyer vos condol\u00e9ances<\/p>\n<p>[contact-form to=\u00a0\u00bbmarc@maisonmallet.com\u00a0\u00bb subject=\u00a0\u00bbCondol\u00e9ances\u00a0\u00bb][contact-field label=\u00a0\u00bbVotre nom\u00a0\u00bb type=\u00a0\u00bbname\u00a0\u00bb required=\u00a0\u00bb1&Prime;][contact-field label=\u00a0\u00bbVotre courriel\u00a0\u00bb type=\u00a0\u00bbemail\u00a0\u00bb required=\u00a0\u00bb1&Prime;][contact-field label=\u00a0\u00bbCondol\u00e9ances\u00a0\u00bb type=\u00a0\u00bbtextarea\u00a0\u00bb][\/contact-form]<\/p>\n","protected":false},"featured_media":2070,"template":"","event_cat":[6],"class_list":["post-2052","event","type-event","status-publish","has-post-thumbnail","hentry","event_cat-maison-mallet-et-fils-inc"],"_links":{"self":[{"href":"https:\/\/nouveau.maisonmallet.com\/back05_01\/index.php?rest_route=\/wp\/v2\/event\/2052","targetHints":{"allow":["GET"]}}],"collection":[{"href":"https:\/\/nouveau.maisonmallet.com\/back05_01\/index.php?rest_route=\/wp\/v2\/event"}],"about":[{"href":"https:\/\/nouveau.maisonmallet.com\/back05_01\/index.php?rest_route=\/wp\/v2\/types\/event"}],"wp:featuredmedia":[{"embeddable":true,"href":"https:\/\/nouveau.maisonmallet.com\/back05_01\/index.php?rest_route=\/wp\/v2\/media\/2070"}],"wp:attachment":[{"href":"https:\/\/nouveau.maisonmallet.com\/back05_01\/index.php?rest_route=%2Fwp%2Fv2%2Fmedia&parent=2052"}],"wp:term":[{"taxonomy":"event_cat","embeddable":true,"href":"https:\/\/nouveau.maisonmallet.com\/back05_01\/index.php?rest_route=%2Fwp%2Fv2%2Fevent_cat&post=2052"}],"curies":[{"name":"wp","href":"https:\/\/api.w.org\/{rel}","templated":true}]}}