{"id":20551,"date":"2021-04-16T15:52:20","date_gmt":"2021-04-16T19:52:20","guid":{"rendered":"https:\/\/nouveau.maisonmallet.com\/?post_type=event&#038;p=20551"},"modified":"2021-07-07T09:34:48","modified_gmt":"2021-07-07T13:34:48","slug":"roy-guy","status":"publish","type":"event","link":"https:\/\/nouveau.maisonmallet.com\/back05_01\/?event=roy-guy","title":{"rendered":"ROY, Guy"},"content":{"rendered":"<p>1929 &#8211; 2021<\/p>\n<p>ROY, Guy<\/p>\n<p>&nbsp;<\/p>\n<p>&nbsp;<\/p>\n<p>\u00c0 Sept-\u00celes (r\u00e9sidence Urgel Pelletier), le 16 avril 2021, est d\u00e9c\u00e9d\u00e9 \u00e0 l\u2019\u00e2ge de 91 ans, monsieur Guy Roy \u00e9poux de feu Th\u00e9r\u00e8se Parent et domicili\u00e9 \u00e0 Sept-\u00celes.<\/p>\n<p><strong><u>\u00c9tant donn\u00e9e la situation de crise entourant le COVID-19 et par souci de se conformer aux recommandations gouvernementales en mati\u00e8re de rassemblements int\u00e9rieurs et des mesures d\u2019hygi\u00e8ne strictes pour les visiteurs, les rituels fun\u00e9raires de monsieur Guy Roy auront lieu dans la plus stricte intimit\u00e9 et sur invitation seulement.<\/u><\/strong><\/p>\n<p>Il laisse dans le deuil son fils Claude, ses filles\u00a0: Lise (Jean-Yves Mercier) et Nathalie (Sylvain Descary), sa petite-fille Marie-H\u00e9l\u00e8ne (Dave Tremblay), son arri\u00e8re-petit-fils Ka\u00ebl ainsi que ses fr\u00e8res\u00a0: Jacques (Laurette Gr\u00e9goire) et Jean-Pierre (C\u00e9line Lef\u00e8bvre), ses beaux-fr\u00e8res, ses belles-s\u0153urs, ses neveux, ses ni\u00e8ces, ses cousins, ses cousines et ses ami(e)s.<\/p>\n<p>Vos marques de sympathie peuvent se traduire par un don \u00e0 l\u2019\u00c9lyme des sables <a href=\"http:\/\/www.elymedessables.com\">www.elymedessables.com<\/a><\/p>\n<p>La famille a confi\u00e9 la direction des fun\u00e9railles aux services professionnels de la Maison Mallet &amp; fils du 585 boul. Laure \u00e0 Sept-\u00celes, maintenant reconnue Distinction et membre de la Corporation des Thanatologues du Qu\u00e9bec.<\/p>\n<p>Vous pouvez consulter cet avis de d\u00e9c\u00e8s sur le <a href=\"https:\/\/nouveau.maisonmallet.com\/back05_01\">www.maisonmallet.com<\/a><\/p>\n<p>Ceux et celles qui le d\u00e9sirent, peuvent y envoyer des messages de sympathies.<\/p>\n<p>&nbsp;<\/p>\n<hr \/>\n<p>Envoyer vos condol\u00e9ances<\/p>\n<p>[contact-form to=\u00a0\u00bblise.roy27@gmail.com\u00a0\u00bb subject=\u00a0\u00bbCondol\u00e9ances Guy Roy\u00a0\u00bb][contact-field label=\u00a0\u00bbVotre nom\u00a0\u00bb type=\u00a0\u00bbname\u00a0\u00bb required=\u00a0\u00bb1&Prime;][contact-field label=\u00a0\u00bbVotre courriel\u00a0\u00bb type=\u00a0\u00bbemail\u00a0\u00bb required=\u00a0\u00bb1&Prime;][contact-field label=\u00a0\u00bbCondol\u00e9ances\u00a0\u00bb type=\u00a0\u00bbtextarea\u00a0\u00bb][\/contact-form]<\/p>\n","protected":false},"featured_media":20563,"template":"","event_cat":[6],"class_list":["post-20551","event","type-event","status-publish","has-post-thumbnail","hentry","event_cat-maison-mallet-et-fils-inc"],"_links":{"self":[{"href":"https:\/\/nouveau.maisonmallet.com\/back05_01\/index.php?rest_route=\/wp\/v2\/event\/20551","targetHints":{"allow":["GET"]}}],"collection":[{"href":"https:\/\/nouveau.maisonmallet.com\/back05_01\/index.php?rest_route=\/wp\/v2\/event"}],"about":[{"href":"https:\/\/nouveau.maisonmallet.com\/back05_01\/index.php?rest_route=\/wp\/v2\/types\/event"}],"wp:featuredmedia":[{"embeddable":true,"href":"https:\/\/nouveau.maisonmallet.com\/back05_01\/index.php?rest_route=\/wp\/v2\/media\/20563"}],"wp:attachment":[{"href":"https:\/\/nouveau.maisonmallet.com\/back05_01\/index.php?rest_route=%2Fwp%2Fv2%2Fmedia&parent=20551"}],"wp:term":[{"taxonomy":"event_cat","embeddable":true,"href":"https:\/\/nouveau.maisonmallet.com\/back05_01\/index.php?rest_route=%2Fwp%2Fv2%2Fevent_cat&post=20551"}],"curies":[{"name":"wp","href":"https:\/\/api.w.org\/{rel}","templated":true}]}}