{"id":20600,"date":"2021-04-17T10:15:48","date_gmt":"2021-04-17T14:15:48","guid":{"rendered":"https:\/\/nouveau.maisonmallet.com\/?post_type=event&#038;p=20600"},"modified":"2021-07-07T08:55:27","modified_gmt":"2021-07-07T12:55:27","slug":"vigneault-marie-anne-cormier","status":"publish","type":"event","link":"https:\/\/nouveau.maisonmallet.com\/back05_01\/?event=vigneault-marie-anne-cormier","title":{"rendered":"VIGNEAULT, Marie-Anne (Cormier)"},"content":{"rendered":"<p>1937-2021<\/p>\n<p>VIGNEAULT, Marie-Anne (Cormier)<\/p>\n<p>\u00c0 Havre-Saint-Pierre, le 17 avril 2021, est d\u00e9c\u00e9d\u00e9e \u00e0 l\u2019\u00e2ge de 83 ans et 6 mois madame Marie-Anne Vigneault Cormier \u00e9pouse de feu Albanie Cormier et domicili\u00e9e \u00e0 Havre-Saint-Pierre.<\/p>\n<p>Les fun\u00e9railles de madame Marie-Anne Vigneault auront lieu \u00e0 le lundi 5 juillet \u00e0 14 h en l\u2019\u00c9glise Saint-Pierre de Havre-Saint-Pierre et de l\u00e0 au cimeti\u00e8re de l\u2019endroit.<\/p>\n<p><strong><u>\u00c9tant donn\u00e9 la situation de crise entourant la COVID-19 et par soucis de se conformer aux recommandations gouvernementales en mati\u00e8re de rassemblements int\u00e9rieurs et des mesures strictes d\u2019hygi\u00e8ne vous pouvez assister aux fun\u00e9railles seulement sur invitation \u00e0 l\u2019\u00c9glise Saint-Pierre. Un maximum de 250 personnes.<\/u><\/strong><\/p>\n<p>Selon ses volont\u00e9s, elle a \u00e9t\u00e9 confi\u00e9e au cr\u00e9matorium de la Maison L.J.G. Mallet pour cr\u00e9mation.<\/p>\n<p>La famille re\u00e7oit parents et amis le dimanche 4 juillet 2021 de 19 h \u00e0 22 h. Le lundi 5 juillet 2021 jour des fun\u00e9railles \u00e0 compter de 13 h au salon de la Maison L.J.G. Mallet du 1429, rue du Canot \u00e0 Havre-Saint-Pierre.<\/p>\n<p><strong>D\u00fb aux circonstances reli\u00e9es \u00e0 la pand\u00e9mie, vous pouvez venir pr\u00e9senter vos condol\u00e9ances en respectant la distanciation physique et le port du masque sera obligatoire.<\/strong><\/p>\n<p>Elle laisse dans le deuil ses fils\u00a0: Julien-Marie (Sylvie Campion), Johan (Georgette Bond) et Dany (R\u00e9mi H\u00e9bert), ses filles\u00a0: Diane (Jean-Paul Guillemette), Guylaine (Guy Boudreau) et Suzie (Martin Boudreau), ses petits-enfants\u00a0: David, \u00c9lizabeth, Mathieu, Simon, Kaven, Sam, Am\u00e9lia et leur conjoint, ses arri\u00e8re-petits-enfants L\u00e9anna et Rose-Anne, ses fr\u00e8res, ses beaux-fr\u00e8res, ses belles-s\u0153urs, ses neveux, ses ni\u00e8ces et ainsi que nombreux ami(e)s.<\/p>\n<p>Vos marques de sympathie peuvent se traduire par un don \u00e0 la Fondation du centre de sant\u00e9 de la Minganie.<\/p>\n<p>La famille a confi\u00e9 la direction des fun\u00e9railles aux services professionnels de la Maison L.J.G. Mallet du 1429, rue du Canot \u00e0 Havre-Saint-Pierre, maintenant reconnue Distinction et membre de la Corporation des Thanatologues du Qu\u00e9bec.<\/p>\n<p>Vous pouvez consulter cet avis de d\u00e9c\u00e8s sur le <a href=\"https:\/\/nouveau.maisonmallet.com\/back05_01\">www.maisonmallet.com<\/a><\/p>\n<p>Ceux et celles qui le d\u00e9sirent, peuvent y envoyer des messages de sympathie.<\/p>\n<p>&nbsp;<\/p>\n<hr \/>\n<p>Envoyer vos condol\u00e9ances<\/p>\n<p>[contact-form to=\u00a0\u00bbdidi5cormier@hotmail.com\u00a0\u00bb subject=\u00a0\u00bbCondol\u00e9ances Marie-Anne Vigneault\u00a0\u00bb][contact-field label=\u00a0\u00bbVotre nom\u00a0\u00bb type=\u00a0\u00bbname\u00a0\u00bb required=\u00a0\u00bb1&Prime;][contact-field label=\u00a0\u00bbVotre courriel\u00a0\u00bb type=\u00a0\u00bbemail\u00a0\u00bb required=\u00a0\u00bb1&Prime;][contact-field label=\u00a0\u00bbCondol\u00e9ances\u00a0\u00bb type=\u00a0\u00bbtextarea\u00a0\u00bb][\/contact-form]<\/p>\n","protected":false},"featured_media":20602,"template":"","event_cat":[7],"class_list":["post-20600","event","type-event","status-publish","has-post-thumbnail","hentry","event_cat-maison-l-j-g-mallet-inc"],"_links":{"self":[{"href":"https:\/\/nouveau.maisonmallet.com\/back05_01\/index.php?rest_route=\/wp\/v2\/event\/20600","targetHints":{"allow":["GET"]}}],"collection":[{"href":"https:\/\/nouveau.maisonmallet.com\/back05_01\/index.php?rest_route=\/wp\/v2\/event"}],"about":[{"href":"https:\/\/nouveau.maisonmallet.com\/back05_01\/index.php?rest_route=\/wp\/v2\/types\/event"}],"wp:featuredmedia":[{"embeddable":true,"href":"https:\/\/nouveau.maisonmallet.com\/back05_01\/index.php?rest_route=\/wp\/v2\/media\/20602"}],"wp:attachment":[{"href":"https:\/\/nouveau.maisonmallet.com\/back05_01\/index.php?rest_route=%2Fwp%2Fv2%2Fmedia&parent=20600"}],"wp:term":[{"taxonomy":"event_cat","embeddable":true,"href":"https:\/\/nouveau.maisonmallet.com\/back05_01\/index.php?rest_route=%2Fwp%2Fv2%2Fevent_cat&post=20600"}],"curies":[{"name":"wp","href":"https:\/\/api.w.org\/{rel}","templated":true}]}}