{"id":2066,"date":"2018-09-23T16:28:55","date_gmt":"2018-09-23T20:28:55","guid":{"rendered":"http:\/\/207.253.81.73\/?post_type=event&#038;p=2066"},"modified":"2019-04-30T15:30:28","modified_gmt":"2019-04-30T19:30:28","slug":"gabriel-francoise13031958","status":"publish","type":"event","link":"https:\/\/nouveau.maisonmallet.com\/back05_01\/?event=gabriel-francoise13031958","title":{"rendered":"GABRIEL, Fran\u00e7oise"},"content":{"rendered":"<p>1958-2018<\/p>\n<p>GABRIEL, Fran\u00e7oise<\/p>\n<p>&nbsp;<\/p>\n<p>\u00c0 Sept-\u00celes (r\u00e9sidence Gustave Gauvreau), le 23 septembre 2018, est d\u00e9c\u00e9d\u00e9e \u00e0 l\u2019\u00e2ge de 60 ans, madame Fran\u00e7oise Gabriel fille de feu Joseph Gabriel et de feue Jeanne d\u2019Arc R\u00e9gis domicili\u00e9e \u00e0 Uashat.<\/p>\n<p>Les fun\u00e9railles de madame Fran\u00e7oise Gabriel auront lieu le jeudi 27 septembre 2018 \u00e0 14 h en l\u2019\u00e9glise Notre-Dame du Cap situ\u00e9e au 139, rue de l\u2019\u00c9glise \u00e0 Mani-Utenam et de l\u00e0 au cimeti\u00e8re de l\u2019endroit.<\/p>\n<p>La famille re\u00e7oit parents et amis le mercredi 26 septembre 2018 de 13 h \u00e0 16 h et de 19 h \u00e0 22 h. Le jeudi 27 septembre 2018 jour des fun\u00e9railles \u00e0 compter de 12 h 30 au Complexe Thanatologique Mallet &amp; fils du 585, boul. Laure \u00e0 Sept-\u00celes.<\/p>\n<p>Elle laisse dans le deuil son fils Simon, ses s\u0153urs\u00a0: Gilberte, Anita (Sylvestre Andr\u00e9), Rosalie, Nathalie, L\u00e9ona (Roger Pinette), Barbara et Blandine (Tad\u00e9 Napess) ainsi que ses neveux, ses ni\u00e8ces, ses oncles, ses tantes, ses cousins, ses cousines et de nombreux ami(e)s.<\/p>\n<p>Elle \u00e9tait la s\u0153ur de feue Ang\u00e9lique (Marc Jean-Pierre), feue Annie (Georges Katsimoko) et feu Maurice.<\/p>\n<p>La famille a confi\u00e9 la direction des fun\u00e9railles aux services professionnels de la Maison Mallet &amp; fils du 585, boul. Laure \u00e0 Sept-\u00celes, maintenant reconnue Distinction et membre de la Corporation des Thanatologues du Qu\u00e9bec.<\/p>\n<p>Vous pouvez consulter cet avis de d\u00e9c\u00e8s, sur le <a href=\"https:\/\/nouveau.maisonmallet.com\/back05_01\/\">www.maisonmallet.com<\/a><\/p>\n<p>Ceux et celles qui le d\u00e9sirent, peuvent y envoyer des messages de sympathie.<\/p>\n<p>&nbsp;<\/p>\n<p>&nbsp;<\/p>\n<hr \/>\n<p>Envoyer vos condol\u00e9ances<\/p>\n<p>[contact-form to=\u00a0\u00bbmarc@maisonmallet.com\u00a0\u00bb subject=\u00a0\u00bbCondol\u00e9ances\u00a0\u00bb][contact-field label=\u00a0\u00bbVotre nom\u00a0\u00bb type=\u00a0\u00bbname\u00a0\u00bb required=\u00a0\u00bb1&Prime;][contact-field label=\u00a0\u00bbVotre courriel\u00a0\u00bb type=\u00a0\u00bbemail\u00a0\u00bb required=\u00a0\u00bb1&Prime;][contact-field label=\u00a0\u00bbCondol\u00e9ances\u00a0\u00bb type=\u00a0\u00bbtextarea\u00a0\u00bb][\/contact-form]<\/p>\n","protected":false},"featured_media":2290,"template":"","event_cat":[6],"class_list":["post-2066","event","type-event","status-publish","has-post-thumbnail","hentry","event_cat-maison-mallet-et-fils-inc"],"_links":{"self":[{"href":"https:\/\/nouveau.maisonmallet.com\/back05_01\/index.php?rest_route=\/wp\/v2\/event\/2066","targetHints":{"allow":["GET"]}}],"collection":[{"href":"https:\/\/nouveau.maisonmallet.com\/back05_01\/index.php?rest_route=\/wp\/v2\/event"}],"about":[{"href":"https:\/\/nouveau.maisonmallet.com\/back05_01\/index.php?rest_route=\/wp\/v2\/types\/event"}],"wp:featuredmedia":[{"embeddable":true,"href":"https:\/\/nouveau.maisonmallet.com\/back05_01\/index.php?rest_route=\/wp\/v2\/media\/2290"}],"wp:attachment":[{"href":"https:\/\/nouveau.maisonmallet.com\/back05_01\/index.php?rest_route=%2Fwp%2Fv2%2Fmedia&parent=2066"}],"wp:term":[{"taxonomy":"event_cat","embeddable":true,"href":"https:\/\/nouveau.maisonmallet.com\/back05_01\/index.php?rest_route=%2Fwp%2Fv2%2Fevent_cat&post=2066"}],"curies":[{"name":"wp","href":"https:\/\/api.w.org\/{rel}","templated":true}]}}