{"id":2079,"date":"2018-08-28T15:38:00","date_gmt":"2018-08-28T19:38:00","guid":{"rendered":"http:\/\/207.253.81.73\/?post_type=event&#038;p=2079"},"modified":"2018-11-28T15:44:30","modified_gmt":"2018-11-28T20:44:30","slug":"levesque-marie-ange180138","status":"publish","type":"event","link":"https:\/\/nouveau.maisonmallet.com\/back05_01\/?event=levesque-marie-ange180138","title":{"rendered":"L\u00c9VESQUE, Marie-Ange (Leblanc)"},"content":{"rendered":"<p>1938-2018<\/p>\n<p>L\u00c9VESQUE, Marie-Ange (Leblanc)<\/p>\n<p>&nbsp;<\/p>\n<p>\u00c0 Qu\u00e9bec, le 28 ao\u00fbt 2018, est d\u00e9c\u00e9d\u00e9e \u00e0 l\u2019\u00e2ge de 80 ans, madame Marie-Ange L\u00e9vesque \u00e9pouse de feu Roger Leblanc et domicili\u00e9e \u00e0 Qu\u00e9bec autrefois de Sept-\u00celes.<\/p>\n<p>Les fun\u00e9railles de madame Marie-Ange L\u00e9vesque Leblanc auront lieu le samedi 8 septembre 2018 \u00e0 14 h en l\u2019\u00e9glise Marie-Immacul\u00e9e situ\u00e9 au 180, rue Papineau \u00e0 Sept-\u00celes et de l\u00e0 au Cimeti\u00e8re Catholique de Sept-\u00celes.<\/p>\n<p>La famille re\u00e7oit parents et amis le vendredi 7 septembre 2018 de 19 h \u00e0 22h. Le samedi 8 septembre 2018 jour des fun\u00e9railles \u00e0 compter de 12 h 30 au Complexe Thanatologique Mallet &amp; fils du 585 Boul. Laure \u00e0 Sept-\u00celes.<\/p>\n<p>Elle laisse dans le deuil ses filles\u00a0: Suzanne (Conrad Gignac), Nicole (Jean Gagnon), Simonne (Serge Breton) et Danielle (Marc Sanfa\u00e7on), son fils R\u00e9al, ses petits-enfants, ses arri\u00e8re-petits-enfants ainsi que ses fr\u00e8res, ses s\u0153urs, ses beaux-fr\u00e8res, ses belles-s\u0153urs, ses neveux, ses ni\u00e8ces, ses cousins, ses cousines et de nombreux ami(e)s.<\/p>\n<p>La famille tient \u00e0 remercier le personnel de l\u2019\u00e9quipe des soins palliatifs du Jeffery Hale, plus particuli\u00e8rement l\u2019infirmi\u00e8re Diane Courcy et Dre Genevi\u00e8ve Piuze ainsi que M. Patrick Careau, travailleur sociale \u00e0 l\u2019IUCPQ pour leur soutien et les soins prodigu\u00e9s.<\/p>\n<p>Vos marques de sympathie peuvent se traduire par un don \u00e0 la fondation des amis du Jeffery Hale <a href=\"http:\/\/www.jhsb.ca\/\">www.jhsb.ca<\/a> 1270, chemin Sainte-Foy bureau 2000, Qu\u00e9bec (Qu\u00e9bec), G1S 2M4, 418-684-2260 et ou \u00e0 la fondation Jean Lapointe <a href=\"https:\/\/fondationjeanlapointe.org\/donnez-prevention-toxicomanies\/\">https:\/\/fondationjeanlapointe.org\/donnez-prevention-toxicomanies\/<\/a><\/p>\n<p>La famille a confi\u00e9 la direction des fun\u00e9railles aux services professionnels de la Maison Mallet &amp; fils du 585 boul. Laure \u00e0 Sept-\u00celes, maintenant reconnue Distinction et membre de la Corporation des Thanatologues du Qu\u00e9bec.<\/p>\n<p>Vous pouvez consulter cet avis de d\u00e9c\u00e8s sur le <a href=\"https:\/\/nouveau.maisonmallet.com\/back05_01\/\">www.maisonmallet.com<\/a><\/p>\n<p>Ceux et celles qui le d\u00e9sirent, peuvent y envoyer des messages de sympathie.<\/p>\n<p>&nbsp;<\/p>\n<p>&nbsp;<\/p>\n<hr \/>\n<p>Envoyer vos condol\u00e9ances<\/p>\n<p>[contact-form to=\u00a0\u00bbmarc@maisonmallet.com\u00a0\u00bb subject=\u00a0\u00bbCondol\u00e9ances\u00a0\u00bb][contact-field label=\u00a0\u00bbVotre nom\u00a0\u00bb type=\u00a0\u00bbname\u00a0\u00bb required=\u00a0\u00bb1&Prime;][contact-field label=\u00a0\u00bbVotre courriel\u00a0\u00bb type=\u00a0\u00bbemail\u00a0\u00bb required=\u00a0\u00bb1&Prime;][contact-field label=\u00a0\u00bbCondol\u00e9ances\u00a0\u00bb type=\u00a0\u00bbtextarea\u00a0\u00bb][\/contact-form]<\/p>\n","protected":false},"featured_media":26,"template":"","event_cat":[6],"class_list":["post-2079","event","type-event","status-publish","has-post-thumbnail","hentry","event_cat-maison-mallet-et-fils-inc"],"_links":{"self":[{"href":"https:\/\/nouveau.maisonmallet.com\/back05_01\/index.php?rest_route=\/wp\/v2\/event\/2079","targetHints":{"allow":["GET"]}}],"collection":[{"href":"https:\/\/nouveau.maisonmallet.com\/back05_01\/index.php?rest_route=\/wp\/v2\/event"}],"about":[{"href":"https:\/\/nouveau.maisonmallet.com\/back05_01\/index.php?rest_route=\/wp\/v2\/types\/event"}],"wp:featuredmedia":[{"embeddable":true,"href":"https:\/\/nouveau.maisonmallet.com\/back05_01\/index.php?rest_route=\/wp\/v2\/media\/26"}],"wp:attachment":[{"href":"https:\/\/nouveau.maisonmallet.com\/back05_01\/index.php?rest_route=%2Fwp%2Fv2%2Fmedia&parent=2079"}],"wp:term":[{"taxonomy":"event_cat","embeddable":true,"href":"https:\/\/nouveau.maisonmallet.com\/back05_01\/index.php?rest_route=%2Fwp%2Fv2%2Fevent_cat&post=2079"}],"curies":[{"name":"wp","href":"https:\/\/api.w.org\/{rel}","templated":true}]}}