{"id":20790,"date":"2021-04-26T16:47:57","date_gmt":"2021-04-26T20:47:57","guid":{"rendered":"https:\/\/nouveau.maisonmallet.com\/?post_type=event&#038;p=20790"},"modified":"2021-05-02T11:11:52","modified_gmt":"2021-05-02T15:11:52","slug":"bezeau-raymond","status":"publish","type":"event","link":"https:\/\/nouveau.maisonmallet.com\/back05_01\/?event=bezeau-raymond","title":{"rendered":"BEZEAU, Raymond"},"content":{"rendered":"<p>1934 &#8211; 2021<\/p>\n<p>BEZEAU, Raymond<\/p>\n<p>&nbsp;<\/p>\n<p>&nbsp;<\/p>\n<p>\u00c0 Port-Cartier, le 26 avril 2021, est d\u00e9c\u00e9d\u00e9 \u00e0 l\u2019\u00e2ge de 87 ans, monsieur Raymond Bezeau \u00e9poux de madame Rose-Aim\u00e9e Bezeau et domicili\u00e9 \u00e0 Rivi\u00e8re Pentec\u00f4te.<\/p>\n<p><strong><u>\u00c9tant donn\u00e9e la situation de crise entourant le COVID-19 et par souci de se conformer aux recommandations gouvernementales en mati\u00e8re de rassemblements int\u00e9rieurs et des mesures d\u2019hygi\u00e8ne strictes pour les visiteurs, les rituels fun\u00e9raires de monsieur Raymond Bezeau auront lieu \u00e0 une date ult\u00e9rieure.<\/u><\/strong><\/p>\n<p>Selon ses volont\u00e9s, il a \u00e9t\u00e9 confi\u00e9 au cr\u00e9matorium de la maison Mallet &amp; fils pour cr\u00e9mation.<\/p>\n<p>Il laisse dans le deuil outre son \u00e9pouse madame Rose-Aim\u00e9e Bezeau, ses enfants\u00a0: Lucette (Marius Picard), Rina (Georges-Henri Beaupr\u00e9), Raymonde (Daniel Paquette), Renzo (Janique Collin) et Roby (Isabelle D\u00e9rosby), ses petits-enfants, ses arri\u00e8re-petits-enfants, son fr\u00e8re L\u00e9opold (Carmen Ouellet), ses beaux-fr\u00e8res, ses belles-s\u0153urs, ses ni\u00e8ces, ses neveux ainsi que de nombreux ami(e)s.<\/p>\n<p>Il \u00e9tait le p\u00e8re de feu Serge, feu Richard, feu Magella et feue Rika ainsi que leurs conjoint(es).<\/p>\n<p>La famille a confi\u00e9 les arrangements aux services professionnels de la Maison Mallet &amp; fils du 585 Boul. Laure \u00e0 Sept-\u00celes, maintenant reconnue Distinction et membre de la Corporation des Thanatologues du Qu\u00e9bec.<\/p>\n<p>Vous pouvez consulter cet avis de d\u00e9c\u00e8s sur le <a href=\"https:\/\/nouveau.maisonmallet.com\/back05_01\">www.maisonmallet.com<\/a><\/p>\n<p>Ceux et celles qui le d\u00e9sirent, peuvent y envoyer des messages de sympathie.<\/p>\n<p>&nbsp;<\/p>\n<hr \/>\n<p>Envoyer vos condol\u00e9ances<\/p>\n<p>[contact-form to=\u00a0\u00bbrinabezeau@outlook.com\u00a0\u00bb subject=\u00a0\u00bbCondol\u00e9ances Raymond Bezeau\u00a0\u00bb][contact-field label=\u00a0\u00bbVotre nom\u00a0\u00bb type=\u00a0\u00bbname\u00a0\u00bb required=\u00a0\u00bb1&Prime;][contact-field label=\u00a0\u00bbVotre courriel\u00a0\u00bb type=\u00a0\u00bbemail\u00a0\u00bb required=\u00a0\u00bb1&Prime;][contact-field label=\u00a0\u00bbCondol\u00e9ances\u00a0\u00bb type=\u00a0\u00bbtextarea\u00a0\u00bb][\/contact-form]<\/p>\n","protected":false},"featured_media":20823,"template":"","event_cat":[6],"class_list":["post-20790","event","type-event","status-publish","has-post-thumbnail","hentry","event_cat-maison-mallet-et-fils-inc"],"_links":{"self":[{"href":"https:\/\/nouveau.maisonmallet.com\/back05_01\/index.php?rest_route=\/wp\/v2\/event\/20790","targetHints":{"allow":["GET"]}}],"collection":[{"href":"https:\/\/nouveau.maisonmallet.com\/back05_01\/index.php?rest_route=\/wp\/v2\/event"}],"about":[{"href":"https:\/\/nouveau.maisonmallet.com\/back05_01\/index.php?rest_route=\/wp\/v2\/types\/event"}],"wp:featuredmedia":[{"embeddable":true,"href":"https:\/\/nouveau.maisonmallet.com\/back05_01\/index.php?rest_route=\/wp\/v2\/media\/20823"}],"wp:attachment":[{"href":"https:\/\/nouveau.maisonmallet.com\/back05_01\/index.php?rest_route=%2Fwp%2Fv2%2Fmedia&parent=20790"}],"wp:term":[{"taxonomy":"event_cat","embeddable":true,"href":"https:\/\/nouveau.maisonmallet.com\/back05_01\/index.php?rest_route=%2Fwp%2Fv2%2Fevent_cat&post=20790"}],"curies":[{"name":"wp","href":"https:\/\/api.w.org\/{rel}","templated":true}]}}