{"id":21757,"date":"2021-01-02T20:38:48","date_gmt":"2021-01-03T01:38:48","guid":{"rendered":"https:\/\/nouveau.maisonmallet.com\/?post_type=event&#038;p=21757"},"modified":"2021-07-07T09:09:14","modified_gmt":"2021-07-07T13:09:14","slug":"duguay-lucette-roy","status":"publish","type":"event","link":"https:\/\/nouveau.maisonmallet.com\/back05_01\/?event=duguay-lucette-roy","title":{"rendered":"DUGUAY, Lucette (Roy)"},"content":{"rendered":"<p>1948 &#8211; 2021<\/p>\n<p>DUGUAY, Lucette (Roy)<\/p>\n<p>\u00c0 Qu\u00e9bec, le 2 janvier 2021, est d\u00e9c\u00e9d\u00e9e \u00e0 l\u2019\u00e2ge de 72 ans, Madame Lucette Duguay \u00e9pouse de Monsieur R\u00e9jean Roy, domicili\u00e9e \u00e0 Qu\u00e9bec, autrefois de Rivi\u00e8re-au-Tonnerre.<\/p>\n<p>La c\u00e9r\u00e9monie comm\u00e9morative de Madame Lucette Duguay aura lieu le samedi 19 juin 2021 \u00e0 16 h \u00e0 la chapelle du Complexe Thanatologique Mallet &amp; fils du 585, Boul. Laure \u00e0 Sept-\u00celes.<\/p>\n<p><strong><u>\u00c9tant donn\u00e9 la situation de crise entourant le COVID-19 et par souci de se conformer aux recommandations gouvernementales en mati\u00e8re de rassemblements int\u00e9rieurs et des mesures d\u2019hygi\u00e8ne strictes pour les visiteurs, les rituels fun\u00e9raires de Madame Lucette Duguay auront lieu sur invitation seulement.<\/u><\/strong><\/p>\n<p>Selon ses volont\u00e9s, elle a \u00e9t\u00e9 confi\u00e9e au cr\u00e9matorium de la maison Mallet &amp; fils pour cr\u00e9mation.<\/p>\n<p>La famille re\u00e7oit parents et amis le samedi 19 juin 2021 jour de la c\u00e9r\u00e9monie de\u00a0 13 h \u00e0 16 h au Complexe Thanatologique Mallet &amp; fils du 585 Boul. Laure \u00e0 Sept-\u00celes.<\/p>\n<p><strong><u>Dues aux circonstances reli\u00e9es \u00e0 la pand\u00e9mie, vous pouvez venir pr\u00e9senter vos condol\u00e9ances en respectant la distanciation physique et le port du masque sera obligatoire.<\/u><\/strong><\/p>\n<p>Elle laisse dans le deuil outre son \u00e9poux monsieur R\u00e9jean Roy, ses filles\u00a0: Sylvie Lapierre (Alain Dupont) et Monica Bourque (Fr\u00e9d\u00e9rick Roy); ses fr\u00e8res et s\u0153urs: Jean-Yves (Shirley Cody), Gilberte (feu Jean Bouchard), Gilles (Marjolaine Leblanc), Mona (Valmont Farcy), Judith (Darry No\u00ebl) et Monia (Marc Boucher); sa belle-s\u0153ur R\u00e9jeanne Roy ainsi que plusieurs neveux, ni\u00e8ces, cousins, cousines, autres parents et ami(e)s.<\/p>\n<p>Elle \u00e9tait \u00e9galement la s\u0153ur de\u00a0: feu Monique (Fernand Boulay), feu Richard (Line Cloutier), feu H\u00e9l\u00e8ne (Gordon Cody) et feu Danny (Yolaine Migneault).<\/p>\n<p>Un grand merci \u00e0 tout le personnel de l\u2019IUCPQ, et particuli\u00e8rement \u00e0 l\u2019\u00e9quipe du programme de chirurgie bariatrique, pour leur d\u00e9vouement et leur humanit\u00e9 ainsi que pour les bons soins prodigu\u00e9s \u00e0 Lucette (Lulu).<\/p>\n<p>La famille a confi\u00e9 les arrangements aux services professionnels de la Maison Mallet &amp; fils du 585 Boul. Laure \u00e0 Sept-\u00celes, maintenant reconnue Distinction et membre de la Corporation des Thanatologues du Qu\u00e9bec.<\/p>\n<p>Vous pouvez consulter cet avis de d\u00e9c\u00e8s sur le <a href=\"https:\/\/nouveau.maisonmallet.com\/back05_01\">www.maisonmallet.com<\/a><\/p>\n<p>Ceux et celles qui le d\u00e9sirent, peuvent y envoyer des messages de condol\u00e9ances.<\/p>\n<p>&nbsp;<\/p>\n<hr \/>\n<p>Envoyer vos condol\u00e9ances<\/p>\n<p>[contact-form to=\u00a0\u00bbrejeanroy2000@yahoo.ca\u00a0\u00bb subject=\u00a0\u00bbCondol\u00e9ances Lucette Duguay\u00a0\u00bb][contact-field label=\u00a0\u00bbVotre nom\u00a0\u00bb type=\u00a0\u00bbname\u00a0\u00bb required=\u00a0\u00bb1&Prime;][contact-field label=\u00a0\u00bbVotre courriel\u00a0\u00bb type=\u00a0\u00bbemail\u00a0\u00bb required=\u00a0\u00bb1&Prime;][contact-field label=\u00a0\u00bbCondol\u00e9ances\u00a0\u00bb type=\u00a0\u00bbtextarea\u00a0\u00bb][\/contact-form]<\/p>\n","protected":false},"featured_media":21763,"template":"","event_cat":[6],"class_list":["post-21757","event","type-event","status-publish","has-post-thumbnail","hentry","event_cat-maison-mallet-et-fils-inc"],"_links":{"self":[{"href":"https:\/\/nouveau.maisonmallet.com\/back05_01\/index.php?rest_route=\/wp\/v2\/event\/21757","targetHints":{"allow":["GET"]}}],"collection":[{"href":"https:\/\/nouveau.maisonmallet.com\/back05_01\/index.php?rest_route=\/wp\/v2\/event"}],"about":[{"href":"https:\/\/nouveau.maisonmallet.com\/back05_01\/index.php?rest_route=\/wp\/v2\/types\/event"}],"wp:featuredmedia":[{"embeddable":true,"href":"https:\/\/nouveau.maisonmallet.com\/back05_01\/index.php?rest_route=\/wp\/v2\/media\/21763"}],"wp:attachment":[{"href":"https:\/\/nouveau.maisonmallet.com\/back05_01\/index.php?rest_route=%2Fwp%2Fv2%2Fmedia&parent=21757"}],"wp:term":[{"taxonomy":"event_cat","embeddable":true,"href":"https:\/\/nouveau.maisonmallet.com\/back05_01\/index.php?rest_route=%2Fwp%2Fv2%2Fevent_cat&post=21757"}],"curies":[{"name":"wp","href":"https:\/\/api.w.org\/{rel}","templated":true}]}}