{"id":21801,"date":"2021-06-08T16:53:33","date_gmt":"2021-06-08T20:53:33","guid":{"rendered":"https:\/\/nouveau.maisonmallet.com\/?post_type=event&#038;p=21801"},"modified":"2021-07-07T09:06:43","modified_gmt":"2021-07-07T13:06:43","slug":"poitras-melissa","status":"publish","type":"event","link":"https:\/\/nouveau.maisonmallet.com\/back05_01\/?event=poitras-melissa","title":{"rendered":"POITRAS, M\u00e9lissa"},"content":{"rendered":"<p>1992 \u2013 2021<\/p>\n<p>POITRAS, M\u00e9lissa<\/p>\n<p>&nbsp;<\/p>\n<p>\u00c0 Sept-\u00celes, le 8 juin 2021, est d\u00e9c\u00e9d\u00e9e \u00e0 l\u2019\u00e2ge de 29 ans, mademoiselle M\u00e9lissa Poitras fille de madame Jocelyne Gagnon et de feu Luc Poitras domicili\u00e9e \u00e0 Sept-\u00celes.<\/p>\n<p>Selon ses volont\u00e9s, elle a \u00e9t\u00e9 confi\u00e9e au cr\u00e9matorium de la Maison Mallet &amp; fils pour cr\u00e9mation.<\/p>\n<p>La famille re\u00e7oit parents et amis le mercredi 23 juin 2021 de 19 h \u00e0 22 h au Complexe Thanatologique Mallet &amp; fils du 585 Boul. Laure \u00e0 Sept-\u00celes.<\/p>\n<p><strong><u>D\u00fb aux circonstances reli\u00e9es \u00e0 la pand\u00e9mie, vous pouvez venir pr\u00e9senter vos condol\u00e9ances en respectant la distanciation physique et le port du masque sera obligatoire.<\/u><\/strong><\/p>\n<p>Elle laisse dans le deuil sa m\u00e8re madame Jocelyne Gagnon (feu Luc Poitras), sa s\u0153ur \u00c9milie (Philippe Joncas), son neveu Alexis ainsi que ses oncles, ses tantes, ses cousins, ses cousines et de nombreux ami (e)s, tout sp\u00e9cialement Lana Lemieux et Lise D\u00e9raps qui ont si bien pris soins d`elle.<\/p>\n<p>La famille tient \u00e0 remercier tout particuli\u00e8rement la Dre Caroline Porlier et Kimberly Walsh infirmi\u00e8re pour leur disponibilit\u00e9, leur soutien ainsi que leur professionnalisme.<\/p>\n<p>Vos marques de sympathie peuvent se traduire par un don \u00e0 La fondation r\u00e9gionale h\u00f4pital Sept-\u00celes <a href=\"http:\/\/www.fondationsept-iles.qc.ca\">www.fondationsept-iles.qc.ca<\/a><\/p>\n<p>La famille a confi\u00e9 la direction des fun\u00e9railles aux services professionnels de la Maison Mallet &amp; fils du 585 boul. Laure \u00e0 Sept-\u00celes, maintenant reconnue Distinction et membre de la Corporation des Thanatologues du Qu\u00e9bec.<\/p>\n<p>Vous pouvez consulter cet avis de d\u00e9c\u00e8s, sur le <a href=\"https:\/\/nouveau.maisonmallet.com\/back05_01\">www.maisonmallet.com<\/a><\/p>\n<p>Ceux et celles qui le d\u00e9sirent peuvent y envoyer des messages de sympathie.<\/p>\n<p>&nbsp;<\/p>\n<hr \/>\n<p>Envoyer vos condol\u00e9ances<\/p>\n<p>[contact-form to=\u00a0\u00bblucpoitras23@hotmail.com\u00a0\u00bb subject=\u00a0\u00bbCondol\u00e9ances M\u00e9lissa Poitras\u00a0\u00bb][contact-field label=\u00a0\u00bbVotre nom\u00a0\u00bb type=\u00a0\u00bbname\u00a0\u00bb required=\u00a0\u00bb1&Prime;][contact-field label=\u00a0\u00bbVotre courriel\u00a0\u00bb type=\u00a0\u00bbemail\u00a0\u00bb required=\u00a0\u00bb1&Prime;][contact-field label=\u00a0\u00bbCondol\u00e9ances\u00a0\u00bb type=\u00a0\u00bbtextarea\u00a0\u00bb][\/contact-form]<\/p>\n","protected":false},"featured_media":21803,"template":"","event_cat":[6],"class_list":["post-21801","event","type-event","status-publish","has-post-thumbnail","hentry","event_cat-maison-mallet-et-fils-inc"],"_links":{"self":[{"href":"https:\/\/nouveau.maisonmallet.com\/back05_01\/index.php?rest_route=\/wp\/v2\/event\/21801","targetHints":{"allow":["GET"]}}],"collection":[{"href":"https:\/\/nouveau.maisonmallet.com\/back05_01\/index.php?rest_route=\/wp\/v2\/event"}],"about":[{"href":"https:\/\/nouveau.maisonmallet.com\/back05_01\/index.php?rest_route=\/wp\/v2\/types\/event"}],"wp:featuredmedia":[{"embeddable":true,"href":"https:\/\/nouveau.maisonmallet.com\/back05_01\/index.php?rest_route=\/wp\/v2\/media\/21803"}],"wp:attachment":[{"href":"https:\/\/nouveau.maisonmallet.com\/back05_01\/index.php?rest_route=%2Fwp%2Fv2%2Fmedia&parent=21801"}],"wp:term":[{"taxonomy":"event_cat","embeddable":true,"href":"https:\/\/nouveau.maisonmallet.com\/back05_01\/index.php?rest_route=%2Fwp%2Fv2%2Fevent_cat&post=21801"}],"curies":[{"name":"wp","href":"https:\/\/api.w.org\/{rel}","templated":true}]}}