{"id":22660,"date":"2021-07-21T20:14:20","date_gmt":"2021-07-22T00:14:20","guid":{"rendered":"https:\/\/nouveau.maisonmallet.com\/?post_type=event&#038;p=22660"},"modified":"2021-08-30T20:16:27","modified_gmt":"2021-08-31T00:16:27","slug":"chabot-margot-st-pierre","status":"publish","type":"event","link":"https:\/\/nouveau.maisonmallet.com\/back05_01\/?event=chabot-margot-st-pierre","title":{"rendered":"CHABOT, Margot (St-Pierre)"},"content":{"rendered":"<p>1946 &#8211; 2021<\/p>\n<p>CHABOT, Margot (St-Pierre)<\/p>\n<p>&nbsp;<\/p>\n<p>\u00c0 Sept-\u00celes (maison \u00c9lyme des sables), le 21 juillet 2021, est d\u00e9c\u00e9d\u00e9e \u00e0 l\u2019\u00e2ge de 75 ans, madame Margot Chabot \u00e9pouse de feu Robert St-Pierre et domicili\u00e9e \u00e0 Sept-\u00celes.<\/p>\n<p>Les fun\u00e9railles de madame Margot Chabot St-Pierre auront lieu le mercredi 28 juillet 2021 \u00e0 14 h en l\u2019\u00e9glise Marie-Immacul\u00e9e situ\u00e9e au 180, rue Papineau \u00e0 Sept-\u00celes et de l\u00e0 au cr\u00e9matorium de la maison Mallet &amp; fils pour cr\u00e9mation.<\/p>\n<p>La famille re\u00e7oit parents et amis le mardi 27 juillet 2021 de 13 h \u00e0 16 h et de 19 h \u00e0 22 h. Le mercredi 28 juillet 2021 jour des fun\u00e9railles \u00e0 compter de 12 h 30 au Complexe Thanatologique Mallet &amp; fils du 585 Boul. Laure \u00e0 Sept-\u00celes.<\/p>\n<p><strong><u>D\u00fb aux circonstances reli\u00e9es \u00e0 la pand\u00e9mie, vous pouvez venir pr\u00e9senter vos condol\u00e9ances en respectant la distanciation physique et le port du masque sera obligatoire.<\/u><\/strong><\/p>\n<p>Elle laisse dans le deuil son fils Ren\u00e9 (Yvonne Bruton St-Pierre), sa fille Martine (Serge Dub\u00e9), ses petits-fils Guillaume, Edward (Camille Orange) et Evan (Jordan Wilkinson), ses petites-filles : Isabelle, Lizanne et Julia (Colton Martin), son arri\u00e8re-petite-fille Mallory, son arri\u00e8re-petit-fils Luke ainsi que \u00a0ses s\u0153urs : Jeanne d\u2019Arc (Edgar Mallet), Fran\u00e7oise (Charles Morin), Raymonde (Roland Gagn\u00e9), Pauline (Ghislain Turgeon), Huguette (Ghislain Guay) et Marcelle (Ga\u00e9tan Boisonneau), son fr\u00e8re Viateur (Lise Roy), ses beaux-fr\u00e8res, ses belles-s\u0153urs, ses neveux, ses ni\u00e8ces, ses cousins, ses cousines et de nombreux ami(e)s.<\/p>\n<p>Elle \u00e9tait la s\u0153ur de feu Bertrand, feu Camil, feu Richard (feue Laurette Shink), feu Vincent (Paula Poulin) et feue Armandine (feu Florien Lebel)<\/p>\n<p>Vos marques de sympathie peuvent se traduire par un don \u00e0 l\u2019\u00c9lyme des sables <a href=\"http:\/\/www.elymedessables.com\">www.elymedessables.com<\/a><\/p>\n<p>La famille a confi\u00e9 la direction des fun\u00e9railles aux services professionnels de la Maison Mallet &amp; fils du 585 boul. Laure \u00e0 Sept-\u00celes, maintenant reconnue Distinction et membre de la Corporation des Thanatologues du Qu\u00e9bec.<\/p>\n<p>Vous pouvez consulter cet avis de d\u00e9c\u00e8s, sur le <a href=\"https:\/\/nouveau.maisonmallet.com\/back05_01\">www.maisonmallet.com<\/a><\/p>\n<p>Ceux et celles qui le d\u00e9sirent, peuvent y envoyer des messages de sympathie.<\/p>\n<p>&nbsp;<\/p>\n<hr \/>\n<p>Envoyer vos condol\u00e9ances<\/p>\n<p>[contact-form to=\u00a0\u00bbjacobatwork@hotmail.com\u00a0\u00bb subject=\u00a0\u00bbCondol\u00e9ances Margot Chabot\u00a0\u00bb][contact-field label=\u00a0\u00bbVotre nom\u00a0\u00bb type=\u00a0\u00bbname\u00a0\u00bb required=\u00a0\u00bb1&Prime;][contact-field label=\u00a0\u00bbVotre courriel\u00a0\u00bb type=\u00a0\u00bbemail\u00a0\u00bb required=\u00a0\u00bb1&Prime;][contact-field label=\u00a0\u00bbCondol\u00e9ances\u00a0\u00bb type=\u00a0\u00bbtextarea\u00a0\u00bb][\/contact-form]<\/p>\n","protected":false},"featured_media":22698,"template":"","event_cat":[6],"class_list":["post-22660","event","type-event","status-publish","has-post-thumbnail","hentry","event_cat-maison-mallet-et-fils-inc"],"_links":{"self":[{"href":"https:\/\/nouveau.maisonmallet.com\/back05_01\/index.php?rest_route=\/wp\/v2\/event\/22660","targetHints":{"allow":["GET"]}}],"collection":[{"href":"https:\/\/nouveau.maisonmallet.com\/back05_01\/index.php?rest_route=\/wp\/v2\/event"}],"about":[{"href":"https:\/\/nouveau.maisonmallet.com\/back05_01\/index.php?rest_route=\/wp\/v2\/types\/event"}],"wp:featuredmedia":[{"embeddable":true,"href":"https:\/\/nouveau.maisonmallet.com\/back05_01\/index.php?rest_route=\/wp\/v2\/media\/22698"}],"wp:attachment":[{"href":"https:\/\/nouveau.maisonmallet.com\/back05_01\/index.php?rest_route=%2Fwp%2Fv2%2Fmedia&parent=22660"}],"wp:term":[{"taxonomy":"event_cat","embeddable":true,"href":"https:\/\/nouveau.maisonmallet.com\/back05_01\/index.php?rest_route=%2Fwp%2Fv2%2Fevent_cat&post=22660"}],"curies":[{"name":"wp","href":"https:\/\/api.w.org\/{rel}","templated":true}]}}