{"id":24010,"date":"2021-09-14T17:27:04","date_gmt":"2021-09-14T21:27:04","guid":{"rendered":"https:\/\/nouveau.maisonmallet.com\/?post_type=event&#038;p=24010"},"modified":"2021-09-16T07:58:27","modified_gmt":"2021-09-16T11:58:27","slug":"perron-bertin","status":"publish","type":"event","link":"https:\/\/nouveau.maisonmallet.com\/back05_01\/?event=perron-bertin","title":{"rendered":"PERRON, Bertin"},"content":{"rendered":"<p>1932 &#8211; 2021<\/p>\n<p>PERRON, Bertin<\/p>\n<p>&nbsp;<\/p>\n<p>\u00c0 Sept-\u00celes (maison \u00c9lyme des Sables), le 9 septembre 2021, est d\u00e9c\u00e9d\u00e9 \u00e0 l\u2019\u00e2ge de 89 ans, monsieur Bertin Perron \u00e9poux de feue Rachelle Michel et domicili\u00e9 \u00e0 Sept-\u00celes.<\/p>\n<p>Les fun\u00e9railles de monsieur Bertin Perron auront lieu le samedi 18 septembre 2021 \u00e0 14 h\u00a0 en l\u2019\u00e9glise Marie-Immacul\u00e9e situ\u00e9e au 180, rue Papineau \u00e0 Sept-\u00celes.<\/p>\n<p>La famille re\u00e7oit parents et amis le vendredi 17 septembre 2021 de 13 h \u00e0 16 h et de 19 h \u00e0 22 h. Le samedi 18 septembre 2021 jour des fun\u00e9railles \u00e0 compter de 12 h 30 au Complexe Thanatologique Mallet &amp; fils du 585 Boul. Laure \u00e0 Sept-\u00celes.<\/p>\n<p><strong><u>D\u00fb aux circonstances reli\u00e9es \u00e0 la pand\u00e9mie, vous pouvez venir pr\u00e9senter vos condol\u00e9ances en respectant la distanciation physique et le port du masque sera obligatoire.<\/u><\/strong><\/p>\n<p>Il laisse dans le deuil ses enfants\u00a0: Pierrette, Lucie (Richard Levesque), Diane, Patricia (Carl Noreau), Nicole (Daniel Maltais), Micheline (Denis Sheehy), Jacynthe (Bernard Vaillancourt), Donald (Marie-H\u00e9l\u00e8ne B\u00e9langer) et Anika (Tommy Gagnon) ainsi que ses petits-enfants, ses arri\u00e8re-petits-enfants, ses neveux, ses ni\u00e8ces, ses cousins, ses cousines et ami(e)s.<\/p>\n<p>La famille tient \u00e0 remercier le personnel des soins \u00e0 domicile du CLSC, de l\u2019\u00c9lyme des Sables ainsi que le docteur Krystina Cormier pour les bons soins prodigu\u00e9s \u00e0 notre p\u00e8re. Vous \u00eates des personnes extraordinaires. Soyez assur\u00e9s de notre gratitude et de notre reconnaissance.<\/p>\n<p>Vos marques de sympathie peuvent se traduire par un don \u00e0 l\u2019\u00c9lyme des Sables <a href=\"http:\/\/www.elymedessables.com\">www.elymedessables.com<\/a><\/p>\n<p>La famille a confi\u00e9 la direction des fun\u00e9railles aux services professionnels de la Maison Mallet &amp; fils du 585, boul. Laure \u00e0 Sept-\u00celes, maintenant reconnue Distinction et membre de la Corporation des Thanatologues du Qu\u00e9bec.<\/p>\n<p>Vous pouvez consulter cet avis de d\u00e9c\u00e8s sur le <a href=\"https:\/\/nouveau.maisonmallet.com\/back05_01\">www.maisonmallet.com<\/a><\/p>\n<p>Ceux et celles qui le d\u00e9sirent peuvent y envoyer des messages de sympathie.<\/p>\n<p>&nbsp;<\/p>\n<p>&nbsp;<\/p>\n<hr \/>\n<p>Envoyer vos condol\u00e9ances<\/p>\n<p>[contact-form to=\u00a0\u00bbdpilotsl2013@gmail.com\u00a0\u00bb subject=\u00a0\u00bbCondol\u00e9ances Bertin Perron\u00a0\u00bb][contact-field label=\u00a0\u00bbVotre nom\u00a0\u00bb type=\u00a0\u00bbname\u00a0\u00bb required=\u00a0\u00bb1&Prime;][contact-field label=\u00a0\u00bbVotre courriel\u00a0\u00bb type=\u00a0\u00bbemail\u00a0\u00bb required=\u00a0\u00bb1&Prime;][contact-field label=\u00a0\u00bbCondol\u00e9ances\u00a0\u00bb type=\u00a0\u00bbtextarea\u00a0\u00bb][\/contact-form]<\/p>\n","protected":false},"featured_media":24016,"template":"","event_cat":[6],"class_list":["post-24010","event","type-event","status-publish","has-post-thumbnail","hentry","event_cat-maison-mallet-et-fils-inc"],"_links":{"self":[{"href":"https:\/\/nouveau.maisonmallet.com\/back05_01\/index.php?rest_route=\/wp\/v2\/event\/24010","targetHints":{"allow":["GET"]}}],"collection":[{"href":"https:\/\/nouveau.maisonmallet.com\/back05_01\/index.php?rest_route=\/wp\/v2\/event"}],"about":[{"href":"https:\/\/nouveau.maisonmallet.com\/back05_01\/index.php?rest_route=\/wp\/v2\/types\/event"}],"wp:featuredmedia":[{"embeddable":true,"href":"https:\/\/nouveau.maisonmallet.com\/back05_01\/index.php?rest_route=\/wp\/v2\/media\/24016"}],"wp:attachment":[{"href":"https:\/\/nouveau.maisonmallet.com\/back05_01\/index.php?rest_route=%2Fwp%2Fv2%2Fmedia&parent=24010"}],"wp:term":[{"taxonomy":"event_cat","embeddable":true,"href":"https:\/\/nouveau.maisonmallet.com\/back05_01\/index.php?rest_route=%2Fwp%2Fv2%2Fevent_cat&post=24010"}],"curies":[{"name":"wp","href":"https:\/\/api.w.org\/{rel}","templated":true}]}}