{"id":24275,"date":"2021-10-01T17:09:52","date_gmt":"2021-10-01T21:09:52","guid":{"rendered":"https:\/\/nouveau.maisonmallet.com\/?post_type=event&#038;p=24275"},"modified":"2021-10-02T17:14:51","modified_gmt":"2021-10-02T21:14:51","slug":"st-pierre-therese","status":"publish","type":"event","link":"https:\/\/nouveau.maisonmallet.com\/back05_01\/?event=st-pierre-therese","title":{"rendered":"ST-PIERRE, Th\u00e9r\u00e8se"},"content":{"rendered":"<p>1947 &#8211; 2021<\/p>\n<p>ST-PIERRE, Th\u00e9r\u00e8se<\/p>\n<p>&nbsp;<\/p>\n<p>\u00c0 Gatineau, le 1<sup>er<\/sup> septembre 2021, est d\u00e9c\u00e9d\u00e9e \u00e0 l\u2019\u00e2ge de 74 ans, madame Th\u00e9r\u00e8se St-Pierre fille de feue Wiellie St-Pierre et de feue Nicole Lavoie domicili\u00e9e \u00e0 autrefois de Sept-\u00celes.<\/p>\n<p>La c\u00e9r\u00e9monie comm\u00e9morative de madame Th\u00e9r\u00e8se St-Pierre aura lieu \u00e0 une date ult\u00e9rieure.<\/p>\n<p>Elle \u00e9tait et la fille de feu Wiellie St-Pierre et de feu Nicole Lavoie. Elle laisse dans le deuil son fr\u00e8re Albert (Doris B\u00e9langer) ; sa s\u0153ur Jeanne-Aim\u00e9e (Alain Gagn\u00e9) ; sa ni\u00e8ce Claudia, son neveu Denis Gagn\u00e9 et son petit-neveu Alexis ; son ami de c\u0153ur Claude Boudreault ainsi que plusieurs cousin(e)s et ami(e)s.<\/p>\n<p>Vos marques de sympathie peuvent se traduire par un don \u00e0 la Soci\u00e9t\u00e9 d\u2019Alzheimer pour la recherche sur la d\u00e9g\u00e9n\u00e9rescence corticobasale (troubles cognitifs rares).<\/p>\n<p>La famille d\u00e9sire remercier le personnel du CHSLD Vall\u00e9e-de-la-Li\u00e8vre pour les bons soins prodigu\u00e9s.<\/p>\n<p>La famille a confi\u00e9 les arrangements aux services professionnels de la maison Mallet &amp; fils du 585, Boul. Laure, \u00e0 Sept-\u00celes, maintenant reconnue Distinction et membre de la Corporation des Thanatologues du Qu\u00e9bec.<\/p>\n<p>Vous pouvez consulter cet avis de d\u00e9c\u00e8s, sur le <a href=\"https:\/\/nouveau.maisonmallet.com\/back05_01\">www.maisonmallet.com<\/a><\/p>\n<p>Ceux et celles qui le d\u00e9sirent, peuvent y envoyer des messages de sympathie.<\/p>\n<hr \/>\n<p>Envoyer vos condol\u00e9ances<\/p>\n<p>[contact-form to=\u00a0\u00bbbebelou53@hotmail.com\u00a0\u00bb subject=\u00a0\u00bbCondol\u00e9ances Th\u00e9r\u00e8se St-Pierre\u00a0\u00bb][contact-field label=\u00a0\u00bbVotre nom\u00a0\u00bb type=\u00a0\u00bbname\u00a0\u00bb required=\u00a0\u00bb1&Prime;][contact-field label=\u00a0\u00bbVotre courriel\u00a0\u00bb type=\u00a0\u00bbemail\u00a0\u00bb required=\u00a0\u00bb1&Prime;][contact-field label=\u00a0\u00bbCondol\u00e9ances\u00a0\u00bb type=\u00a0\u00bbtextarea\u00a0\u00bb][\/contact-form]<\/p>\n","protected":false},"featured_media":24296,"template":"","event_cat":[6],"class_list":["post-24275","event","type-event","status-publish","has-post-thumbnail","hentry","event_cat-maison-mallet-et-fils-inc"],"_links":{"self":[{"href":"https:\/\/nouveau.maisonmallet.com\/back05_01\/index.php?rest_route=\/wp\/v2\/event\/24275","targetHints":{"allow":["GET"]}}],"collection":[{"href":"https:\/\/nouveau.maisonmallet.com\/back05_01\/index.php?rest_route=\/wp\/v2\/event"}],"about":[{"href":"https:\/\/nouveau.maisonmallet.com\/back05_01\/index.php?rest_route=\/wp\/v2\/types\/event"}],"wp:featuredmedia":[{"embeddable":true,"href":"https:\/\/nouveau.maisonmallet.com\/back05_01\/index.php?rest_route=\/wp\/v2\/media\/24296"}],"wp:attachment":[{"href":"https:\/\/nouveau.maisonmallet.com\/back05_01\/index.php?rest_route=%2Fwp%2Fv2%2Fmedia&parent=24275"}],"wp:term":[{"taxonomy":"event_cat","embeddable":true,"href":"https:\/\/nouveau.maisonmallet.com\/back05_01\/index.php?rest_route=%2Fwp%2Fv2%2Fevent_cat&post=24275"}],"curies":[{"name":"wp","href":"https:\/\/api.w.org\/{rel}","templated":true}]}}