{"id":2463,"date":"2019-04-30T16:58:46","date_gmt":"2019-04-30T20:58:46","guid":{"rendered":"https:\/\/nouveau.maisonmallet.com\/?post_type=event&#038;p=2463"},"modified":"2019-05-03T17:11:48","modified_gmt":"2019-05-03T21:11:48","slug":"dupuis-joe-6-2-3-2","status":"publish","type":"event","link":"https:\/\/nouveau.maisonmallet.com\/back05_01\/?event=dupuis-joe-6-2-3-2","title":{"rendered":"CORMIER, Charley"},"content":{"rendered":"<p>1944-2019<\/p>\n<p>\u00c0 Havre-Saint-Pierre, le 30 avril 2019, est d\u00e9c\u00e9d\u00e9 \u00e0 l\u2019\u00e2ge de 74 ans et 7 mois monsieur Charley Cormier \u00e9poux de madame Pierrette Turbis domicili\u00e9 \u00e0 Havre-Saint-Pierre.<\/p>\n<p>Les fun\u00e9railles de monsieur Charley Cormier auront lieu le mardi 7 mai 2019 \u00e0 14 h 00 en l\u2019\u00c9glise Saint-Pierre de Havre-Saint-Pierre.<\/p>\n<p>Selon ses volont\u00e9s, il a \u00e9t\u00e9 confi\u00e9 au cr\u00e9matorium de la Maison L.J.G. Mallet pour cr\u00e9mation.<\/p>\n<p>La famille re\u00e7oit parents et amis le mardi 7 mai 2019 jour des fun\u00e9railles \u00e0 compter de 13 h 00 \u00e0 l`\u00c9glise Saint-Pierre de Havre-Saint-Pierre.<\/p>\n<p>Il laisse dans le deuil outre son \u00e9pouse madame Pierrette Turbis, ses filles\u00a0: Karo (Sarto Cormier), \u00c9lise (Philippe Dupuis), ses petits-enfants\u00a0: L\u00e9a et Am\u00e9lie, ses beaux-fr\u00e8res, ses belles-s\u0153urs, ses neveux, ses ni\u00e8ces, et de nombreux ami(e)s.<\/p>\n<p>Vos marques de sympathie peuvent se traduire par un don \u00e0 la fondation du centre de sant\u00e9 et \u00e0 la fabrique de Havre-Saint-Pierre.<\/p>\n<p>La famille a confi\u00e9 la direction des fun\u00e9railles aux services professionnels de la Maison L.J.G. Mallet du 1429, rue du Canot \u00e0 Havre-Saint-Pierre, maintenant reconnue Distinction et membre de la Corporation des Thanatologues du Qu\u00e9bec.<\/p>\n<p>Vous pouvez consulter cet avis de d\u00e9c\u00e8s sur le <a href=\"https:\/\/nouveau.maisonmallet.com\/back05_01\/\">www.maisonmallet.com<\/a><\/p>\n<p>Ceux et celles qui le d\u00e9sirent, peuvent y envoyer des messages de sympathie.<\/p>\n<p>&nbsp;<\/p>\n<p>&nbsp;<\/p>\n<hr \/>\n<p>Envoyer vos condol\u00e9ances<\/p>\n<p>[contact-form to=\u00a0\u00bbcormierelise@hotmail.com\u00a0\u00bb subject=\u00a0\u00bbCondol\u00e9ances Charley Cormier\u00a0\u00bb][contact-field label=\u00a0\u00bbVotre nom\u00a0\u00bb type=\u00a0\u00bbname\u00a0\u00bb required=\u00a0\u00bb1&Prime;][contact-field label=\u00a0\u00bbVotre courriel\u00a0\u00bb type=\u00a0\u00bbemail\u00a0\u00bb required=\u00a0\u00bb1&Prime;][contact-field label=\u00a0\u00bbCondol\u00e9ances\u00a0\u00bb type=\u00a0\u00bbtextarea\u00a0\u00bb][\/contact-form]<\/p>\n","protected":false},"featured_media":2465,"template":"","event_cat":[7],"class_list":["post-2463","event","type-event","status-publish","has-post-thumbnail","hentry","event_cat-maison-l-j-g-mallet-inc"],"_links":{"self":[{"href":"https:\/\/nouveau.maisonmallet.com\/back05_01\/index.php?rest_route=\/wp\/v2\/event\/2463","targetHints":{"allow":["GET"]}}],"collection":[{"href":"https:\/\/nouveau.maisonmallet.com\/back05_01\/index.php?rest_route=\/wp\/v2\/event"}],"about":[{"href":"https:\/\/nouveau.maisonmallet.com\/back05_01\/index.php?rest_route=\/wp\/v2\/types\/event"}],"wp:featuredmedia":[{"embeddable":true,"href":"https:\/\/nouveau.maisonmallet.com\/back05_01\/index.php?rest_route=\/wp\/v2\/media\/2465"}],"wp:attachment":[{"href":"https:\/\/nouveau.maisonmallet.com\/back05_01\/index.php?rest_route=%2Fwp%2Fv2%2Fmedia&parent=2463"}],"wp:term":[{"taxonomy":"event_cat","embeddable":true,"href":"https:\/\/nouveau.maisonmallet.com\/back05_01\/index.php?rest_route=%2Fwp%2Fv2%2Fevent_cat&post=2463"}],"curies":[{"name":"wp","href":"https:\/\/api.w.org\/{rel}","templated":true}]}}