{"id":25724,"date":"2021-11-18T20:24:52","date_gmt":"2021-11-19T01:24:52","guid":{"rendered":"https:\/\/nouveau.maisonmallet.com\/?post_type=event&#038;p=25724"},"modified":"2021-11-19T20:57:38","modified_gmt":"2021-11-20T01:57:38","slug":"pelletier-annette","status":"publish","type":"event","link":"https:\/\/nouveau.maisonmallet.com\/back05_01\/?event=pelletier-annette","title":{"rendered":"PELLETIER, Annette"},"content":{"rendered":"<p>1932 \u2013 2021<\/p>\n<p>PELLETIER, Annette<\/p>\n<p>&nbsp;<\/p>\n<p>C\u2019est dans la douceur et entour\u00e9e de l\u2019amour des siens que madame Annette Pelletier est d\u00e9c\u00e9d\u00e9e \u00e0 l\u2019\u00e2ge de 89 ans et 4 mois. Le d\u00e9c\u00e8s est survenu le 6 novembre 2021 \u00e0 l\u2019h\u00f4pital Enfants J\u00e9sus de Qu\u00e9bec. Elle \u00e9tait la fille de feu Anne-Ir\u00e8ne Durette et de feu Albert Pelletier.<\/p>\n<p>Elle \u00e9tait native de Sayabec. Elle a v\u00e9cu une grande partie de sa vie \u00e0 Sept-\u00celes (36 ans) o\u00f9 elle a exerc\u00e9 la profession d\u2019enseignante avec un grand d\u00e9vouement. Elle r\u00e9sidait \u00e0 Qu\u00e9bec depuis 1995.<\/p>\n<p><strong><em>La famille recevra les condol\u00e9ances, le samedi 4 d\u00e9cembre 2021,<\/em><\/strong><em> <strong>d\u00e8s 13h,\u00a0en l\u2019\u00e9glise Saint-Benoit-Abb\u00e9, 3420 Rue Rochambeau, Qu\u00e9bec, QC G1X 2H1<br \/>\n<\/strong><\/em><\/p>\n<p><strong><em>Les fun\u00e9railles suivront \u00e0 14h. L\u2019inhumation de ces cendres se fera au printemps 2022<\/em><\/strong><\/p>\n<p>Elle laisse dans le deuil sa fille\u00a0Suzie (Mario Arsenault); ses petits-fils\u00a0: Fran\u00e7ois (Julie Tremblay) et Benoit ; son arri\u00e8re-petit-fils Ludovic; ses s\u0153urs\u00a0: Georgette (feu Martial Blouin) et Ghislaine (Marcellin Landry); son grand ami Paul No\u00ebl; ses cousins, cousines, neveux, ni\u00e8ces ainsi que son amie de longue date Marcelle Boudreau et plusieurs autres ami(e)s de Qu\u00e9bec.<\/p>\n<p>Outre ses parents, elle est partie rejoindre son fils Roberto; ses s\u0153urs\u00a0: Th\u00e9r\u00e8se (feu Julien Gagnon) et Aurore (feu Jules Baril).<\/p>\n<p>Vos t\u00e9moignages de sympathie peuvent se traduire par un don \u00e0 la Fondation qu\u00e9b\u00e9coise du cancer, 190 rue Dorchester, bureau 50, Qu\u00e9bec (QC) G1K 5Y9, t\u00e9l\u00e9phone : 418 657-5334 ou \u00e0 la Fondation CHU de Qu\u00e9bec, 1825 boulevard Henri-Bourassa, bureau 405, Qu\u00e9bec (QC) G1J 0H4, t\u00e9l\u00e9phone : 418 525-4385.<\/p>\n<p><a href=\"https:\/\/fqc.qc.ca\/fr\/donnez\/faites-un-don\">https:\/\/fqc.qc.ca\/fr\/donnez\/faites-un-don<\/a><\/p>\n<p><u>https:\/\/fondationduchudequebec.org\/donner-a-la-sante\/<\/u><\/p>\n<p>&nbsp;<\/p>\n<p>Pour renseignements\u00a0:<br \/>\n<strong>Harmonia<br \/>\n<\/strong>T\u00e9l\u00e9phone\u00a0: 418\u00a0681-9797<\/p>\n<p><em>Pour l\u2019envoi de messages de sympathie personnalis\u00e9s\u00a0:<br \/>\n<\/em><a href=\"mailto:info@harmonia.ca\">info@harmonia.ca<\/a><u><br \/>\n<\/u><em>Ne pas oublier d\u2019indiquer le nom de la personne d\u00e9c\u00e9d\u00e9e<br \/>\net nous transmettrons votre message par courriel \u00e0 la famille<br \/>\ndans les plus brefs d\u00e9lais<\/em><\/p>\n<p>&nbsp;<\/p>\n<hr \/>\n<p>Envoyer vos condol\u00e9ances<\/p>\n<p>[contact-form to=\u00a0\u00bbsuzieroy78@gmail.com\u00a0\u00bb subject=\u00a0\u00bbCondol\u00e9ances Annette Pelletier\u00a0\u00bb][contact-field label=\u00a0\u00bbVotre nom\u00a0\u00bb type=\u00a0\u00bbname\u00a0\u00bb required=\u00a0\u00bb1&Prime;][contact-field label=\u00a0\u00bbVotre courriel\u00a0\u00bb type=\u00a0\u00bbemail\u00a0\u00bb required=\u00a0\u00bb1&Prime;][contact-field label=\u00a0\u00bbCondol\u00e9ances\u00a0\u00bb type=\u00a0\u00bbtextarea\u00a0\u00bb][\/contact-form]<\/p>\n","protected":false},"featured_media":25797,"template":"","event_cat":[6],"class_list":["post-25724","event","type-event","status-publish","has-post-thumbnail","hentry","event_cat-maison-mallet-et-fils-inc"],"_links":{"self":[{"href":"https:\/\/nouveau.maisonmallet.com\/back05_01\/index.php?rest_route=\/wp\/v2\/event\/25724","targetHints":{"allow":["GET"]}}],"collection":[{"href":"https:\/\/nouveau.maisonmallet.com\/back05_01\/index.php?rest_route=\/wp\/v2\/event"}],"about":[{"href":"https:\/\/nouveau.maisonmallet.com\/back05_01\/index.php?rest_route=\/wp\/v2\/types\/event"}],"wp:featuredmedia":[{"embeddable":true,"href":"https:\/\/nouveau.maisonmallet.com\/back05_01\/index.php?rest_route=\/wp\/v2\/media\/25797"}],"wp:attachment":[{"href":"https:\/\/nouveau.maisonmallet.com\/back05_01\/index.php?rest_route=%2Fwp%2Fv2%2Fmedia&parent=25724"}],"wp:term":[{"taxonomy":"event_cat","embeddable":true,"href":"https:\/\/nouveau.maisonmallet.com\/back05_01\/index.php?rest_route=%2Fwp%2Fv2%2Fevent_cat&post=25724"}],"curies":[{"name":"wp","href":"https:\/\/api.w.org\/{rel}","templated":true}]}}