{"id":25805,"date":"2021-11-22T17:33:11","date_gmt":"2021-11-22T22:33:11","guid":{"rendered":"https:\/\/nouveau.maisonmallet.com\/?post_type=event&#038;p=25805"},"modified":"2021-11-22T17:33:11","modified_gmt":"2021-11-22T22:33:11","slug":"jean-philippe","status":"publish","type":"event","link":"https:\/\/nouveau.maisonmallet.com\/back05_01\/?event=jean-philippe","title":{"rendered":"JEAN, Philippe"},"content":{"rendered":"<p>1937 \u2013 2021<\/p>\n<p>JEAN, Philippe<\/p>\n<p>&nbsp;<\/p>\n<p>\u00c0 Sept-\u00celes, le 18 novembre 2021 est d\u00e9c\u00e9d\u00e9 \u00e0 l\u2019\u00e2ge de 84 ans, monsieur Philippe Jean conjoint de madame Marie-Jos\u00e9e Poulin et domicili\u00e9 \u00e0 Sept-\u00celes.<\/p>\n<p>La c\u00e9r\u00e9monie comm\u00e9morative de monsieur Philippe Jean aura lieu le mercredi 24 novembre 2021 \u00e0 20 h \u00e0 la chapelle du Complexe Thanatologique Mallet &amp; fils du 585, Boul. Laure \u00e0 Sept-\u00celes.<\/p>\n<p>La famille re\u00e7oit parents et amis le mercredi 24 novembre 2021 de 13 h \u00e0 16 h et de 19 h \u00e0 22 h au Complexe Thanatologique Mallet &amp; fils du 585 Boul. Laure \u00e0 Sept-\u00celes.<\/p>\n<p><strong><u>D\u00fb aux circonstances reli\u00e9es \u00e0 la pand\u00e9mie, vous pouvez venir pr\u00e9senter vos condol\u00e9ances en respectant la distanciation physique et le port du masque sera obligatoire.<\/u><\/strong><\/p>\n<p>Il laisse dans le deuil outre sa conjointe madame Marie-Jos\u00e9e Poulin, ses enfants\u00a0: Dino, Doris, Nathalie et Jean-Philippe, ses petits-enfants\u00a0: M\u00e9lissa, Alexandra, Tony, Fanny, Dany, Jonathan, Tomas, Nolan, \u00c9lie, Arya, Christina et Deven, ses arri\u00e8re-petits-enfants ainsi que ses fr\u00e8res, ses s\u0153urs, ses beaux-fr\u00e8res, ses belles-s\u0153urs, ses neveux, ses ni\u00e8ces, ses cousins, ses cousines et de nombreux ami(e)s.<\/p>\n<p>Il \u00e9tait le p\u00e8re de feu Denis Jean, feu Bruno Jean (Nancy) et feue Annie Jean.<\/p>\n<p>La famille a confi\u00e9 les arrangements aux services professionnels de la Maison Mallet &amp; fils du 585 Boul. Laure \u00e0 Sept-\u00celes, maintenant reconnue Distinction et membre de la Corporation des Thanatologues du Qu\u00e9bec.<\/p>\n<p>Vous pouvez consulter cet avis de d\u00e9c\u00e8s sur le\u00a0: <a href=\"https:\/\/nouveau.maisonmallet.com\/back05_01\">www.maisonmallet.com<\/a><\/p>\n<p>Ceux et celles qui le d\u00e9sirent, peuvent y envoyer des messages de sympathie.<\/p>\n<p>&nbsp;<\/p>\n<hr \/>\n<p>Envoyer vos condol\u00e9ances<\/p>\n<p>[contact-form to=\u00a0\u00bbmariejoseepoulin63@gmail.com\u00a0\u00bb subject=\u00a0\u00bbCondol\u00e9ances Philippe Jean\u00a0\u00bb][contact-field label=\u00a0\u00bbVotre nom\u00a0\u00bb type=\u00a0\u00bbname\u00a0\u00bb required=\u00a0\u00bb1&Prime;][contact-field label=\u00a0\u00bbVotre courriel\u00a0\u00bb type=\u00a0\u00bbemail\u00a0\u00bb required=\u00a0\u00bb1&Prime;][contact-field label=\u00a0\u00bbCondol\u00e9ances\u00a0\u00bb type=\u00a0\u00bbtextarea\u00a0\u00bb][\/contact-form]<\/p>\n","protected":false},"featured_media":25857,"template":"","event_cat":[6],"class_list":["post-25805","event","type-event","status-publish","has-post-thumbnail","hentry","event_cat-maison-mallet-et-fils-inc"],"_links":{"self":[{"href":"https:\/\/nouveau.maisonmallet.com\/back05_01\/index.php?rest_route=\/wp\/v2\/event\/25805","targetHints":{"allow":["GET"]}}],"collection":[{"href":"https:\/\/nouveau.maisonmallet.com\/back05_01\/index.php?rest_route=\/wp\/v2\/event"}],"about":[{"href":"https:\/\/nouveau.maisonmallet.com\/back05_01\/index.php?rest_route=\/wp\/v2\/types\/event"}],"wp:featuredmedia":[{"embeddable":true,"href":"https:\/\/nouveau.maisonmallet.com\/back05_01\/index.php?rest_route=\/wp\/v2\/media\/25857"}],"wp:attachment":[{"href":"https:\/\/nouveau.maisonmallet.com\/back05_01\/index.php?rest_route=%2Fwp%2Fv2%2Fmedia&parent=25805"}],"wp:term":[{"taxonomy":"event_cat","embeddable":true,"href":"https:\/\/nouveau.maisonmallet.com\/back05_01\/index.php?rest_route=%2Fwp%2Fv2%2Fevent_cat&post=25805"}],"curies":[{"name":"wp","href":"https:\/\/api.w.org\/{rel}","templated":true}]}}