{"id":26906,"date":"2022-01-08T19:29:18","date_gmt":"2022-01-09T00:29:18","guid":{"rendered":"https:\/\/nouveau.maisonmallet.com\/?post_type=event&#038;p=26906"},"modified":"2022-01-09T19:43:35","modified_gmt":"2022-01-10T00:43:35","slug":"gendron-olivier","status":"publish","type":"event","link":"https:\/\/nouveau.maisonmallet.com\/back05_01\/?event=gendron-olivier","title":{"rendered":"GENDRON, Olivier"},"content":{"rendered":"<p>1983 \u2013 2021<\/p>\n<p>GENDRON, Olivier<\/p>\n<p>&nbsp;<\/p>\n<p>\u00c0 Port-Cartier, le 24 d\u00e9cembre 2021, est d\u00e9c\u00e9d\u00e9 \u00e0 l\u2019\u00e2ge de 38 ans, monsieur Olivier Gendron fils de monsieur Rodrigue Gendron et de madame Johanne Rioux domicili\u00e9 \u00e0 Port-Cartier.<\/p>\n<p>Selon ses volont\u00e9s, il a \u00e9t\u00e9 confi\u00e9 au cr\u00e9matorium de la Maison Mallet &amp; fils pour cr\u00e9mation.<\/p>\n<p>Les fun\u00e9railles de monsieur Olivier Gendron auront lieu \u00e0 une date ult\u00e9rieure.<\/p>\n<p>Il laisse dans le deuil son fils Lo\u00efc (sa m\u00e8re Karine Lapierre), son p\u00e8re monsieur Rodrigue Gendron, sa m\u00e8re madame Johanne Rioux, son fr\u00e8re S\u00e9bastien (Catherine Angers) ainsi que ses oncles, ses tantes, ses cousins, ses cousines et de nombreux ami(e)s.<\/p>\n<p>La famille a confi\u00e9 les arrangements aux services professionnels de la Maison Mallet &amp; fils du 57, route 138 \u00e0 Port-Cartier, maintenant reconnue Distinction et membre de la Corporation des Thanatologues du Qu\u00e9bec.<\/p>\n<p>Vous pouvez consulter cet avis de d\u00e9c\u00e8s, sur le <a href=\"https:\/\/nouveau.maisonmallet.com\/back05_01\">www.maisonmallet.com<\/a><\/p>\n<p>Ceux et celles qui le d\u00e9sirent, peuvent y envoyer des messages de sympathie.<\/p>\n<p>&nbsp;<\/p>\n<p>&nbsp;<\/p>\n<hr \/>\n<p>Envoyer vos condol\u00e9ances<\/p>\n<p>[contact-form to=\u00a0\u00bbriouxjo@hotmail.com\u00a0\u00bb subject=\u00a0\u00bbCondol\u00e9ances Olivier Gendron\u00a0\u00bb][contact-field label=\u00a0\u00bbVotre nom\u00a0\u00bb type=\u00a0\u00bbname\u00a0\u00bb required=\u00a0\u00bb1&Prime;][contact-field label=\u00a0\u00bbVotre courriel\u00a0\u00bb type=\u00a0\u00bbemail\u00a0\u00bb required=\u00a0\u00bb1&Prime;][contact-field label=\u00a0\u00bbCondol\u00e9ances\u00a0\u00bb type=\u00a0\u00bbtextarea\u00a0\u00bb][\/contact-form]<\/p>\n","protected":false},"featured_media":26956,"template":"","event_cat":[6],"class_list":["post-26906","event","type-event","status-publish","has-post-thumbnail","hentry","event_cat-maison-mallet-et-fils-inc"],"_links":{"self":[{"href":"https:\/\/nouveau.maisonmallet.com\/back05_01\/index.php?rest_route=\/wp\/v2\/event\/26906","targetHints":{"allow":["GET"]}}],"collection":[{"href":"https:\/\/nouveau.maisonmallet.com\/back05_01\/index.php?rest_route=\/wp\/v2\/event"}],"about":[{"href":"https:\/\/nouveau.maisonmallet.com\/back05_01\/index.php?rest_route=\/wp\/v2\/types\/event"}],"wp:featuredmedia":[{"embeddable":true,"href":"https:\/\/nouveau.maisonmallet.com\/back05_01\/index.php?rest_route=\/wp\/v2\/media\/26956"}],"wp:attachment":[{"href":"https:\/\/nouveau.maisonmallet.com\/back05_01\/index.php?rest_route=%2Fwp%2Fv2%2Fmedia&parent=26906"}],"wp:term":[{"taxonomy":"event_cat","embeddable":true,"href":"https:\/\/nouveau.maisonmallet.com\/back05_01\/index.php?rest_route=%2Fwp%2Fv2%2Fevent_cat&post=26906"}],"curies":[{"name":"wp","href":"https:\/\/api.w.org\/{rel}","templated":true}]}}