{"id":27026,"date":"2022-01-09T16:13:17","date_gmt":"2022-01-09T21:13:17","guid":{"rendered":"https:\/\/nouveau.maisonmallet.com\/?post_type=event&#038;p=27026"},"modified":"2022-02-06T10:01:19","modified_gmt":"2022-02-06T15:01:19","slug":"modele-nom-prenom-56","status":"publish","type":"event","link":"https:\/\/nouveau.maisonmallet.com\/back05_01\/?event=modele-nom-prenom-56","title":{"rendered":"ROSS, Danielle (D\u2019Auteuil)"},"content":{"rendered":"<p>1951 \u2013 2022<\/p>\n<p>ROSS, Danielle (D\u2019Auteuil)<\/p>\n<p>&nbsp;<\/p>\n<p>\u00c0 Sept-\u00celes (maison \u00c9lyme des sables), le 9 janvier 2022, est d\u00e9c\u00e9d\u00e9e \u00e0 l\u2019\u00e2ge de 70 ans, madame Danielle Ross \u00e9pouse de monsieur Yvon D\u2019Auteuil et domicili\u00e9e \u00e0 Sept-\u00celes.<\/p>\n<p><strong><u>\u00c9tant donn\u00e9 la situation de crise entourant le COVID-19 et par souci de se conformer aux recommandations gouvernementales en mati\u00e8re de rassemblements int\u00e9rieurs et des mesures d\u2019hygi\u00e8ne strictes pour les visiteurs, les rituels fun\u00e9raires de madame Danielle Ross D\u2019Auteuil auront lieu dans la plus stricte intimit\u00e9 et sur invitation seulement.<\/u><\/strong><\/p>\n<p>Elle laisse dans le deuil outre son \u00e9poux monsieur Yvon D\u2019Auteuil, son fils St\u00e9phane, sa fille Genevi\u00e8ve (Donald Proulx) sa petite-fille Laurence ainsi que ses fr\u00e8res, ses s\u0153urs, ses beaux-fr\u00e8res, ses belles-s\u0153urs, ses neveux, ses ni\u00e8ces, ses cousins, ses cousines et de nombreux ami(e)s.<\/p>\n<p>Vos marques de sympathie peuvent se traduire par un don \u00e0 l\u2019\u00c9lyme des sables <a href=\"http:\/\/www.elymedessables.com\">www.elymedessables.com<\/a><\/p>\n<p>La famille a confi\u00e9 les arrangements aux services professionnels de la Maison Mallet &amp; fils du 585 Boul. Laure \u00e0 Sept-\u00celes, maintenant reconnue Distinction et membre de la Corporation des Thanatologues du Qu\u00e9bec.<\/p>\n<p>Vous pouvez consulter cet avis de d\u00e9c\u00e8s sur le\u00a0: <a href=\"https:\/\/nouveau.maisonmallet.com\/back05_01\">www.maisonmallet.com<\/a><\/p>\n<p>Ceux et celles qui le d\u00e9sirent, peuvent y envoyer des messages de sympathie.<\/p>\n<p>&nbsp;<\/p>\n<hr \/>\n<p>Envoyer vos condol\u00e9ances<\/p>\n<p>[contact-form to=\u00a0\u00bbyvon91@telus.net\u00a0\u00bb subject=\u00a0\u00bbCondol\u00e9ances Danielle Ross\u00a0\u00bb][contact-field label=\u00a0\u00bbVotre nom\u00a0\u00bb type=\u00a0\u00bbname\u00a0\u00bb required=\u00a0\u00bb1&Prime;][contact-field label=\u00a0\u00bbVotre courriel\u00a0\u00bb type=\u00a0\u00bbemail\u00a0\u00bb required=\u00a0\u00bb1&Prime;][contact-field label=\u00a0\u00bbCondol\u00e9ances\u00a0\u00bb type=\u00a0\u00bbtextarea\u00a0\u00bb][\/contact-form]<\/p>\n","protected":false},"featured_media":27098,"template":"","event_cat":[6],"class_list":["post-27026","event","type-event","status-publish","has-post-thumbnail","hentry","event_cat-maison-mallet-et-fils-inc"],"_links":{"self":[{"href":"https:\/\/nouveau.maisonmallet.com\/back05_01\/index.php?rest_route=\/wp\/v2\/event\/27026","targetHints":{"allow":["GET"]}}],"collection":[{"href":"https:\/\/nouveau.maisonmallet.com\/back05_01\/index.php?rest_route=\/wp\/v2\/event"}],"about":[{"href":"https:\/\/nouveau.maisonmallet.com\/back05_01\/index.php?rest_route=\/wp\/v2\/types\/event"}],"wp:featuredmedia":[{"embeddable":true,"href":"https:\/\/nouveau.maisonmallet.com\/back05_01\/index.php?rest_route=\/wp\/v2\/media\/27098"}],"wp:attachment":[{"href":"https:\/\/nouveau.maisonmallet.com\/back05_01\/index.php?rest_route=%2Fwp%2Fv2%2Fmedia&parent=27026"}],"wp:term":[{"taxonomy":"event_cat","embeddable":true,"href":"https:\/\/nouveau.maisonmallet.com\/back05_01\/index.php?rest_route=%2Fwp%2Fv2%2Fevent_cat&post=27026"}],"curies":[{"name":"wp","href":"https:\/\/api.w.org\/{rel}","templated":true}]}}