{"id":27195,"date":"2022-01-10T20:15:59","date_gmt":"2022-01-11T01:15:59","guid":{"rendered":"https:\/\/nouveau.maisonmallet.com\/?post_type=event&#038;p=27195"},"modified":"2022-02-06T10:02:58","modified_gmt":"2022-02-06T15:02:58","slug":"gauthier-edouard","status":"publish","type":"event","link":"https:\/\/nouveau.maisonmallet.com\/back05_01\/?event=gauthier-edouard","title":{"rendered":"GAUTHIER, Edouard"},"content":{"rendered":"<p>1937 &#8211; 2022<\/p>\n<p>GAUTHIER, Edouard<\/p>\n<p>&nbsp;<\/p>\n<p>\u00c0 Sept-\u00celes, le 10 janvier 2022, est d\u00e9c\u00e9d\u00e9 \u00e0 l\u2019\u00e2ge de 85 ans, monsieur Edouard Gauthier \u00e9poux de madame Lucienne C\u00f4t\u00e9 et domicili\u00e9 \u00e0 Sept-\u00celes.<\/p>\n<p><strong><u>\u00c9tant donn\u00e9 la situation de crise entourant le COVID-19 et par souci de se conformer aux recommandations gouvernementales en mati\u00e8re de rassemblements int\u00e9rieurs et des mesures d\u2019hygi\u00e8ne strictes pour les visiteurs, les rituels fun\u00e9raires de monsieur Edouard Gauthier auront lieu dans la plus stricte intimit\u00e9 et sur invitation seulement.<\/u><\/strong><\/p>\n<p>Selon ses volont\u00e9s, il a \u00e9t\u00e9 confi\u00e9 au cr\u00e9matorium de la maison Mallet &amp; fils pour cr\u00e9mation.<\/p>\n<p>Il laisse dans le deuil outre son \u00e9pouse madame Lucienne C\u00f4t\u00e9 Gauthier, sa fille Pascale (Gabriel Bezeau), son fils David (Val\u00e9rie Rioux), ses petits-fils : Jean-Christophe, Louis-Thomas, Edouard, Jacob et \u00c9lie, sa petite-fille \u00c9lisabeth (Jeff Lauzi\u00e8re), ses arri\u00e8re-petites-filles : B\u00e9atrice et L\u00e9onie ainsi que son fr\u00e8re Ernest (Rose Simard), ses s\u0153urs : Yvonne, Lauriane et Yvette, son beau-fr\u00e8re Angelbert (Iris Lichenski), ses belles-s\u0153urs : Christine Charest (feu Raymond C\u00f4t\u00e9), Margueritte (Bernard Otis), Jeanne, Lise et Christiane (Fernand Gagnon), ses neveux, ses ni\u00e8ces, ses cousins, ses cousines et de nombreux ami(e)s.<\/p>\n<p>Vos marques de sympathie peuvent se traduire par un don \u00e0 l\u2019\u00c9lyme des sables <a href=\"http:\/\/www.elymedessables.com\">www.elymedessables.com<\/a><\/p>\n<p>La famille a confi\u00e9 la direction des fun\u00e9railles aux services professionnels de la Maison Mallet &amp; fils du 585 boul. Laure \u00e0 Sept-\u00celes, maintenant reconnue Distinction et membre de la Corporation des Thanatologues du Qu\u00e9bec.<\/p>\n<p>Vous pouvez consulter cet avis de d\u00e9c\u00e8s sur le <a href=\"https:\/\/nouveau.maisonmallet.com\/back05_01\">www.maisonmallet.com<\/a><\/p>\n<p>Ceux et celles qui le d\u00e9sirent, peuvent y envoyer des messages de sympathie.<\/p>\n<p>&nbsp;<\/p>\n<hr \/>\n<p>Envoyer vos condol\u00e9ances<\/p>\n<p>[contact-form to=\u00a0\u00bbluciennegauthier@hotmail.com\u00a0\u00bb subject=\u00a0\u00bbCondol\u00e9ances Edouard Gauthier\u00a0\u00bb][contact-field label=\u00a0\u00bbVotre nom\u00a0\u00bb type=\u00a0\u00bbname\u00a0\u00bb required=\u00a0\u00bb1&Prime;][contact-field label=\u00a0\u00bbVotre courriel\u00a0\u00bb type=\u00a0\u00bbemail\u00a0\u00bb required=\u00a0\u00bb1&Prime;][contact-field label=\u00a0\u00bbCondol\u00e9ances\u00a0\u00bb type=\u00a0\u00bbtextarea\u00a0\u00bb][\/contact-form]<\/p>\n","protected":false},"featured_media":27319,"template":"","event_cat":[6],"class_list":["post-27195","event","type-event","status-publish","has-post-thumbnail","hentry","event_cat-maison-mallet-et-fils-inc"],"_links":{"self":[{"href":"https:\/\/nouveau.maisonmallet.com\/back05_01\/index.php?rest_route=\/wp\/v2\/event\/27195","targetHints":{"allow":["GET"]}}],"collection":[{"href":"https:\/\/nouveau.maisonmallet.com\/back05_01\/index.php?rest_route=\/wp\/v2\/event"}],"about":[{"href":"https:\/\/nouveau.maisonmallet.com\/back05_01\/index.php?rest_route=\/wp\/v2\/types\/event"}],"wp:featuredmedia":[{"embeddable":true,"href":"https:\/\/nouveau.maisonmallet.com\/back05_01\/index.php?rest_route=\/wp\/v2\/media\/27319"}],"wp:attachment":[{"href":"https:\/\/nouveau.maisonmallet.com\/back05_01\/index.php?rest_route=%2Fwp%2Fv2%2Fmedia&parent=27195"}],"wp:term":[{"taxonomy":"event_cat","embeddable":true,"href":"https:\/\/nouveau.maisonmallet.com\/back05_01\/index.php?rest_route=%2Fwp%2Fv2%2Fevent_cat&post=27195"}],"curies":[{"name":"wp","href":"https:\/\/api.w.org\/{rel}","templated":true}]}}