{"id":27714,"date":"2022-01-21T11:23:02","date_gmt":"2022-01-21T16:23:02","guid":{"rendered":"https:\/\/nouveau.maisonmallet.com\/?post_type=event&#038;p=27714"},"modified":"2022-01-24T11:30:11","modified_gmt":"2022-01-24T16:30:11","slug":"pinette-frank","status":"publish","type":"event","link":"https:\/\/nouveau.maisonmallet.com\/back05_01\/?event=pinette-frank","title":{"rendered":"PINETTE, Frank"},"content":{"rendered":"<p>1993 &#8211; 2022<\/p>\n<p>PINETTE, Frank<\/p>\n<p>&nbsp;<\/p>\n<p>\u00c0 Sept-\u00celes, le 17 janvier 2022, est d\u00e9c\u00e9d\u00e9 \u00e0 l\u2019\u00e2ge de 28 ans, monsieur Frank Pinette fils de Jean-Eudes Pinette et de Diana Thirnish domicili\u00e9 \u00e0 Uashat.<\/p>\n<p>Les fun\u00e9railles de monsieur Frank Pinette auront lieu le jeudi 3 f\u00e9vrier 2022 \u00e0 10 h en l\u2019\u00e9glise Kateri Tekakwitha, situ\u00e9e au 1035, avenue Dequen \u00e0 Uashat et de l\u00e0 au cimeti\u00e8re de Uashat.<\/p>\n<p><strong><u>\u00c9tant donn\u00e9 la situation de crise entourant le COVID-19 et par souci de se conformer aux recommandations gouvernementales en mati\u00e8re de rassemblements int\u00e9rieurs et des mesures d\u2019hygi\u00e8ne strictes vous pouvez assister aux fun\u00e9railles \u00e0 l\u2019\u00e9glise Kateri Tekakwitha sur invitation 25 personnes maximum seulement.<\/u><\/strong><\/p>\n<p>La famille re\u00e7oit parents et amis le mercredi 2 f\u00e9vrier 2022 de 13 h \u00e0 22 h \u00e0 l\u2019\u00e9glise Kateri Tekakwitha, situ\u00e9e au 1035, avenue Dequen \u00e0 Uashat.<\/p>\n<p><strong><u>D\u00fb aux circonstances reli\u00e9es \u00e0 la pand\u00e9mie, vous pouvez venir pr\u00e9senter vos condol\u00e9ances en respectant la distanciation physique et le port du masque sera obligatoire.<\/u><\/strong><\/p>\n<p>Il laisse dans le deuil son p\u00e8re Jean-Eudes Pinette, sa m\u00e8re Diana Thirnish, ses s\u0153urs\u00a0: Julienne, Marie-Andr\u00e9e (Rachid) et \u00c9milie (Jean-Philippe), son fr\u00e8re Raymond, sa compagne Anouk Gr\u00e9goire (ses enfants), sa famille adoptive\u00a0: Jeanne d`Arc, Fr\u00e9d\u00e9ric et Yoko (Claude Grenier), ses filleules ainsi que son parrain Jean-R\u00e9gis Pinette et sa marraine Jacinthe Pinette, ses neveux, ses ni\u00e8ces, ses oncles, ses tantes, ses cousins, ses cousines et de nombreux ami(e)s.<\/p>\n<p>Il \u00e9tait le fr\u00e8re de feue Kukuess.<\/p>\n<p>La famille a confi\u00e9 la direction des fun\u00e9railles aux services professionnels de la Maison Mallet &amp; fils du 585, Boul. Laure \u00e0 Sept-\u00celes, maintenant reconnue Distinction et membre de la Corporation des Thanatologues du Qu\u00e9bec.<\/p>\n<p>Vous pouvez consulter cet avis de d\u00e9c\u00e8s sur le <a href=\"https:\/\/nouveau.maisonmallet.com\/back05_01\">www.maisonmallet.com<\/a><\/p>\n<p>Ceux et celles qui le d\u00e9sirent, peuvent y envoyer des messages de condol\u00e9ances.<\/p>\n<p>&nbsp;<\/p>\n<p>&nbsp;<\/p>\n<hr \/>\n<p>Envoyer vos condol\u00e9ances<\/p>\n<p>[contact-form to=\u00a0\u00bbyoko_tshirnish@hotmail.com\u00a0\u00bb subject=\u00a0\u00bbCondol\u00e9ances Frank Pinette\u00a0\u00bb][contact-field label=\u00a0\u00bbVotre nom\u00a0\u00bb type=\u00a0\u00bbname\u00a0\u00bb required=\u00a0\u00bb1&Prime;][contact-field label=\u00a0\u00bbVotre courriel\u00a0\u00bb type=\u00a0\u00bbemail\u00a0\u00bb required=\u00a0\u00bb1&Prime;][contact-field label=\u00a0\u00bbCondol\u00e9ances\u00a0\u00bb type=\u00a0\u00bbtextarea\u00a0\u00bb][\/contact-form]<\/p>\n","protected":false},"featured_media":27848,"template":"","event_cat":[6],"class_list":["post-27714","event","type-event","status-publish","has-post-thumbnail","hentry","event_cat-maison-mallet-et-fils-inc"],"_links":{"self":[{"href":"https:\/\/nouveau.maisonmallet.com\/back05_01\/index.php?rest_route=\/wp\/v2\/event\/27714","targetHints":{"allow":["GET"]}}],"collection":[{"href":"https:\/\/nouveau.maisonmallet.com\/back05_01\/index.php?rest_route=\/wp\/v2\/event"}],"about":[{"href":"https:\/\/nouveau.maisonmallet.com\/back05_01\/index.php?rest_route=\/wp\/v2\/types\/event"}],"wp:featuredmedia":[{"embeddable":true,"href":"https:\/\/nouveau.maisonmallet.com\/back05_01\/index.php?rest_route=\/wp\/v2\/media\/27848"}],"wp:attachment":[{"href":"https:\/\/nouveau.maisonmallet.com\/back05_01\/index.php?rest_route=%2Fwp%2Fv2%2Fmedia&parent=27714"}],"wp:term":[{"taxonomy":"event_cat","embeddable":true,"href":"https:\/\/nouveau.maisonmallet.com\/back05_01\/index.php?rest_route=%2Fwp%2Fv2%2Fevent_cat&post=27714"}],"curies":[{"name":"wp","href":"https:\/\/api.w.org\/{rel}","templated":true}]}}