{"id":28445,"date":"2022-02-10T14:01:06","date_gmt":"2022-02-10T19:01:06","guid":{"rendered":"https:\/\/nouveau.maisonmallet.com\/?post_type=event&#038;p=28445"},"modified":"2022-02-11T15:05:35","modified_gmt":"2022-02-11T20:05:35","slug":"solon-bernadette","status":"publish","type":"event","link":"https:\/\/nouveau.maisonmallet.com\/back05_01\/?event=solon-bernadette","title":{"rendered":"SOLON, Bernadette"},"content":{"rendered":"<p>1951 &#8211; 2022<\/p>\n<p>SOLON, Bernadette<\/p>\n<p>&nbsp;<\/p>\n<p>\u00c0 Sept-\u00celes (r\u00e9sidence Urgel Pelletier), le 8 f\u00e9vrier 2022, est d\u00e9c\u00e9d\u00e9e \u00e0 l\u2019\u00e2ge de 70 ans, madame Bernadette Solon fille de feu Osner Solon et de feue Irma Bellemont domicili\u00e9e \u00e0 Sept-\u00celes.<\/p>\n<p>La c\u00e9r\u00e9monie comm\u00e9morative de madame Bernadette Solon aura lieu en toute intimit\u00e9 \u00e0 la chapelle du Complexe Thanatologique Mallet &amp; fils du 585, Boul. Laure \u00e0 Sept-\u00celes.<\/p>\n<p>Selon ses volont\u00e9s, elle a \u00e9t\u00e9 confi\u00e9e au cr\u00e9matorium de la maison Mallet &amp; fils pour cr\u00e9mation.<\/p>\n<p>Elle laisse dans le deuil sa s\u0153ur Carmelle (Antoine Saint-Vil), son fr\u00e8re Jean-Fran\u00e7ois (Jocelyne Saint-Julien), sa ni\u00e8ce qu`elle consid\u00e9rait comme sa fille Magalie (Jean-Patrick Paul), sa filleule \u00c9l\u00e9onore, sa petite ni\u00e8ce Ana\u00efs, ses neveux : Gr\u00e9gory, Ricardo et Jofrany ainsi que sa grande amie Gabrielle Isidore, ses cousins, ses cousines et de nombreux ami(e)s.<\/p>\n<p>La famille remercie de tout c\u0153ur Dre. Ariane Gagnon-Trottier et tout le personnel de la r\u00e9sidence Urgel Pelletier pour leur d\u00e9vouement et les bons soins prodigu\u00e9s \u00e0 Bernadette. Elle vous a tous b\u00e9nis jour apr\u00e8s jour.<\/p>\n<p>Vos marques de sympathie peuvent se traduire par un don \u00e0 la soci\u00e9t\u00e9 Alzheimer Cote-Nord <a href=\"http:\/\/www.societealzheimercotenord.com\">www.societealzheimercotenord.com<\/a><\/p>\n<p>La famille a confi\u00e9 les arrangements aux services professionnels de la Maison Mallet &amp; fils du 585 Boul. Laure \u00e0 Sept-\u00celes, maintenant reconnue Distinction et membre de la Corporation des Thanatologues du Qu\u00e9bec.<\/p>\n<p>Vous pouvez consulter cet avis de d\u00e9c\u00e8s sur le <a href=\"https:\/\/nouveau.maisonmallet.com\/back05_01\">www.maisonmallet.com<\/a><\/p>\n<p>Ceux et celles qui le d\u00e9sirent, peuvent y envoyer des messages de condol\u00e9ances.<\/p>\n<p>&nbsp;<\/p>\n<hr \/>\n<p>Envoyer vos condol\u00e9ances<\/p>\n<p>[contact-form to=\u00a0\u00bbmag1907_1@hotmail.com\u00a0\u00bb subject=\u00a0\u00bbCondol\u00e9ances Bernadette Solon\u00a0\u00bb][contact-field label=\u00a0\u00bbVotre nom\u00a0\u00bb type=\u00a0\u00bbname\u00a0\u00bb required=\u00a0\u00bb1&Prime;][contact-field label=\u00a0\u00bbVotre courriel\u00a0\u00bb type=\u00a0\u00bbemail\u00a0\u00bb required=\u00a0\u00bb1&Prime;][contact-field label=\u00a0\u00bbCondol\u00e9ances\u00a0\u00bb type=\u00a0\u00bbtextarea\u00a0\u00bb][\/contact-form]<\/p>\n","protected":false},"featured_media":28462,"template":"","event_cat":[6],"class_list":["post-28445","event","type-event","status-publish","has-post-thumbnail","hentry","event_cat-maison-mallet-et-fils-inc"],"_links":{"self":[{"href":"https:\/\/nouveau.maisonmallet.com\/back05_01\/index.php?rest_route=\/wp\/v2\/event\/28445","targetHints":{"allow":["GET"]}}],"collection":[{"href":"https:\/\/nouveau.maisonmallet.com\/back05_01\/index.php?rest_route=\/wp\/v2\/event"}],"about":[{"href":"https:\/\/nouveau.maisonmallet.com\/back05_01\/index.php?rest_route=\/wp\/v2\/types\/event"}],"wp:featuredmedia":[{"embeddable":true,"href":"https:\/\/nouveau.maisonmallet.com\/back05_01\/index.php?rest_route=\/wp\/v2\/media\/28462"}],"wp:attachment":[{"href":"https:\/\/nouveau.maisonmallet.com\/back05_01\/index.php?rest_route=%2Fwp%2Fv2%2Fmedia&parent=28445"}],"wp:term":[{"taxonomy":"event_cat","embeddable":true,"href":"https:\/\/nouveau.maisonmallet.com\/back05_01\/index.php?rest_route=%2Fwp%2Fv2%2Fevent_cat&post=28445"}],"curies":[{"name":"wp","href":"https:\/\/api.w.org\/{rel}","templated":true}]}}