{"id":29118,"date":"2022-05-16T16:38:36","date_gmt":"2022-05-16T20:38:36","guid":{"rendered":"https:\/\/nouveau.maisonmallet.com\/?post_type=event&#038;p=29118"},"modified":"2022-05-17T14:18:42","modified_gmt":"2022-05-17T18:18:42","slug":"malaison-vigneault-lucille-tanguay","status":"publish","type":"event","link":"https:\/\/nouveau.maisonmallet.com\/back05_01\/?event=malaison-vigneault-lucille-tanguay","title":{"rendered":"MALAISON VIGNEAULT, Lucille (Tanguay)"},"content":{"rendered":"<p>1931 &#8211; 2022<\/p>\n<p>MALAISON VIGNEAULT, Lucille (Tanguay)<\/p>\n<p>&nbsp;<\/p>\n<p>\u00c0 Havre-Saint-Pierre, le 10 f\u00e9vrier 2022, est d\u00e9c\u00e9d\u00e9e \u00e0 l\u2019\u00e2ge de 90 ans, madame Lucille Malaison Vigneault \u00e9pouse de feu Donat Tanguay et domicili\u00e9 \u00e0 Havre-Saint-Pierre.<\/p>\n<p>Les fun\u00e9railles de madame Lucille Malaison Vigneault Tanguay auront lieu le samedi 21 mai 2022 \u00e0 14 h en l\u2019\u00c9glise Saint-Fran\u00e7ois R\u00e9gis de Baie-Johan-Beetz.<\/p>\n<p>Selon ses volont\u00e9s, elle a \u00e9t\u00e9 confi\u00e9e au cr\u00e9matorium de la Maison L.J.G. Mallet pour cr\u00e9mation.<\/p>\n<p>La famille re\u00e7oit parents et amis le samedi 21 mai 2022 jour des fun\u00e9railles\u00a0\u00e0 compter de 13 h\u00a0\u00e0 l\u2019\u00c9glise de Baie-Johan-Beetz.<\/p>\n<p>Elle laisse dans le deuil ses enfants\u00a0: Denise, Yvon (Linda Th\u00e9riault) et Sylvain (H\u00e9l\u00e8ne Castilloux), ses petits-enfants\u00a0: Keven (Jessica Morency), Karl, Tayna (Yoan Goulet) et Anne-Fr\u00e9d\u00e9rique (Marc-Antoine Deraps), ses arri\u00e8re-petits-enfants\u00a0: Nathaniel, Madrick, Jordan, L\u00e9a-Kim, Marie-Sophie, Jules, Liam et Charles ainsi que son beau-fr\u00e8re, ses belles-s\u0153urs, ses neveux, ses ni\u00e8ces, ses cousins, ses cousines et de nombreux amis.<\/p>\n<p>Elle \u00e9tait la m\u00e8re de feu Isabelle.<\/p>\n<p>Nous tenons \u00e0 remercier tout le personnel du 3<sup>i\u00e8me<\/sup> du CISSS de la Minganie pour les soins de qualit\u00e9, la gentillesse et le d\u00e9vouement. \u00c7a \u00e9t\u00e9 d\u2019un grand r\u00e9confort\u2026<\/p>\n<p>Vos marques de sympathie peuvent se traduire par un don \u00e0 la soci\u00e9t\u00e9 Alzheimer Cote-Nord <a href=\"http:\/\/www.societealzheimercotenord.com\">www.societealzheimercotenord.com<\/a><\/p>\n<p>La famille a confi\u00e9 la direction des fun\u00e9railles aux services professionnels de la Maison L.J.G. Mallet du 1429, rue du Canot \u00e0 Havre-Saint-Pierre, maintenant reconnue Distinction et membre de la Corporation des Thanatologues du Qu\u00e9bec.<\/p>\n<p>Vous pouvez consulter cet avis de d\u00e9c\u00e8s, sur le\u00a0<a href=\"https:\/\/nouveau.maisonmallet.com\/back05_01\/\">www.maisonmallet.com<\/a><\/p>\n<p>Ceux et celles qui le d\u00e9sirent, peuvent y envoyer des messages de sympathie.<\/p>\n<p>&nbsp;<\/p>\n<hr \/>\n<p>Envoyer vos condol\u00e9ances<\/p>\n<p>[contact-form to=\u00a0\u00bbdenisetanguay@icloud.com\u00a0\u00bb subject=\u00a0\u00bbCondol\u00e9ances Lucille Malaison Vigneault\u00a0\u00bb][contact-field label=\u00a0\u00bbVotre nom\u00a0\u00bb type=\u00a0\u00bbname\u00a0\u00bb required=\u00a0\u00bb1&Prime;][contact-field label=\u00a0\u00bbVotre courriel\u00a0\u00bb type=\u00a0\u00bbemail\u00a0\u00bb required=\u00a0\u00bb1&Prime;][contact-field label=\u00a0\u00bbCondol\u00e9ances\u00a0\u00bb type=\u00a0\u00bbtextarea\u00a0\u00bb][\/contact-form]<\/p>\n","protected":false},"featured_media":29174,"template":"","event_cat":[7],"class_list":["post-29118","event","type-event","status-publish","has-post-thumbnail","hentry","event_cat-maison-l-j-g-mallet-inc"],"_links":{"self":[{"href":"https:\/\/nouveau.maisonmallet.com\/back05_01\/index.php?rest_route=\/wp\/v2\/event\/29118","targetHints":{"allow":["GET"]}}],"collection":[{"href":"https:\/\/nouveau.maisonmallet.com\/back05_01\/index.php?rest_route=\/wp\/v2\/event"}],"about":[{"href":"https:\/\/nouveau.maisonmallet.com\/back05_01\/index.php?rest_route=\/wp\/v2\/types\/event"}],"wp:featuredmedia":[{"embeddable":true,"href":"https:\/\/nouveau.maisonmallet.com\/back05_01\/index.php?rest_route=\/wp\/v2\/media\/29174"}],"wp:attachment":[{"href":"https:\/\/nouveau.maisonmallet.com\/back05_01\/index.php?rest_route=%2Fwp%2Fv2%2Fmedia&parent=29118"}],"wp:term":[{"taxonomy":"event_cat","embeddable":true,"href":"https:\/\/nouveau.maisonmallet.com\/back05_01\/index.php?rest_route=%2Fwp%2Fv2%2Fevent_cat&post=29118"}],"curies":[{"name":"wp","href":"https:\/\/api.w.org\/{rel}","templated":true}]}}