{"id":29453,"date":"2022-03-17T14:37:10","date_gmt":"2022-03-17T18:37:10","guid":{"rendered":"https:\/\/nouveau.maisonmallet.com\/?post_type=event&#038;p=29453"},"modified":"2022-03-18T14:57:19","modified_gmt":"2022-03-18T18:57:19","slug":"ringuette-gemma","status":"publish","type":"event","link":"https:\/\/nouveau.maisonmallet.com\/back05_01\/?event=ringuette-gemma","title":{"rendered":"RINGUETTE, Gemma"},"content":{"rendered":"<p>1930 \u2013 2022<\/p>\n<p>Ringuette, Gemma<\/p>\n<p>&nbsp;<\/p>\n<p>\u00c0 Sept-\u00celes, le 10 mars 2022, est d\u00e9c\u00e9d\u00e9e \u00e0 l\u2019\u00e2ge de 92 ans, madame Gemma Ringuette \u00e9pouse de feu Nazaire Pag\u00e9 et domicili\u00e9e \u00e0 Sept-\u00celes.<\/p>\n<p>Les fun\u00e9railles de madame Gemma Ringuette auront lieu le samedi 21 mai 2022 \u00e0 14 h en l\u2019\u00e9glise St-Joseph situ\u00e9e au 535, ave. Brochu \u00e0 Sept-\u00celes et de l\u00e0 au cimeti\u00e8re de Sept-\u00celes.<\/p>\n<p>Selon ses volont\u00e9s, elle a \u00e9t\u00e9 confi\u00e9e au cr\u00e9matorium de la Maison Mallet &amp; fils pour cr\u00e9mation.<\/p>\n<p>Elle laisse dans le deuil sa fille Micheline (Alain Fug\u00e8re), ses fils\u00a0: Pierre et Marcel (Nicole Gauthier), ses petits-enfants\u00a0: Genevi\u00e8ve (Karim El-Mongi), David, Jean-Philippe, Fran\u00e7ois et Christian, son arri\u00e8re-petite-fille Sofia ainsi que ses s\u0153urs\u00a0: Nicole (Michel Dorais) et Louise (Luc Duguay), ses belles-s\u0153urs, ses neveux, ses ni\u00e8ces et de nombreux ami(e)s.<\/p>\n<p>Vos marques de sympathie peuvent se traduire par un don \u00e0 l\u2019\u00c9lyme des Sables <a href=\"http:\/\/www.elymedessables.com\">www.elymedessables.com<\/a><\/p>\n<p>La famille a confi\u00e9 la direction des fun\u00e9railles aux services professionnels de la Maison Mallet &amp; fils du 585, boul. Laure \u00e0 Sept-\u00celes, maintenant reconnue Distinction et membre de la Corporation des Thanatologues du Qu\u00e9bec.<\/p>\n<p>Vous pouvez consulter cet avis de d\u00e9c\u00e8s sur le\u00a0: <a href=\"https:\/\/nouveau.maisonmallet.com\/back05_01\">www.maisonmallet.com<\/a><\/p>\n<p>Ceux et celles qui le d\u00e9sirent, peuvent y envoyer des messages de sympathie.<\/p>\n<p>&nbsp;<\/p>\n<hr \/>\n<p>Envoyer vos condol\u00e9ances<\/p>\n<p>[contact-form to=\u00a0\u00bbmichelinepage1@icloud.com\u00a0\u00bb subject=\u00a0\u00bbCondol\u00e9ances Gemma Ringuette\u00a0\u00bb][contact-field label=\u00a0\u00bbVotre nom\u00a0\u00bb type=\u00a0\u00bbname\u00a0\u00bb required=\u00a0\u00bb1&Prime;][contact-field label=\u00a0\u00bbVotre courriel\u00a0\u00bb type=\u00a0\u00bbemail\u00a0\u00bb required=\u00a0\u00bb1&Prime;][contact-field label=\u00a0\u00bbCondol\u00e9ances\u00a0\u00bb type=\u00a0\u00bbtextarea\u00a0\u00bb][\/contact-form]<\/p>\n","protected":false},"featured_media":29475,"template":"","event_cat":[6],"class_list":["post-29453","event","type-event","status-publish","has-post-thumbnail","hentry","event_cat-maison-mallet-et-fils-inc"],"_links":{"self":[{"href":"https:\/\/nouveau.maisonmallet.com\/back05_01\/index.php?rest_route=\/wp\/v2\/event\/29453","targetHints":{"allow":["GET"]}}],"collection":[{"href":"https:\/\/nouveau.maisonmallet.com\/back05_01\/index.php?rest_route=\/wp\/v2\/event"}],"about":[{"href":"https:\/\/nouveau.maisonmallet.com\/back05_01\/index.php?rest_route=\/wp\/v2\/types\/event"}],"wp:featuredmedia":[{"embeddable":true,"href":"https:\/\/nouveau.maisonmallet.com\/back05_01\/index.php?rest_route=\/wp\/v2\/media\/29475"}],"wp:attachment":[{"href":"https:\/\/nouveau.maisonmallet.com\/back05_01\/index.php?rest_route=%2Fwp%2Fv2%2Fmedia&parent=29453"}],"wp:term":[{"taxonomy":"event_cat","embeddable":true,"href":"https:\/\/nouveau.maisonmallet.com\/back05_01\/index.php?rest_route=%2Fwp%2Fv2%2Fevent_cat&post=29453"}],"curies":[{"name":"wp","href":"https:\/\/api.w.org\/{rel}","templated":true}]}}