{"id":30583,"date":"2022-05-05T16:00:18","date_gmt":"2022-05-05T20:00:18","guid":{"rendered":"https:\/\/nouveau.maisonmallet.com\/?post_type=event&#038;p=30583"},"modified":"2022-05-11T18:44:36","modified_gmt":"2022-05-11T22:44:36","slug":"hudon-laurent","status":"publish","type":"event","link":"https:\/\/nouveau.maisonmallet.com\/back05_01\/?event=hudon-laurent","title":{"rendered":"HUDON, Laurent"},"content":{"rendered":"<p>1947 \u2013 2022<\/p>\n<p>HUDON, Laurent<\/p>\n<p>&nbsp;<\/p>\n<p>\u00c0 Sept-\u00celes, le 20 avril 2022, est d\u00e9c\u00e9d\u00e9 \u00e0 l\u2019\u00e2ge de 74 ans, monsieur Laurent Hudon fils de feu L\u00e9o Hudon et de feu Marguerite Bilodeau et domicili\u00e9 \u00e0 Sept-\u00celes.<\/p>\n<p>Selon ses volont\u00e9s, il a \u00e9t\u00e9 confi\u00e9 au cr\u00e9matorium de la Maison Mallet &amp; fils pour cr\u00e9mation.<\/p>\n<p>La famille re\u00e7oit parents et amis le mercredi 11 mai 2022 de 19 h \u00e0 22 h au Complexe Thanatologique Mallet &amp; fils du 585 boul. Laure \u00e0 Sept-\u00celes.<\/p>\n<p><strong><u>D\u00fb aux circonstances reli\u00e9es \u00e0 la pand\u00e9mie, vous pouvez venir pr\u00e9senter vos condol\u00e9ances en respectant la distanciation physique et le port du masque sera obligatoire.<\/u><\/strong><\/p>\n<p>Il laisse dans le deuil ses fils : Ren\u00e9 et Roger, ses petits-enfants: Sara et Olivier, ses fr\u00e8res et ses s\u0153urs : Henri (feu Laure-Anna Lacroix), Jean-Guy (Colombe Dagenais), Feu Murielle (Paul-Henri Ouellet), L\u00e9o (feu Louise Petit) et Francine (Normand Bilodeau) ainsi que ses neveux, ses ni\u00e8ces et de nombreux ami(e)s.<\/p>\n<p>La famille a confi\u00e9 les arrangements aux services professionnels de la Maison Mallet &amp; fils du 585 Boul. Laure \u00e0 Sept-\u00celes, maintenant reconnue Distinction et membre de la Corporation des Thanatologues du Qu\u00e9bec.<\/p>\n<p>Vous pouvez consulter cet avis de d\u00e9c\u00e8s sur le\u00a0: <a href=\"https:\/\/nouveau.maisonmallet.com\/back05_01\">www.maisonmallet.com<\/a><\/p>\n<p>Ceux et celles qui le d\u00e9sirent, peuvent y envoyer des messages de sympathie.<\/p>\n<p>&nbsp;<\/p>\n<hr \/>\n<p>Envoyer vos condol\u00e9ances<\/p>\n<p>[contact-form to=\u00a0\u00bbslinkytoutcourt@hotmail.com\u00a0\u00bb subject=\u00a0\u00bbCondol\u00e9ances Laurent Hudon\u00a0\u00bb][contact-field label=\u00a0\u00bbVotre nom\u00a0\u00bb type=\u00a0\u00bbname\u00a0\u00bb required=\u00a0\u00bb1&Prime;][contact-field label=\u00a0\u00bbVotre courriel\u00a0\u00bb type=\u00a0\u00bbemail\u00a0\u00bb required=\u00a0\u00bb1&Prime;][contact-field label=\u00a0\u00bbCondol\u00e9ances\u00a0\u00bb type=\u00a0\u00bbtextarea\u00a0\u00bb][\/contact-form]<\/p>\n","protected":false},"featured_media":30629,"template":"","event_cat":[6],"class_list":["post-30583","event","type-event","status-publish","has-post-thumbnail","hentry","event_cat-maison-mallet-et-fils-inc"],"_links":{"self":[{"href":"https:\/\/nouveau.maisonmallet.com\/back05_01\/index.php?rest_route=\/wp\/v2\/event\/30583","targetHints":{"allow":["GET"]}}],"collection":[{"href":"https:\/\/nouveau.maisonmallet.com\/back05_01\/index.php?rest_route=\/wp\/v2\/event"}],"about":[{"href":"https:\/\/nouveau.maisonmallet.com\/back05_01\/index.php?rest_route=\/wp\/v2\/types\/event"}],"wp:featuredmedia":[{"embeddable":true,"href":"https:\/\/nouveau.maisonmallet.com\/back05_01\/index.php?rest_route=\/wp\/v2\/media\/30629"}],"wp:attachment":[{"href":"https:\/\/nouveau.maisonmallet.com\/back05_01\/index.php?rest_route=%2Fwp%2Fv2%2Fmedia&parent=30583"}],"wp:term":[{"taxonomy":"event_cat","embeddable":true,"href":"https:\/\/nouveau.maisonmallet.com\/back05_01\/index.php?rest_route=%2Fwp%2Fv2%2Fevent_cat&post=30583"}],"curies":[{"name":"wp","href":"https:\/\/api.w.org\/{rel}","templated":true}]}}