{"id":31223,"date":"2022-05-29T20:52:42","date_gmt":"2022-05-30T00:52:42","guid":{"rendered":"https:\/\/nouveau.maisonmallet.com\/?post_type=event&#038;p=31223"},"modified":"2022-05-31T11:32:48","modified_gmt":"2022-05-31T15:32:48","slug":"st-onge-fernande","status":"publish","type":"event","link":"https:\/\/nouveau.maisonmallet.com\/back05_01\/?event=st-onge-fernande","title":{"rendered":"ST-ONGE, Fernande"},"content":{"rendered":"<p>1938 \u2013 2022<\/p>\n<p>ST-ONGE, Fernande<\/p>\n<p>&nbsp;<\/p>\n<p>\u00c0 Sept-\u00celes (maison \u00c9lyme des Sables), le 30 mai 2022, est d\u00e9c\u00e9d\u00e9e \u00e0 l\u2019\u00e2ge de 83 ans, madame Fernande St-Onge fille de feu J\u00e9rome St-Onge et de feu Marie R\u00e9gis domicili\u00e9e \u00e0 Mani-Utenam.<\/p>\n<p>Les fun\u00e9railles de madame Fernande St-Onge\u00a0auront lieu le jeudi 2 juin 2022 \u00e0 14 h en l\u2019\u00e9glise Notre-Dame-du-Cap, situ\u00e9e au 139 Rue de l&rsquo;\u00c9glise\u00a0\u00e0 Mani-utenam et de l\u00e0 au cimeti\u00e8re de l\u2019endroit.<\/p>\n<p>La famille re\u00e7oit parents et amis le mardi 31 mai 2022 de 19 h \u00e0 22 h. Le mercredi 1<sup>er<\/sup> juin 2022 de 13 h \u00e0 16 h et de 19 h \u00e0 22 h. Le\u00a0jeudi 2 juin 2022 jour des fun\u00e9railles \u00e0 compter de 12 h 30 au Complexe Thanatologique Mallet &amp; fils du 585 Boul. Laure \u00e0 Sept\u2011\u00celes.<\/p>\n<p>Elle laisse dans le deuil ses fils\u00a0: St\u00e9phane Lacasse et Patrice Lacasse (Sophie Maloney), ses petits-enfants, ses arri\u00e8res petits-enfants ainsi que ses s\u0153urs\u00a0: \u00a0Anne-Marie Andr\u00e9 (feu Jacques Andr\u00e9), \u00c9velyne St-Onge, son fr\u00e8re Jean St-Onge, ses neveux, ses ni\u00e8ces, et de nombreux ami(e)s.<\/p>\n<p>Elle \u00e9tait la s\u0153ur de feu Jules St-Onge et feu Bernard St-Onge.<\/p>\n<p>Remerciement \u00e0 Lise et Brigitte dans l\u2019accompagnement de sa maladie.<\/p>\n<p>La famille a confi\u00e9 la direction des fun\u00e9railles aux services professionnels de la Maison Mallet &amp; fils du 585, Boul. Laure \u00e0 Sept-\u00celes, maintenant reconnue Distinction et membre de la Corporation des Thanatologues du Qu\u00e9bec.<\/p>\n<p>Vous pouvez consulter cet avis de d\u00e9c\u00e8s sur le <a href=\"https:\/\/nouveau.maisonmallet.com\/back05_01\">www.maisonmallet.com<\/a><\/p>\n<p>Ceux et celles qui le d\u00e9sirent, peuvent y envoyer des messages de condol\u00e9ances.<\/p>\n<p>&nbsp;<\/p>\n<hr \/>\n<p>Envoyer vos condol\u00e9ances<\/p>\n<p>[contact-form to=\u00a0\u00bbstephane@nemetau.ca\u00a0\u00bb subject=\u00a0\u00bbCondol\u00e9ances Fernande St-Onge\u00a0\u00bb][contact-field label=\u00a0\u00bbVotre nom\u00a0\u00bb type=\u00a0\u00bbname\u00a0\u00bb required=\u00a0\u00bb1&Prime;][contact-field label=\u00a0\u00bbVotre courriel\u00a0\u00bb type=\u00a0\u00bbemail\u00a0\u00bb required=\u00a0\u00bb1&Prime;][contact-field label=\u00a0\u00bbCondol\u00e9ances\u00a0\u00bb type=\u00a0\u00bbtextarea\u00a0\u00bb][\/contact-form]<\/p>\n","protected":false},"featured_media":31257,"template":"","event_cat":[6],"class_list":["post-31223","event","type-event","status-publish","has-post-thumbnail","hentry","event_cat-maison-mallet-et-fils-inc"],"_links":{"self":[{"href":"https:\/\/nouveau.maisonmallet.com\/back05_01\/index.php?rest_route=\/wp\/v2\/event\/31223","targetHints":{"allow":["GET"]}}],"collection":[{"href":"https:\/\/nouveau.maisonmallet.com\/back05_01\/index.php?rest_route=\/wp\/v2\/event"}],"about":[{"href":"https:\/\/nouveau.maisonmallet.com\/back05_01\/index.php?rest_route=\/wp\/v2\/types\/event"}],"wp:featuredmedia":[{"embeddable":true,"href":"https:\/\/nouveau.maisonmallet.com\/back05_01\/index.php?rest_route=\/wp\/v2\/media\/31257"}],"wp:attachment":[{"href":"https:\/\/nouveau.maisonmallet.com\/back05_01\/index.php?rest_route=%2Fwp%2Fv2%2Fmedia&parent=31223"}],"wp:term":[{"taxonomy":"event_cat","embeddable":true,"href":"https:\/\/nouveau.maisonmallet.com\/back05_01\/index.php?rest_route=%2Fwp%2Fv2%2Fevent_cat&post=31223"}],"curies":[{"name":"wp","href":"https:\/\/api.w.org\/{rel}","templated":true}]}}