{"id":31307,"date":"2022-05-31T23:24:22","date_gmt":"2022-06-01T03:24:22","guid":{"rendered":"https:\/\/nouveau.maisonmallet.com\/?post_type=event&#038;p=31307"},"modified":"2022-06-01T23:37:04","modified_gmt":"2022-06-02T03:37:04","slug":"marceau-benoit","status":"publish","type":"event","link":"https:\/\/nouveau.maisonmallet.com\/back05_01\/?event=marceau-benoit","title":{"rendered":"MARCEAU, Benoit"},"content":{"rendered":"<p>1948 \u2013 2022<\/p>\n<p>MARCEAU, Benoit<\/p>\n<p>&nbsp;<\/p>\n<p>\u00c0 Qu\u00e9bec, le 27 f\u00e9vrier 2022, est d\u00e9c\u00e9d\u00e9e \u00e0 l\u2019\u00e2ge de 73 ans, monsieur Benoit Marceau \u00e9poux de madame Francine Lanteigne domicili\u00e9 \u00e0 Qu\u00e9bec et autrefois \u00e0 Sept-\u00celes et \u00e0 Saint-Lambert en Mont\u00e9r\u00e9gie.<\/p>\n<p>Selon ses volont\u00e9s, il a \u00e9t\u00e9 confi\u00e9 aux bons soins de la Maison Mallet &amp; fils.<\/p>\n<p>La famille re\u00e7oit parents et amis le samedi 4 juin 2022 de 13 h \u00e0 16 h au Complexe Thanatologique Mallet &amp; fils du 585 Boul. Laure \u00e0 Sept-\u00celes.<\/p>\n<p>Il laisse dans le deuil outre son \u00e9pouse madame Francine Lanteigne, ses enfants : Patrice (Johanne B\u00e9chard), Sonia (David Arrouart), leur m\u00e8re Francine Gagnon; ses petits-enfants : \u00c9tienne, Julianne, \u00c9mile et Gabrielle, F\u00e9lix et Kim ainsi que son fr\u00e8re Michel (Lise Galant), sa belle-soeur Lianne Lanteigne, ses neveux, ses ni\u00e8ces, ses autres parents et de nombreux ami(e)s.<\/p>\n<p>Vos marques de sympathie peuvent se traduire par un don \u00e0 la Fondation des maladies du coeur et de l&rsquo;AVC,\u00a0<a href=\"https:\/\/www.coeuretavc.ca\/\"><strong>https:\/\/www.coeuretavc.ca\/<\/strong><\/a>, ou \u00e0 la Soci\u00e9t\u00e9 canadienne de rechercher sur le cancer, d\u00e9di\u00e9 en pneumologie,\u00a0<a href=\"https:\/\/www.societederecherchesurlecancer.ca\/fr\/s-impliquer\/donner\/donner\"><strong>https:\/\/www.societederecherchesurlecancer.ca\/fr\/s-impliquer\/donner\/donner<\/strong><\/a>, ou \u00e0 la Soci\u00e9t\u00e9 Alzheimer de Qu\u00e9bec,\u00a0<a href=\"https:\/\/www.societealzheimerdequebec.com\/impliquez-vous\/faire-un-don\/\"><strong>https:\/\/www.societealzheimerdequebec.com\/impliquez-vous\/faire-un-don\/<\/strong><\/a>.<\/p>\n<p>La famille a confi\u00e9 les arrangements aux services professionnels de la Maison Mallet &amp; fils du 585 Boul. Laure \u00e0 Sept-\u00celes, maintenant reconnue Distinction et membre de la Corporation des Thanatologues du Qu\u00e9bec.<\/p>\n<p>Vous pouvez consulter cet avis de d\u00e9c\u00e8s sur le\u00a0: <a href=\"https:\/\/nouveau.maisonmallet.com\/back05_01\">www.maisonmallet.com<\/a><\/p>\n<p>Ceux et celles qui le d\u00e9sirent, peuvent y envoyer des messages de sympathie.<\/p>\n<p>&nbsp;<\/p>\n<hr \/>\n<p>Envoyer vos condol\u00e9ances<\/p>\n<p>[contact-form to=\u00a0\u00bbsmarceau@magnetikrh.com\u00a0\u00bb subject=\u00a0\u00bbCondol\u00e9ances Benoit Marceau\u00a0\u00bb][contact-field label=\u00a0\u00bbVotre nom\u00a0\u00bb type=\u00a0\u00bbname\u00a0\u00bb required=\u00a0\u00bb1&Prime;][contact-field label=\u00a0\u00bbVotre courriel\u00a0\u00bb type=\u00a0\u00bbemail\u00a0\u00bb required=\u00a0\u00bb1&Prime;][contact-field label=\u00a0\u00bbCondol\u00e9ances\u00a0\u00bb type=\u00a0\u00bbtextarea\u00a0\u00bb][\/contact-form]<\/p>\n","protected":false},"featured_media":31311,"template":"","event_cat":[6],"class_list":["post-31307","event","type-event","status-publish","has-post-thumbnail","hentry","event_cat-maison-mallet-et-fils-inc"],"_links":{"self":[{"href":"https:\/\/nouveau.maisonmallet.com\/back05_01\/index.php?rest_route=\/wp\/v2\/event\/31307","targetHints":{"allow":["GET"]}}],"collection":[{"href":"https:\/\/nouveau.maisonmallet.com\/back05_01\/index.php?rest_route=\/wp\/v2\/event"}],"about":[{"href":"https:\/\/nouveau.maisonmallet.com\/back05_01\/index.php?rest_route=\/wp\/v2\/types\/event"}],"wp:featuredmedia":[{"embeddable":true,"href":"https:\/\/nouveau.maisonmallet.com\/back05_01\/index.php?rest_route=\/wp\/v2\/media\/31311"}],"wp:attachment":[{"href":"https:\/\/nouveau.maisonmallet.com\/back05_01\/index.php?rest_route=%2Fwp%2Fv2%2Fmedia&parent=31307"}],"wp:term":[{"taxonomy":"event_cat","embeddable":true,"href":"https:\/\/nouveau.maisonmallet.com\/back05_01\/index.php?rest_route=%2Fwp%2Fv2%2Fevent_cat&post=31307"}],"curies":[{"name":"wp","href":"https:\/\/api.w.org\/{rel}","templated":true}]}}