{"id":31506,"date":"2022-06-08T18:00:38","date_gmt":"2022-06-08T22:00:38","guid":{"rendered":"https:\/\/nouveau.maisonmallet.com\/?post_type=event&#038;p=31506"},"modified":"2022-06-10T00:41:14","modified_gmt":"2022-06-10T04:41:14","slug":"modele-nom-prenom-69","status":"publish","type":"event","link":"https:\/\/nouveau.maisonmallet.com\/back05_01\/?event=modele-nom-prenom-69","title":{"rendered":"TREMBLAY, B\u00e9atrice (Garon)"},"content":{"rendered":"<p>1943 \u2013 2022<\/p>\n<p>TREMBLAY, B\u00e9atrice (Garon)<\/p>\n<p>&nbsp;<\/p>\n<p>\u00c0 Sept-\u00celes, le 8 juin 2022, est d\u00e9c\u00e9d\u00e9e \u00e0 l\u2019\u00e2ge de 78 ans, madame B\u00e9atrice Tremblay \u00e9pouse de monsieur Jean-Paul Garon et domicili\u00e9e \u00e0 Sept-\u00celes.<\/p>\n<p>La c\u00e9r\u00e9monie comm\u00e9morative de madame B\u00e9atrice Tremblay aura lieu le dimanche 12 juin 2022 \u00e0 15 h 15 \u00e0 la chapelle du Complexe Thanatologique Mallet &amp; fils du 585, Boul. Laure \u00e0 Sept-\u00celes.<\/p>\n<p>Selon ses volont\u00e9s, elle a \u00e9t\u00e9 confi\u00e9e au cr\u00e9matorium de la Maison Mallet &amp; fils pour cr\u00e9mation.<\/p>\n<p>La famille re\u00e7oit parents et amis le dimanche 12 juin 2022 jour de la c\u00e9r\u00e9monie de 13 h \u00e0 16 h au Complexe Thanatologique Mallet &amp; fils du 585 Boul. Laure \u00e0 Sept-\u00celes.<\/p>\n<p>Elle laisse dans le deuil outre son \u00e9poux monsieur Jean-Paul Garon, sa fille H\u00e9l\u00e8ne (Fabien L\u00e9vesque), ses petits-fils\u00a0: Maxim (Joannie Desch\u00eanes) et Tommy ainsi que ses s\u0153urs, ses beaux-fr\u00e8res, ses belles-s\u0153urs, ses neveux, ses ni\u00e8ces, ses cousins, ses cousines et de nombreux ami(e)s.<\/p>\n<p>Vos marques de sympathie peuvent se traduire par un don la Fondation des maladies du c\u0153ur et de l\u2019AVC <a href=\"http:\/\/www.coeuretavc.ca\">www.coeuretavc.ca<\/a><\/p>\n<p>La famille a confi\u00e9 les arrangements aux services professionnels de la Maison Mallet &amp; fils du 585 Boul. Laure \u00e0 Sept-\u00celes, maintenant reconnue Distinction et membre de la Corporation des Thanatologues du Qu\u00e9bec.<\/p>\n<p>Vous pouvez consulter cet avis de d\u00e9c\u00e8s sur le\u00a0: <a href=\"https:\/\/nouveau.maisonmallet.com\/back05_01\">www.maisonmallet.com<\/a><\/p>\n<p>Ceux et celles qui le d\u00e9sirent, peuvent y envoyer des messages de sympathie.<\/p>\n<p>&nbsp;<\/p>\n<hr \/>\n<p>Envoyer vos condol\u00e9ances<\/p>\n<p>[contact-form to=\u00a0\u00bbhelene.garon@outlook.com\u00a0\u00bb subject=\u00a0\u00bbCondol\u00e9ances B\u00e9atrice Tremblay\u00a0\u00bb][contact-field label=\u00a0\u00bbVotre nom\u00a0\u00bb type=\u00a0\u00bbname\u00a0\u00bb required=\u00a0\u00bb1&Prime;][contact-field label=\u00a0\u00bbVotre courriel\u00a0\u00bb type=\u00a0\u00bbemail\u00a0\u00bb required=\u00a0\u00bb1&Prime;][contact-field label=\u00a0\u00bbCondol\u00e9ances\u00a0\u00bb type=\u00a0\u00bbtextarea\u00a0\u00bb][\/contact-form]<\/p>\n","protected":false},"featured_media":31508,"template":"","event_cat":[6],"class_list":["post-31506","event","type-event","status-publish","has-post-thumbnail","hentry","event_cat-maison-mallet-et-fils-inc"],"_links":{"self":[{"href":"https:\/\/nouveau.maisonmallet.com\/back05_01\/index.php?rest_route=\/wp\/v2\/event\/31506","targetHints":{"allow":["GET"]}}],"collection":[{"href":"https:\/\/nouveau.maisonmallet.com\/back05_01\/index.php?rest_route=\/wp\/v2\/event"}],"about":[{"href":"https:\/\/nouveau.maisonmallet.com\/back05_01\/index.php?rest_route=\/wp\/v2\/types\/event"}],"wp:featuredmedia":[{"embeddable":true,"href":"https:\/\/nouveau.maisonmallet.com\/back05_01\/index.php?rest_route=\/wp\/v2\/media\/31508"}],"wp:attachment":[{"href":"https:\/\/nouveau.maisonmallet.com\/back05_01\/index.php?rest_route=%2Fwp%2Fv2%2Fmedia&parent=31506"}],"wp:term":[{"taxonomy":"event_cat","embeddable":true,"href":"https:\/\/nouveau.maisonmallet.com\/back05_01\/index.php?rest_route=%2Fwp%2Fv2%2Fevent_cat&post=31506"}],"curies":[{"name":"wp","href":"https:\/\/api.w.org\/{rel}","templated":true}]}}