{"id":31938,"date":"2022-06-20T09:33:49","date_gmt":"2022-06-20T13:33:49","guid":{"rendered":"https:\/\/nouveau.maisonmallet.com\/?post_type=event&#038;p=31938"},"modified":"2022-06-21T09:53:45","modified_gmt":"2022-06-21T13:53:45","slug":"methot-rose-alma-beaudry","status":"publish","type":"event","link":"https:\/\/nouveau.maisonmallet.com\/back05_01\/?event=methot-rose-alma-beaudry","title":{"rendered":"M\u00c9THOT, Rose Alma (Beaudry)"},"content":{"rendered":"<p>1938 \u2013 2022<\/p>\n<p>M\u00c9THOT, Rose Alma (Beaudry)<\/p>\n<p>&nbsp;<\/p>\n<p>\u00c0 Havre-Saint-Pierre, le 4 juin 2022, est d\u00e9c\u00e9d\u00e9e \u00e0 l\u2019\u00e2ge de 84 ans madame Rose Alma M\u00e9thot \u00e9pouse de feu Jean Marie Beaudry et domicili\u00e9e \u00e0 Longue-Pointe-de-Mingan.<\/p>\n<p>Les fun\u00e9railles de madame Rose Alma M\u00e9thot auront lieu le samedi 2 juillet 2022 \u00e0 16 h en l\u2019\u00e9glise Saint-Fran\u00e7ois d\u2019Assise de Longue-Pointe-de-Mingan et de l\u00e0 au cimeti\u00e8re de l\u2019endroit.<\/p>\n<p>Selon ses volont\u00e9s, elle a \u00e9t\u00e9 confi\u00e9e au cr\u00e9matorium de la Maison L.J.G. Mallet pour cr\u00e9mation.<\/p>\n<p>La famille re\u00e7oit parents et amis le 2 juillet 2022 jour des fun\u00e9railles \u00e0 compter de 15 h \u00e0 l\u2019\u00c9glise Saint-Fran\u00e7ois d\u2019Assise de Longue-Pointe-de-Mingan.<\/p>\n<p>Elle laisse dans le deuil ses filles\u00a0: Sylvie et Marie-Claude (Danyel Champagne), son fils Luc (Nadia Beaudin), ses petits-fils\u00a0: Steve (Catherine Poirier), S\u00e9bastien (Maxime Castilloux), Fr\u00e9d\u00e9rik (Jordan Beshara) et Nathan, ses petites-filles\u00a0: Gabrielle et Marion, son arri\u00e8re-petite-fille Luna ainsi que ses beaux-fr\u00e8res, ses belles-s\u0153urs, ses neveux (Mario Racicot (Pauline Racicot)), ses ni\u00e8ces et de nombreux amis.<\/p>\n<p>La famille a confi\u00e9 les arrangements aux services professionnels de la Maison L.J.G. Mallet du 1429, rue du Canot \u00e0 Havre-Saint-Pierre, maintenant reconnue Distinction et membre de la Corporation des Thanatologues du Qu\u00e9bec.<\/p>\n<p>Vous pouvez consulter cet avis de d\u00e9c\u00e8s sur le <a href=\"https:\/\/nouveau.maisonmallet.com\/back05_01\/\">www.maisonmallet.com<\/a><\/p>\n<p>Ceux et celles qui le d\u00e9sirent, peuvent y envoyer des messages de sympathie.<\/p>\n<p>&nbsp;<\/p>\n<hr \/>\n<p>Envoyer vos condol\u00e9ances<\/p>\n<p>[contact-form to=\u00a0\u00bbmarc@maisonmallet.com\u00a0\u00bb subject=\u00a0\u00bbCondol\u00e9ances Rose-Alma M\u00e9thot\u00a0\u00bb][contact-field label=\u00a0\u00bbVotre nom\u00a0\u00bb type=\u00a0\u00bbname\u00a0\u00bb required=\u00a0\u00bb1&Prime;][contact-field label=\u00a0\u00bbVotre courriel\u00a0\u00bb type=\u00a0\u00bbemail\u00a0\u00bb required=\u00a0\u00bb1&Prime;][contact-field label=\u00a0\u00bbCondol\u00e9ances\u00a0\u00bb type=\u00a0\u00bbtextarea\u00a0\u00bb][\/contact-form]<\/p>\n","protected":false},"featured_media":31944,"template":"","event_cat":[7],"class_list":["post-31938","event","type-event","status-publish","has-post-thumbnail","hentry","event_cat-maison-l-j-g-mallet-inc"],"_links":{"self":[{"href":"https:\/\/nouveau.maisonmallet.com\/back05_01\/index.php?rest_route=\/wp\/v2\/event\/31938","targetHints":{"allow":["GET"]}}],"collection":[{"href":"https:\/\/nouveau.maisonmallet.com\/back05_01\/index.php?rest_route=\/wp\/v2\/event"}],"about":[{"href":"https:\/\/nouveau.maisonmallet.com\/back05_01\/index.php?rest_route=\/wp\/v2\/types\/event"}],"wp:featuredmedia":[{"embeddable":true,"href":"https:\/\/nouveau.maisonmallet.com\/back05_01\/index.php?rest_route=\/wp\/v2\/media\/31944"}],"wp:attachment":[{"href":"https:\/\/nouveau.maisonmallet.com\/back05_01\/index.php?rest_route=%2Fwp%2Fv2%2Fmedia&parent=31938"}],"wp:term":[{"taxonomy":"event_cat","embeddable":true,"href":"https:\/\/nouveau.maisonmallet.com\/back05_01\/index.php?rest_route=%2Fwp%2Fv2%2Fevent_cat&post=31938"}],"curies":[{"name":"wp","href":"https:\/\/api.w.org\/{rel}","templated":true}]}}