{"id":32114,"date":"2022-07-01T18:01:00","date_gmt":"2022-07-01T22:01:00","guid":{"rendered":"https:\/\/nouveau.maisonmallet.com\/?post_type=event&#038;p=32114"},"modified":"2022-07-02T18:06:19","modified_gmt":"2022-07-02T22:06:19","slug":"bouchard-murielle","status":"publish","type":"event","link":"https:\/\/nouveau.maisonmallet.com\/back05_01\/?event=bouchard-murielle","title":{"rendered":"BOUCHARD, Murielle"},"content":{"rendered":"<p><span style=\"font-size: 14.0pt; mso-bidi-font-weight: bold;\">1928 &#8211; 2022<\/span><\/p>\n<p class=\"MsoNormal\" style=\"text-align: justify;\"><span style=\"font-size: 14.0pt;\">BOUCHARD, Murielle<\/span><\/p>\n<p class=\"MsoNormal\" style=\"text-align: justify;\"><span style=\"font-size: 14.0pt;\">\u00a0<\/span><\/p>\n<p class=\"MsoNormal\" style=\"text-align: justify;\"><span style=\"font-size: 14.0pt;\">\u00a0<\/span><\/p>\n<p class=\"MsoNormal\" style=\"text-align: justify;\"><span style=\"font-size: 14.0pt;\">\u00c0 Sept-\u00celes, le 22 juin 2022, est d\u00e9c\u00e9d\u00e9e \u00e0 l\u2019\u00e2ge de 94 ans, madame Murielle Bouchard fille de feu Philippe Bouchard et de feu Yvonne Richard domicili\u00e9e \u00e0 Sept-\u00celes.<\/span><\/p>\n<p class=\"MsoNormal\" style=\"text-align: justify;\"><span style=\"font-size: 14.0pt;\">Les fun\u00e9railles de madame Murielle Bouchard auront lieu le samedi 27 ao\u00fbt 2022 \u00e0 10 h 30 en l`\u00e9glise de Sainte-Luce et de l\u00e0 au cimeti\u00e8re de l\u2019endroit. <\/span><\/p>\n<p class=\"MsoNormal\" style=\"text-align: justify;\"><span style=\"font-size: 14.0pt;\">Selon ses volont\u00e9s, elle a \u00e9t\u00e9 confi\u00e9e au cr\u00e9matorium de la Maison Mallet &amp; fils pour cr\u00e9mation.<\/span><\/p>\n<p class=\"MsoNormal\" style=\"text-align: justify;\"><span style=\"font-size: 14.0pt;\">La famille re\u00e7oit parents et amis le samedi jour des fun\u00e9railles \u00e0 compter de 9 h 30 \u00e0 l`\u00e9glise de Sainte-Luce.<\/span><\/p>\n<p class=\"MsoNormal\" style=\"text-align: justify;\"><span style=\"font-size: 14.0pt;\">Elle\u00a0 laisse dans le deuil sa s\u0153ur madame R\u00e9jane Bouchard, sa belle-s\u0153ur madame Lucille H. Bouchard (feu Marius Bouchard) ainsi que les familles Bouchard, Larochelle et Levesque, ses neveux, ses ni\u00e8ces et de nombreux amis.<\/span><\/p>\n<p class=\"MsoNormal\" style=\"text-align: justify;\"><span style=\"font-size: 14.0pt; font-family: 'Cambria','serif'; mso-fareast-font-family: Cambria; mso-bidi-font-family: Cambria;\">Vos marques de sympathie peuvent se traduire par un don \u00e0 La fondation r\u00e9gionale h\u00f4pital Sept-\u00celes <a href=\"http:\/\/www.fondationsept-iles.qc.ca\/\">www.fondationsept-iles.qc.ca<\/a> <\/span><\/p>\n<p class=\"MsoNormal\" style=\"text-align: justify;\"><span style=\"font-size: 14.0pt; mso-fareast-font-family: Cambria;\">La famille a confi\u00e9 les arrangements aux services professionnels de la Maison Mallet &amp; fils du 585 Boul. Laure \u00e0 Sept-\u00celes, maintenant reconnue Distinction et membre de la Corporation des Thanatologues du Qu\u00e9bec.<\/span><\/p>\n<p class=\"MsoNormal\" style=\"text-align: justify;\"><span style=\"font-size: 14.0pt;\">Vous pouvez consulter cet avis de d\u00e9c\u00e8s, sur le <a href=\"https:\/\/nouveau.maisonmallet.com\/back05_01\/\">www.maisonmallet.com<\/a> <\/span><\/p>\n<p class=\"MsoNormal\" style=\"text-align: justify;\"><span style=\"font-size: 14.0pt;\">Ceux et celles qui le d\u00e9sirent, peuvent y envoyer des messages de sympathie.<\/span><\/p>\n<p class=\"MsoNormal\" style=\"text-align: justify;\"><span style=\"font-size: 14.0pt;\">\u00a0<\/span><\/p>\n<hr \/>\n<p>Envoyer vos condol\u00e9ances<\/p>\n<p>[contact-form to=\u00a0\u00bbrejanebouchard@hotmail.com\u00a0\u00bb subject=\u00a0\u00bbCondol\u00e9ances Murielle Bouchard\u00a0\u00bb][contact-field label=\u00a0\u00bbVotre nom\u00a0\u00bb type=\u00a0\u00bbname\u00a0\u00bb required=\u00a0\u00bb1&Prime;][contact-field label=\u00a0\u00bbVotre courriel\u00a0\u00bb type=\u00a0\u00bbemail\u00a0\u00bb required=\u00a0\u00bb1&Prime;][contact-field label=\u00a0\u00bbCondol\u00e9ances\u00a0\u00bb type=\u00a0\u00bbtextarea\u00a0\u00bb][\/contact-form]<\/p>\n","protected":false},"featured_media":32251,"template":"","event_cat":[6],"class_list":["post-32114","event","type-event","status-publish","has-post-thumbnail","hentry","event_cat-maison-mallet-et-fils-inc"],"_links":{"self":[{"href":"https:\/\/nouveau.maisonmallet.com\/back05_01\/index.php?rest_route=\/wp\/v2\/event\/32114","targetHints":{"allow":["GET"]}}],"collection":[{"href":"https:\/\/nouveau.maisonmallet.com\/back05_01\/index.php?rest_route=\/wp\/v2\/event"}],"about":[{"href":"https:\/\/nouveau.maisonmallet.com\/back05_01\/index.php?rest_route=\/wp\/v2\/types\/event"}],"wp:featuredmedia":[{"embeddable":true,"href":"https:\/\/nouveau.maisonmallet.com\/back05_01\/index.php?rest_route=\/wp\/v2\/media\/32251"}],"wp:attachment":[{"href":"https:\/\/nouveau.maisonmallet.com\/back05_01\/index.php?rest_route=%2Fwp%2Fv2%2Fmedia&parent=32114"}],"wp:term":[{"taxonomy":"event_cat","embeddable":true,"href":"https:\/\/nouveau.maisonmallet.com\/back05_01\/index.php?rest_route=%2Fwp%2Fv2%2Fevent_cat&post=32114"}],"curies":[{"name":"wp","href":"https:\/\/api.w.org\/{rel}","templated":true}]}}