{"id":3329,"date":"2019-06-12T10:44:23","date_gmt":"2019-06-12T14:44:23","guid":{"rendered":"https:\/\/nouveau.maisonmallet.com\/?post_type=event&#038;p=3329"},"modified":"2019-06-14T11:10:33","modified_gmt":"2019-06-14T15:10:33","slug":"st-laurent-madeleine19041926","status":"publish","type":"event","link":"https:\/\/nouveau.maisonmallet.com\/back05_01\/?event=st-laurent-madeleine19041926","title":{"rendered":"ST-LAURENT, Madeleine (Labrie)"},"content":{"rendered":"<p>1926 \u2013 2019<\/p>\n<p>&nbsp;<\/p>\n<p>ST-LAURENT, Madeleine (Labrie)<\/p>\n<p><span style=\"color: #000000; font-family: Times New Roman;\">\u00c0 Sept-\u00celes, le 12 juin 2019, est d\u00e9c\u00e9d\u00e9e \u00e0 l\u2019\u00e2ge de 93 ans, madame Madeleine St-Laurent \u00e9pouse de feu Benoit Labrie et domicili\u00e9e \u00e0 Sept-\u00celes.<\/span><\/p>\n<p>Les fun\u00e9railles de madame Madeleine St-Laurent Labrie auront lieu le samedi 15 juin 2019 \u00e0 11 h en l\u2019\u00e9glise St-Joseph situ\u00e9e au 535, ave. Brochu \u00e0 Sept-\u00celes et de l\u00e0 au cr\u00e9matorium de la Maison Mallet &amp; fils pour cr\u00e9mation.<\/p>\n<p>La famille re\u00e7oit parents et amis le vendredi 14 juin 2019 de 13 h \u00e0 16 h et de 19 h \u00e0 22 h. Le samedi 15 juin 2019 jour des fun\u00e9railles \u00e0 compter de 9 h 30 au Complexe Thanatologique Mallet &amp; fils du 585, boul. Laure \u00e0 Sept-\u00celes.<\/p>\n<p>Elle laisse dans le deuil son fils Alain, sa petite-fille Carolann (son conjoint), son arri\u00e8re-petit-fils, ainsi que ses fr\u00e8res\u00a0: Napol\u00e9on, Jean-Louis (No\u00eblla Blanchette) et Raymond (Ginette Couillard), ses s\u0153urs\u00a0: Ad\u00e9lia, Gis\u00e8le (Jacques Carrier), Huguette et Louiselle (Hermel St-Amand), ses beaux-fr\u00e8res, ses belles-s\u0153urs, ses neveux, ses ni\u00e8ces, ses cousins, ses cousines, et de nombreux ami(e)s.<\/p>\n<p>Vos marques de sympathie peuvent se traduire par un don \u00e0 La fondation r\u00e9gionale h\u00f4pital Sept-\u00celes <a href=\"http:\/\/www.fondationsept-iles.qc.ca\/\">www.fondationsept-iles.qc.ca<\/a><\/p>\n<p>La famille a confi\u00e9 la direction des fun\u00e9railles aux services professionnels de la Maison Mallet &amp; fils du 585 boul. Laure \u00e0 Sept-\u00celes, maintenant reconnue Distinction et membre de la Corporation des Thanatologues du Qu\u00e9bec.<\/p>\n<p>Vous pouvez consulter cet avis de d\u00e9c\u00e8s sur le <a href=\"https:\/\/nouveau.maisonmallet.com\/back05_01\/\">www.maisonmallet.com<\/a><\/p>\n<p>Ceux et celles qui le d\u00e9sirent, peuvent y envoyer des messages de sympathie.<\/p>\n<p>&nbsp;<\/p>\n<p>&nbsp;<\/p>\n<hr \/>\n<p>Envoyer vos condol\u00e9ances<\/p>\n<p>[contact-form to=\u00a0\u00bbmarc@maisonmallet.com\u00a0\u00bb subject=\u00a0\u00bbCondol\u00e9ances Madeleine St-Laurent\u00a0\u00bb][contact-field label=\u00a0\u00bbVotre nom\u00a0\u00bb type=\u00a0\u00bbname\u00a0\u00bb required=\u00a0\u00bb1&Prime;][contact-field label=\u00a0\u00bbVotre courriel\u00a0\u00bb type=\u00a0\u00bbemail\u00a0\u00bb required=\u00a0\u00bb1&Prime;][contact-field label=\u00a0\u00bbCondol\u00e9ances\u00a0\u00bb type=\u00a0\u00bbtextarea\u00a0\u00bb][\/contact-form]<\/p>\n","protected":false},"featured_media":3330,"template":"","event_cat":[6],"class_list":["post-3329","event","type-event","status-publish","has-post-thumbnail","hentry","event_cat-maison-mallet-et-fils-inc"],"_links":{"self":[{"href":"https:\/\/nouveau.maisonmallet.com\/back05_01\/index.php?rest_route=\/wp\/v2\/event\/3329","targetHints":{"allow":["GET"]}}],"collection":[{"href":"https:\/\/nouveau.maisonmallet.com\/back05_01\/index.php?rest_route=\/wp\/v2\/event"}],"about":[{"href":"https:\/\/nouveau.maisonmallet.com\/back05_01\/index.php?rest_route=\/wp\/v2\/types\/event"}],"wp:featuredmedia":[{"embeddable":true,"href":"https:\/\/nouveau.maisonmallet.com\/back05_01\/index.php?rest_route=\/wp\/v2\/media\/3330"}],"wp:attachment":[{"href":"https:\/\/nouveau.maisonmallet.com\/back05_01\/index.php?rest_route=%2Fwp%2Fv2%2Fmedia&parent=3329"}],"wp:term":[{"taxonomy":"event_cat","embeddable":true,"href":"https:\/\/nouveau.maisonmallet.com\/back05_01\/index.php?rest_route=%2Fwp%2Fv2%2Fevent_cat&post=3329"}],"curies":[{"name":"wp","href":"https:\/\/api.w.org\/{rel}","templated":true}]}}